{"id":9159,"date":"2019-03-22T16:37:17","date_gmt":"2019-03-22T15:37:17","guid":{"rendered":"\/?page_id=9159"},"modified":"2025-11-07T10:26:12","modified_gmt":"2025-11-07T09:26:12","slug":"diseno-en-fabricacion-mecanica","status":"publish","type":"page","link":"https:\/\/armeriaeskola.eus\/es\/estudios\/grado-superior\/diseno-en-fabricacion-mecanica\/","title":{"rendered":"Dise\u00f1o en Fabricaci\u00f3n Mec\u00e1nica"},"content":{"rendered":"<div class=\"wpb-content-wrapper\"><p>[vc_row gap=\u00bb35&#8243;][vc_column width=\u00bb2\/3&#8243;]<div class=\"thim-widget-video template-video\">\n\t<div class=\"thim-video-popup image-layout\">\n\t\t<img decoding=\"async\" src=\"https:\/\/armeriaeskola.eus\/wp-content\/uploads\/DFM_gaz-scaled.jpg\" alt=\"\">\n\t\t<div class=\"video-info\">\n\t\t\t<a class=\"button-popup\" href=\"#popup-id8020\"><i class=\"edu-play\"><\/i><\/a>\n\t\t<\/div>\n\t\t<div class=\"video-content mfp-hide\" id=\"popup-id8020\">\n\t\t\t<div class=\"video\"><iframe loading=\"lazy\" id=\"thim-video\" width=\"100%\" height=\"500px\" src=\"https:\/\/www.youtube.com\/embed\/lk_9UDs_ooI\" allowfullscreen style=\"border: 0;\"><\/iframe><\/div>\t\t<\/div>\n\t<\/div>\n\t<\/div>[vc_empty_space][vc_row_inner][vc_column_inner el_class=\u00bbcajatablet\u00bb width=\u00bb1\/2&#8243; css=\u00bb.vc_custom_1588144355540{margin-top: 0px !important;padding-top: 0px !important;}\u00bb][vc_custom_heading text=\u00bbLos T\u00e9cnicos Superiores en Dise\u00f1o en Fabricaci\u00f3n Mec\u00e1nica se preparan en el \u00e1rea de dise\u00f1o de productos de fabricaci\u00f3n mec\u00e1nica.\u00bb font_container=\u00bbtag:h2|font_size:30|text_align:left|color:%23a12e33|line_height:1.2em\u00bb google_fonts=\u00bbfont_family:Lato%3A100%2C100italic%2C300%2C300italic%2Cregular%2Citalic%2C700%2C700italic%2C900%2C900italic|font_style:400%20regular%3A400%3Anormal\u00bb css=\u00bb.vc_custom_1588144362406{margin-top: 0px !important;padding-top: 0px !important;}\u00bb][\/vc_column_inner][vc_column_inner el_class=\u00bbcajatablet\u00bb width=\u00bb1\/2&#8243; css=\u00bb.vc_custom_1588144369807{margin-top: 0px !important;padding-top: 0px !important;}\u00bb][vc_column_text css=\u00bb.vc_custom_1588144376357{margin-top: 0px !important;padding-top: 0px !important;}\u00bb]El ciclo formativo de grado superior de Dise\u00f1o en Fabricaci\u00f3n Mec\u00e1nica tiene como objetivo la cualificaci\u00f3n de t\u00e9cnicos de alto nivel en el \u00e1rea de dise\u00f1o industrial. Estos titulados \u00a0se encargan de dise\u00f1ar los productos y utillajes que posteriormente ser\u00e1n utilizados en la fabricaci\u00f3n mec\u00e1nica, trabajando en las oficinas t\u00e9cnicas y de proyectos de la empresa.[\/vc_column_text][\/vc_column_inner][\/vc_row_inner][\/vc_column][vc_column width=\u00bb1\/3&#8243;][vc_single_image image=\u00bb11832&#8243; img_size=\u00bbfull\u00bb alignment=\u00bbcenter\u00bb css=\u00bb.vc_custom_1588148022850{margin-top: 0px !important;margin-bottom: 0px !important;border-bottom-width: 0px !important;padding-top: 0px !important;}\u00bb][vc_row_inner css=\u00bb.vc_custom_1525251614138{margin-top: 0px !important;margin-right: 0px !important;margin-bottom: 0px !important;margin-left: 0px !important;padding-top: 0px !important;padding-bottom: 0px !important;}\u00bb][vc_column_inner css=\u00bb.vc_custom_1553513960991{margin-right: 0px !important;margin-left: 0px !important;padding-top: 18px !important;padding-bottom: 18px !important;background-color: #58834e !important;}\u00bb][vc_message message_box_style=\u00bbsolid\u00bb style=\u00bbsquare\u00bb message_box_color=\u00bbwhite\u00bb icon_fontawesome=\u00bbfas fa-cog\u00bb]<strong>Especialidad: <\/strong><span style=\"font-weight: 400;\">Fabricaci\u00f3n Mec\u00e1nica<\/span>[\/vc_message][vc_message message_box_style=\u00bbsolid\u00bb style=\u00bbsquare\u00bb message_box_color=\u00bbwhite\u00bb icon_fontawesome=\u00bbfas fa-pencil-alt\u00bb]<strong>Tipo de curso:\u00a0<\/strong>Grado Superior[\/vc_message][vc_message message_box_style=\u00bbsolid\u00bb style=\u00bbsquare\u00bb message_box_color=\u00bbwhite\u00bb icon_fontawesome=\u00bbfa fa-hourglass-end\u00bb]<strong>Duraci\u00f3n:\u00a0<\/strong>2000 horas (2 cursos)[\/vc_message][vc_message message_box_style=\u00bbsolid\u00bb style=\u00bbsquare\u00bb message_box_color=\u00bbwhite\u00bb icon_fontawesome=\u00bbfas fa-globe-africa\u00bb]<strong>Idioma: <\/strong>Modelo D y A[\/vc_message][\/vc_column_inner][\/vc_row_inner][vc_single_image image=\u00bb11829&#8243; img_size=\u00bbfull\u00bb alignment=\u00bbcenter\u00bb css=\u00bb.vc_custom_1588148038485{margin-top: 0px !important;margin-bottom: 20px !important;border-bottom-width: 0px !important;padding-top: 0px !important;}\u00bb][vc_single_image image=\u00bb11739&#8243; img_size=\u00bbfull\u00bb alignment=\u00bbcenter\u00bb css=\u00bb.vc_custom_1588148051001{margin-top: 0px !important;margin-bottom: 0px !important;padding-top: 0px !important;padding-bottom: 0px !important;}\u00bb][vc_row_inner css=\u00bb.vc_custom_1525251940603{margin-top: 0px !important;margin-right: 0px !important;margin-bottom: 0px !important;margin-left: 0px !important;padding-top: 0px !important;padding-bottom: 0px !important;}\u00bb][vc_column_inner css=\u00bb.vc_custom_1528795007218{margin-top: 0px !important;margin-right: 0px !important;margin-bottom: 0px !important;margin-left: 0px !important;padding-top: 18px !important;padding-bottom: 18px !important;background-color: #a12e33 !important;}\u00bb][vc_message message_box_style=\u00bbsolid\u00bb style=\u00bbsquare\u00bb message_box_color=\u00bbwhite\u00bb icon_fontawesome=\u00bbfas fa-medal\u00bb]Alta inserci\u00f3n laboral[\/vc_message][vc_message message_box_style=\u00bbsolid\u00bb style=\u00bbsquare\u00bb message_box_color=\u00bbwhite\u00bb icon_fontawesome=\u00bbfa fa-briefcase\u00bb]Bolsa de trabajo[\/vc_message][vc_message message_box_style=\u00bbsolid\u00bb style=\u00bbsquare\u00bb message_box_color=\u00bbwhite\u00bb icon_fontawesome=\u00bbfas fa-tools\u00bb]Metodolog\u00eda innovadoras[\/vc_message][vc_message message_box_style=\u00bbsolid\u00bb style=\u00bbsquare\u00bb message_box_color=\u00bbwhite\u00bb icon_fontawesome=\u00bbfa fa-globe\u00bb]Becas de internacionalizaci\u00f3n[\/vc_message][vc_message message_box_style=\u00bbsolid\u00bb style=\u00bbsquare\u00bb message_box_color=\u00bbwhite\u00bb icon_fontawesome=\u00bbfa fa-graduation-cap\u00bb]Formaci\u00f3n Dual en Alternancia[\/vc_message][vc_empty_space height=\u00bb20px\u00bb]<div class=\"vc-extral_class centrado\"><div class=\"thim-widget-button template-base\"><a class=\"widget-button  normal custom_style position-after\" href=\"https:\/\/armeriaeskola.eus\/wp-content\/uploads\/DFM_GAZ-1.pdf\" style=\"--widget-button-font-size: 14px;--widget-button-border-width: 1;--widget-button-color: #ffffff;--widget-button-border-color: #ffffff;--widget-button-background-color: #5d242a;--widget-button-color-hover: #ffffff;--widget-button-border-color-hover: #000000;--widget-button-background-color-hover: #000000;\">DESCARGAR FOLLETO<i class=\"far fa-arrow-alt-circle-down\" style=\"font-size: 14px;\"><\/i> <\/a><\/div><\/div>[\/vc_column_inner][\/vc_row_inner][vc_single_image image=\u00bb11736&#8243; img_size=\u00bbfull\u00bb alignment=\u00bbcenter\u00bb css=\u00bb.vc_custom_1588148062524{margin-top: 0px !important;margin-bottom: 0px !important;border-bottom-width: 0px !important;padding-top: 0px !important;}\u00bb][\/vc_column][\/vc_row][vc_row full_width=\u00bbstretch_row\u00bb content_placement=\u00bbmiddle\u00bb css=\u00bb.vc_custom_1588148179705{margin-top: 0px !important;margin-bottom: 0px !important;padding-top: 50px !important;padding-bottom: 30px !important;background: #e6e6e4 url(\/wp-content\/uploads\/2020\/02\/armeria-fondo-equipos-y-tecnolog\u00edas.png?id=10060) !important;background-position: 0 0 !important;background-repeat: no-repeat !important;}\u00bb][vc_column width=\u00bb1\/3&#8243; css=\u00bb.vc_custom_1588148204773{margin-top: 0px !important;padding-top: 0px !important;padding-bottom: 0px !important;}\u00bb el_class=\u00bbcajatablet2&#8243;][vc_row_inner css=\u00bb.vc_custom_1588148197722{margin-top: 0px !important;padding-top: -35px !important;padding-bottom: 0px !important;border-radius: 10px !important;}\u00bb][vc_column_inner css=\u00bb.vc_custom_1588148192935{margin-top: 0px !important;margin-bottom: 0px !important;border-top-width: 2px !important;border-right-width: 2px !important;border-bottom-width: 2px !important;border-left-width: 2px !important;padding-top: 20px !important;padding-right: 10px !important;padding-bottom: 20px !important;padding-left: 10px !important;border-left-color: #a52029 !important;border-left-style: solid !important;border-right-color: #a52029 !important;border-right-style: solid !important;border-top-color: #a52029 !important;border-top-style: solid !important;border-bottom-color: #a52029 !important;border-bottom-style: solid !important;}\u00bb][vc_custom_heading text=\u00bbEstos son, entre otros, los equipos y las tecnolog\u00edas con las que trabajar\u00e1s durante el curso\u00bb font_container=\u00bbtag:h2|font_size:24px|text_align:left|color:%23a12e33|line_height:30px\u00bb google_fonts=\u00bbfont_family:Roboto%3A100%2C100italic%2C300%2C300italic%2Cregular%2Citalic%2C500%2C500italic%2C700%2C700italic%2C900%2C900italic|font_style:700%20bold%20regular%3A700%3Anormal\u00bb css=\u00bb.vc_custom_1588149144701{padding-right: 40px !important;padding-left: 40px !important;}\u00bb][\/vc_column_inner][\/vc_row_inner][\/vc_column][vc_column width=\u00bb3\/4&#8243; offset=\u00bbvc_col-lg-offset-1 vc_col-lg-7 vc_col-md-offset-0 vc_col-md-9&#8243; el_class=\u00bbcajatablet2&#8243; css=\u00bb.vc_custom_1588148167625{margin-top: 0px !important;padding-top: 0px !important;}\u00bb][vc_row_inner css=\u00bb.vc_custom_1588148157722{margin-top: 0px !important;padding-top: 0px !important;}\u00bb][vc_column_inner el_class=\u00bbcajatablet\u00bb width=\u00bb1\/2&#8243; css=\u00bb.vc_custom_1588148144741{margin-top: 0px !important;padding-top: 0px !important;}\u00bb][info_list_father][info_list_son style=\u00bbicon\u00bb size=\u00bb\u00bb width=\u00bb\u00bb height=\u00bb\u00bb radius=\u00bb0&#8243; titlesize=\u00bb\u00bb titleclr=\u00bb#666666&#8243; connector_h=\u00bb0&#8243; listwidth=\u00bb0&#8243; descclr=\u00bb#666666&#8243; icon=\u00bbfa fa-arrow-right\u00bb iconclr=\u00bb#a12e33&#8243; desc=\u00bbPantallas t\u00e1ctiles <strong>(HMI):<\/strong> programaci\u00f3n de pantallas t\u00e1ctiles <strong>SIEMENS<\/strong>y <strong>OMRON<\/strong>.\u00bb iconbg=\u00bbrgba(0,0,0,0.01)\u00bb]An\u00e1lisis y simulaci\u00f3n para moldes de inyecci\u00f3n de pl\u00e1stico <strong>Moldflow Adviser 2019.<\/strong>[\/info_list_son][info_list_son style=\u00bbicon\u00bb size=\u00bb\u00bb width=\u00bb\u00bb height=\u00bb\u00bb radius=\u00bb0&#8243; titlesize=\u00bb\u00bb titleclr=\u00bb#666666&#8243; connector_h=\u00bb0&#8243; listwidth=\u00bb0&#8243; descclr=\u00bb#666666&#8243; icon=\u00bbfa fa-arrow-right\u00bb iconclr=\u00bb#a12e33&#8243; desc=\u00bbEsquemas el\u00e9ctricos, neum\u00e1ticos e hidr\u00e1ulicos: Software <strong>Eplan.<\/strong>\u00bb iconbg=\u00bbrgba(0,0,0,0.01)\u00bb]Programas de dibujo: <strong>AutoCAD 2019<\/strong>, <strong>NX 12, Solid Edge ST9 y SolidWorks 2019.<\/strong>[\/info_list_son][info_list_son style=\u00bbicon\u00bb size=\u00bb\u00bb width=\u00bb\u00bb height=\u00bb\u00bb radius=\u00bb0&#8243; titlesize=\u00bb\u00bb titleclr=\u00bb#666666&#8243; connector_h=\u00bb0&#8243; listwidth=\u00bb0&#8243; descclr=\u00bb#666666&#8243; icon=\u00bbfa fa-arrow-right\u00bb iconclr=\u00bb#a12e33&#8243; desc=\u00bbAut\u00f3matas programables <strong>SIEMENS y OMRON:<\/strong> Montaje, programaci\u00f3n..\u00bb iconbg=\u00bbrgba(0,0,0,0.01)\u00bb]Esquemas el\u00e9ctricos, neum\u00e1ticos e hidr\u00e1ulicos: Software\u00a0<strong>Automation Studio.<\/strong>[\/info_list_son][info_list_son style=\u00bbicon\u00bb size=\u00bb\u00bb width=\u00bb\u00bb height=\u00bb\u00bb radius=\u00bb0&#8243; titlesize=\u00bb\u00bb titleclr=\u00bb#666666&#8243; connector_h=\u00bb0&#8243; listwidth=\u00bb0&#8243; descclr=\u00bb#666666&#8243; icon=\u00bbfa fa-arrow-right\u00bb iconclr=\u00bb#a12e33&#8243; desc=\u00bbVisi\u00f3n Artificial:Programaci\u00f3n de c\u00e1maras <strong>COGNEX<\/strong>.\u00bb iconbg=\u00bbrgba(0,0,0,0.01)\u00bb]Aut\u00f3matas programables\u00a0<strong>SIEMENS:<\/strong>\u00a0Montaje, programaci\u00f3n\u2026[\/info_list_son][info_list_son style=\u00bbicon\u00bb size=\u00bb\u00bb width=\u00bb\u00bb height=\u00bb\u00bb radius=\u00bb0&#8243; titlesize=\u00bb\u00bb titleclr=\u00bb#666666&#8243; connector_h=\u00bb0&#8243; listwidth=\u00bb0&#8243; descclr=\u00bb#666666&#8243; icon=\u00bbfa fa-arrow-right\u00bb iconclr=\u00bb#a12e33&#8243; desc=\u00bbControl de ejes: Control de posicionamiento y velocidad de ejes el\u00e9ctricos.\u00bb iconbg=\u00bbrgba(0,0,0,0.01)\u00bb]An\u00e1lisis y simulaci\u00f3n para moldes de fundici\u00f3n <strong>Quikcast<\/strong>.[\/info_list_son][info_list_son style=\u00bbicon\u00bb size=\u00bb\u00bb width=\u00bb\u00bb height=\u00bb\u00bb radius=\u00bb0&#8243; titlesize=\u00bb\u00bb titleclr=\u00bb#666666&#8243; connector_h=\u00bb0&#8243; listwidth=\u00bb0&#8243; descclr=\u00bb#666666&#8243; icon=\u00bbfa fa-arrow-right\u00bb iconclr=\u00bb#a12e33&#8243; desc=\u00bb<strong>Control PID<\/strong>: Utilizaci\u00f3n de controladores para regulaci\u00f3n.\u00bb iconbg=\u00bbrgba(0,0,0,0.01)\u00bb]Fabricaci\u00f3n aditiva en impresoras 3D: <strong>Simplify, Cura y Repetier<\/strong>.[\/info_list_son][\/info_list_father][\/vc_column_inner][vc_column_inner el_class=\u00bbcajatablet\u00bb width=\u00bb1\/2&#8243; css=\u00bb.vc_custom_1588148150519{margin-top: 0px !important;padding-top: 0px !important;}\u00bb][info_list_father][info_list_son style=\u00bbicon\u00bb size=\u00bb\u00bb width=\u00bb\u00bb height=\u00bb\u00bb radius=\u00bb0&#8243; titlesize=\u00bb\u00bb titleclr=\u00bb#666666&#8243; connector_h=\u00bb0&#8243; listwidth=\u00bb0&#8243; descclr=\u00bb#666666&#8243; icon=\u00bbfa fa-arrow-right\u00bb iconclr=\u00bb#a12e33&#8243; desc=\u00bbComunicaciones Industriales: Sistemas <strong>ETHERNET, PROFINET<\/strong>\u2026\u00bb iconbg=\u00bbrgba(0,0,0,0.01)\u00bb]Pr\u00e1cticas en el taller mediante diferentes tecnolog\u00edas:<\/p>\n<ul>\n<li><strong>Arranque de viruta:<\/strong> Convencional (torno, fresa&#8230;), CNC (torno, centros de mecanizado&#8230;)<\/li>\n<li><strong>Mecanizados especiales:<\/strong> electroerosi\u00f3n (hilo y penetraci\u00f3n), abrasi\u00f3n (rectificadoras tangenciales, cil\u00edndricas&#8230;)<\/li>\n<li><strong>Corte y conformado de chapa:<\/strong> Cizalla, punzonado&#8230;<\/li>\n<li><strong>Soldadura:<\/strong> Sol. el\u00e9ctrica, MIG MAG, TIG.<\/li>\n<\/ul>\n<p>[\/info_list_son][info_list_son style=\u00bbicon\u00bb size=\u00bb\u00bb width=\u00bb\u00bb height=\u00bb\u00bb radius=\u00bb0&#8243; titlesize=\u00bb\u00bb titleclr=\u00bb#666666&#8243; connector_h=\u00bb0&#8243; listwidth=\u00bb0&#8243; descclr=\u00bb#666666&#8243; icon=\u00bbfa fa-arrow-right\u00bb iconclr=\u00bb#a12e33&#8243; desc=\u00bbRobot colaborativo <strong>UR3<\/strong>, Robot <strong>Mitsubishi<\/strong>, <strong>ABB:<\/strong> programaci\u00f3n de robots\u00bb iconbg=\u00bbrgba(0,0,0,0.01)\u00bb]Planificaci\u00f3n completa de proyectos: <strong>GanttProject<\/strong>.[\/info_list_son][\/info_list_father][\/vc_column_inner][\/vc_row_inner][\/vc_column][\/vc_row][vc_row css=\u00bb.vc_custom_1525259206630{margin-top: 0px !important;margin-bottom: 0px !important;}\u00bb][vc_column][vc_empty_space height=\u00bb20px\u00bb][vc_tta_tabs style=\u00bbmodern\u00bb alignment=\u00bbcenter\u00bb active_section=\u00bb1&#8243; el_class=\u00bbtabsgrados\u00bb][vc_tta_section i_icon_fontawesome=\u00bbfa fa-magnet\u00bb add_icon=\u00bbtrue\u00bb title=\u00bbCompetencia General\u00bb tab_id=\u00bb1525193634184-2bd0cdf3-8219b898-572c\u00bb][vc_row_inner gap=\u00bb30&#8243;][vc_column_inner el_class=\u00bbcajatablet\u00bb width=\u00bb1\/2&#8243; css=\u00bb.vc_custom_1588148234235{margin-top: 0px !important;padding-top: 0px !important;}\u00bb][vc_column_text css=\u00bb.vc_custom_1588148227464{margin-top: 0px !important;padding-top: 0px !important;}\u00bb]<\/p>\n<p style=\"font-size: 18px; color: #781e1d; font-weight: bold;\">En este ciclo aprender\u00e1s a dise\u00f1ar productos de fabricaci\u00f3n mec\u00e1nica, \u00fatiles de procesado de chapa, moldes y modelos para pol\u00edmeros, fundici\u00f3n, forja, estampaci\u00f3n o pulvimetalurgia, asegurando la calidad, seguridad del operario y la protecci\u00f3n del medio ambiente.<\/p>\n<p>[\/vc_column_text][vc_column_text]Los T\u00e9cnicos Superiores en Dise\u00f1o en Fabricaci\u00f3n Mec\u00e1nica suelen trabajar en las oficinas t\u00e9cnicas y de proyectos de empresas de industrias transformadoras de metales.[\/vc_column_text][\/vc_column_inner][vc_column_inner el_class=\u00bbcajatablet\u00bb width=\u00bb1\/2&#8243; css=\u00bb.vc_custom_1588148241642{margin-top: 0px !important;padding-top: 0px !important;}\u00bb][vc_custom_heading text=\u00bbSalidas profesionales\u00bb font_container=\u00bbtag:h2|font_size:30|text_align:left|color:%23a12e33|line_height:0.9em\u00bb google_fonts=\u00bbfont_family:Lato%3A100%2C100italic%2C300%2C300italic%2Cregular%2Citalic%2C700%2C700italic%2C900%2C900italic|font_style:400%20regular%3A400%3Anormal\u00bb css=\u00bb.vc_custom_1588148260227{margin-top: 0px !important;padding-top: 0px !important;padding-bottom: 15px !important;}\u00bb][info_list_father][info_list_son style=\u00bbicon\u00bb size=\u00bb\u00bb width=\u00bb\u00bb height=\u00bb\u00bb borderwidth=\u00bb\u00bb radius=\u00bb0px\u00bb titlesize=\u00bb\u00bb titleclr=\u00bb#666666&#8243; descsize=\u00bb14px\u00bb descclr=\u00bb#666666&#8243; icon=\u00bbfa fa-arrow-right\u00bb iconclr=\u00bb#a12e33&#8243; iconbg=\u00bbrgba(0,0,0,0.01)\u00bb borderclr=\u00bbrgba(0,0,0,0.01)\u00bb desc=\u00bbJefe del montaje\/mantenimiento de sistemas de automatizaci\u00f3n.\u00bb]Delineante proyectista.[\/info_list_son][info_list_son style=\u00bbicon\u00bb size=\u00bb\u00bb width=\u00bb\u00bb height=\u00bb\u00bb borderwidth=\u00bb\u00bb radius=\u00bb0px\u00bb titleclr=\u00bb#000000&#8243; descsize=\u00bb14px\u00bb descclr=\u00bb#666666&#8243; icon=\u00bbfa fa-arrow-right\u00bb iconclr=\u00bb#a12e33&#8243; desc=\u00bbJefe de equipo en taller electromec\u00e1nico.\u00bb iconbg=\u00bbrgba(0,0,0,0.01)\u00bb borderclr=\u00bbrgba(0,0,0,0.01)\u00bb]T\u00e9cnica o T\u00e9cnico en CAD.[\/info_list_son][info_list_son style=\u00bbicon\u00bb size=\u00bb\u00bb width=\u00bb\u00bb height=\u00bb\u00bb borderwidth=\u00bb\u00bb radius=\u00bb0px\u00bb titleclr=\u00bb#000000&#8243; descsize=\u00bb14px\u00bb descclr=\u00bb#666666&#8243; icon=\u00bbfa fa-arrow-right\u00bb iconclr=\u00bb#a12e33&#8243; desc=\u00bbT\u00e9cnico de puesta en marcha y mantenimiento de sistemas de automatizaci\u00f3n.\u00bb iconbg=\u00bbrgba(0,0,0,0.01)\u00bb borderclr=\u00bbrgba(0,0,0,0.01)\u00bb]T\u00e9cnica o T\u00e9cnico en desarrollo de productos.[\/info_list_son][info_list_son style=\u00bbicon\u00bb size=\u00bb\u00bb width=\u00bb\u00bb height=\u00bb\u00bb borderwidth=\u00bb\u00bb radius=\u00bb0px\u00bb titleclr=\u00bb#000000&#8243; descsize=\u00bb14px\u00bb descclr=\u00bb#666666&#8243; icon=\u00bbfa fa-arrow-right\u00bb iconclr=\u00bb#a12e33&#8243; desc=\u00bbT\u00e9cnico en dise\u00f1o de sistemas de control el\u00e9ctrico.\u00bb iconbg=\u00bbrgba(0,0,0,0.01)\u00bb borderclr=\u00bbrgba(0,0,0,0.01)\u00bb]T\u00e9cnica o T\u00e9cnico en desarrollo de matrices.[\/info_list_son][info_list_son style=\u00bbicon\u00bb size=\u00bb\u00bb width=\u00bb\u00bb height=\u00bb\u00bb borderwidth=\u00bb\u00bb radius=\u00bb0px\u00bb titleclr=\u00bb#000000&#8243; descsize=\u00bb14px\u00bb descclr=\u00bb#666666&#8243; icon=\u00bbfa fa-arrow-right\u00bb iconclr=\u00bb#a12e33&#8243; desc=\u00bbProyectista de sistemas de automatizaci\u00f3n.\u00bb iconbg=\u00bbrgba(0,0,0,0.01)\u00bb borderclr=\u00bbrgba(0,0,0,0.01)\u00bb]T\u00e9cnica o T\u00e9cnico en desarrollo de utillajes.[\/info_list_son][info_list_son style=\u00bbicon\u00bb size=\u00bb\u00bb width=\u00bb\u00bb height=\u00bb\u00bb borderwidth=\u00bb\u00bb radius=\u00bb0px\u00bb titleclr=\u00bb#000000&#8243; descsize=\u00bb14px\u00bb descclr=\u00bb#666666&#8243; icon=\u00bbfa fa-arrow-right\u00bb iconclr=\u00bb#a12e33&#8243; desc=\u00bbProyectista de redes de comunicaci\u00f3n.\u00bb iconbg=\u00bbrgba(0,0,0,0.01)\u00bb borderclr=\u00bbrgba(0,0,0,0.01)\u00bb]T\u00e9cnica o T\u00e9cnico en desarrollo de moldes.[\/info_list_son][info_list_son style=\u00bbicon\u00bb size=\u00bb\u00bb width=\u00bb\u00bb height=\u00bb\u00bb borderwidth=\u00bb\u00bb radius=\u00bb0px\u00bb titleclr=\u00bb#000000&#8243; descsize=\u00bb14px\u00bb descclr=\u00bb#666666&#8243; icon=\u00bbfa fa-arrow-right\u00bb iconclr=\u00bb#a12e33&#8243; desc=\u00bbProgramador\/controlador de aut\u00f3matas y robots industriales.\u00bb iconbg=\u00bbrgba(0,0,0,0.01)\u00bb borderclr=\u00bbrgba(0,0,0,0.01)\u00bb]T\u00e9cnica o T\u00e9cnico de desarrollo de productos y moldes.[\/info_list_son][info_list_son style=\u00bbicon\u00bb size=\u00bb\u00bb width=\u00bb\u00bb height=\u00bb\u00bb borderwidth=\u00bb\u00bb radius=\u00bb0px\u00bb titleclr=\u00bb#000000&#8243; descsize=\u00bb14px\u00bb descclr=\u00bb#666666&#8243; icon=\u00bbfa fa-arrow-right\u00bb iconclr=\u00bb#a12e33&#8243; desc=\u00bbDise\u00f1ador de circuitos y sistemas integrados.\u00bb iconbg=\u00bbrgba(0,0,0,0.01)\u00bb borderclr=\u00bbrgba(0,0,0,0.01)\u00bb]Dise\u00f1ador de circuitos y sistemas integrados.[\/info_list_son][\/info_list_father][\/vc_column_inner][\/vc_row_inner][\/vc_tta_section][vc_tta_section i_icon_fontawesome=\u00bbfa fa-linode\u00bb add_icon=\u00bbtrue\u00bb title=\u00bbPlan de Formaci\u00f3n\u00bb tab_id=\u00bb1525193635719-a4d604df-faf7b898-572c\u00bb el_class=\u00bb.tabsgrados\u00bb][vc_column_text]El curriculum de este ciclo se estructura de la siguiente forma:[\/vc_column_text][vc_column_text css=\u00bb\u00bb]<\/p>\n<table class=\"table table-hover\">\n<thead>\n<tr>\n<th>M\u00f3dulo<\/th>\n<th>Curso<\/th>\n<th>Duraci\u00f3n<\/th>\n<\/tr>\n<\/thead>\n<tbody>\n<tr>\n<td>Representaci\u00f3n gr\u00e1fica en fabricaci\u00f3n mec\u00e1nica<\/td>\n<td>1er curso<\/td>\n<td>198 horas<\/td>\n<\/tr>\n<tr>\n<td>Dise\u00f1o de productos mec\u00e1nicos<\/td>\n<td>1er curso<\/td>\n<td>297 horas<\/td>\n<\/tr>\n<tr>\n<td>T\u00e9cnicas de fabricaci\u00f3n mec\u00e1nica<\/td>\n<td>1er curso<\/td>\n<td>198 horas<\/td>\n<\/tr>\n<tr>\n<td>Ingl\u00e9s profesional<\/td>\n<td>1er curso<\/td>\n<td>60 horas<\/td>\n<\/tr>\n<tr>\n<td>Itinerario personal para la empleabilidad I<\/td>\n<td>1er curso<\/td>\n<td>120 horas<\/td>\n<\/tr>\n<tr>\n<td>Sostenibilidad aplicada al sistema productivo<\/td>\n<td>1er curso<\/td>\n<td>30 horas<\/td>\n<\/tr>\n<tr>\n<td>Digitalizaci\u00f3n aplicada a los sectores productivos<\/td>\n<td>1er curso<\/td>\n<td>30 horas<\/td>\n<\/tr>\n<tr>\n<td>Automatizaci\u00f3n de la fabricaci\u00f3n<\/td>\n<td>2\u00ba curso<\/td>\n<td>240 horas<\/td>\n<\/tr>\n<tr>\n<td>Dise\u00f1o de moldes y modelos de fundici\u00f3n<\/td>\n<td>2\u00ba curso<\/td>\n<td>120 horas<\/td>\n<\/tr>\n<tr>\n<td>Dise\u00f1o de moldes para productos polim\u00e9ricos<\/td>\n<td>2\u00ba curso<\/td>\n<td>140 horas<\/td>\n<\/tr>\n<tr>\n<td>Proyecto de dise\u00f1o de productos mec\u00e1nicos<\/td>\n<td>2\u00ba curso<\/td>\n<td>50 horas<\/td>\n<\/tr>\n<tr>\n<td>Itinerario personal para la empleabiidad II<\/td>\n<td>2\u00ba curso<\/td>\n<td>63 horas<\/td>\n<\/tr>\n<tr>\n<td>Proyecto intermodular de dise\u00f1o de productos mec\u00e1nicos<\/td>\n<td>2\u00ba curso<\/td>\n<td>50 horas<\/td>\n<\/tr>\n<tr>\n<td>M\u00f3dulo optativo<\/td>\n<td>2\u00ba curso<\/td>\n<td>84 horas<\/td>\n<\/tr>\n<\/tbody>\n<\/table>\n<p>[\/vc_column_text][vc_column_text]En la fase final del ciclo formativo podr\u00e1s realizar las pr\u00e1cticas en empresa (Formaci\u00f3n en centros de trabajo) en varias empresas referentes en el sector. Para ello contamos entre otros con la colaboraciones de las siguientes empresas:[\/vc_column_text][vc_row_inner][vc_column_inner width=\u00bb1\/6&#8243;][\/vc_column_inner][vc_column_inner width=\u00bb1\/6&#8243;][vc_single_image image=\u00bb9170&#8243; img_size=\u00bb200px\u00bb alignment=\u00bbcenter\u00bb onclick=\u00bbcustom_link\u00bb img_link_target=\u00bb_blank\u00bb link=\u00bbhttp:\/\/www.grupoarruti.com\/\u00bb][\/vc_column_inner][vc_column_inner width=\u00bb1\/6&#8243;][vc_single_image image=\u00bb9164&#8243; img_size=\u00bb200px\u00bb alignment=\u00bbcenter\u00bb onclick=\u00bbcustom_link\u00bb img_link_target=\u00bb_blank\u00bb link=\u00bbhttp:\/\/www.tekniker.es\/es\u00bb][\/vc_column_inner][vc_column_inner width=\u00bb1\/6&#8243;][vc_single_image image=\u00bb9176&#8243; img_size=\u00bb200px\u00bb alignment=\u00bbcenter\u00bb onclick=\u00bbcustom_link\u00bb img_link_target=\u00bb_blank\u00bb link=\u00bbhttps:\/\/www.tekniagroup.com\/\u00bb][\/vc_column_inner][vc_column_inner width=\u00bb1\/6&#8243;][vc_single_image image=\u00bb9173&#8243; img_size=\u00bb200px\u00bb alignment=\u00bbcenter\u00bb onclick=\u00bbcustom_link\u00bb img_link_target=\u00bb_blank\u00bb link=\u00bbhttp:\/\/www.rodisa.es\/\u00bb][\/vc_column_inner][vc_column_inner width=\u00bb1\/6&#8243;][\/vc_column_inner][\/vc_row_inner][vc_row_inner][vc_column_inner width=\u00bb1\/6&#8243;][\/vc_column_inner][vc_column_inner width=\u00bb1\/6&#8243;][vc_single_image image=\u00bb9167&#8243; img_size=\u00bb200px\u00bb alignment=\u00bbcenter\u00bb onclick=\u00bbcustom_link\u00bb img_link_target=\u00bb_blank\u00bb link=\u00bbhttps:\/\/www.grindelgears.com\/es\u00bb][\/vc_column_inner][vc_column_inner width=\u00bb1\/6&#8243;][vc_single_image image=\u00bb9106&#8243; img_size=\u00bb200px\u00bb alignment=\u00bbcenter\u00bb onclick=\u00bbcustom_link\u00bb img_link_target=\u00bb_blank\u00bb link=\u00bbhttp:\/\/www.grupo-maser.com\/\u00bb][\/vc_column_inner][vc_column_inner width=\u00bb1\/6&#8243;][vc_single_image image=\u00bb9115&#8243; img_size=\u00bb200px\u00bb alignment=\u00bbcenter\u00bb onclick=\u00bbcustom_link\u00bb img_link_target=\u00bb_blank\u00bb link=\u00bbhttp:\/\/www.geminislathes.com\/es\/\u00bb][\/vc_column_inner][vc_column_inner width=\u00bb1\/6&#8243;][\/vc_column_inner][vc_column_inner width=\u00bb1\/6&#8243;][\/vc_column_inner][\/vc_row_inner][\/vc_tta_section][vc_tta_section i_icon_fontawesome=\u00bbfa fa-ravelry\u00bb add_icon=\u00bbtrue\u00bb title=\u00bbMetodolog\u00eda\u00bb tab_id=\u00bb1527761180508-08cb4955-02c5b898-572c\u00bb el_class=\u00bb.tabsgrados\u00bb][vc_media_grid element_width=\u00bb2&#8243; grid_id=\u00bbvc_gid:1762507554873-3d52ab1f-b1f4-2&#8243; include=\u00bb18777,18780,18783,18786,18789,18792&#8243;][vc_empty_space][vc_row_inner gap=\u00bb30&#8243;][vc_column_inner el_class=\u00bbcajatablet\u00bb width=\u00bb1\/2&#8243; css=\u00bb.vc_custom_1588148372260{margin-top: 0px !important;padding-top: 0px !important;}\u00bb][vc_column_text css=\u00bb.vc_custom_1588150078668{margin-top: 0px !important;padding-top: 0px !important;}\u00bb]<\/p>\n<p style=\"font-size: 18px; color: #781e1d; font-weight: bold;\">En este ciclo, el proceso de aprendizaje se apoya en las metodolog\u00edas de aprendizaje colaborativo basado en retos (ETHAZI), en el cual trabajar\u00e1s las competencias asociadas al ciclo mediante la resoluci\u00f3n de una serie de situaciones, formuladas en formato de retos,\u00a0 que reflejan problem\u00e1ticas reales de desempe\u00f1o de un t\u00e9cnico del dise\u00f1o en la fabricaci\u00f3n mec\u00e1nica.<\/p>\n<p>Esta reinterpretaci\u00f3n del proceso de aprendizaje ser\u00e1 la que te permita trabajar tanto las competencia t\u00e9cnicas asociadas al ciclo como las competencia trasversales, tan demandadas\u00a0 en la actualidad por la empresa, como son la autonom\u00eda de aprendizaje, el trabajo en equipo, la cooperaci\u00f3n, la orientaci\u00f3n a resultados, etc.<\/p>\n<p>Los docentes de este ciclo nos encargaremos de la gesti\u00f3n, el seguimiento y el apoyo en la resoluci\u00f3n de los retos propuestos.<\/p>\n<p>Para lograr estos objetivos, disponemos de unos espacios flexibles y abiertos que favorecen el aprendizaje desde una \u00f3ptica multidisciplinar.[\/vc_column_text][\/vc_column_inner][vc_column_inner el_class=\u00bbcajatablet\u00bb width=\u00bb1\/2&#8243; css=\u00bb.vc_custom_1588148379711{margin-top: 0px !important;margin-bottom: 0px !important;padding-top: 0px !important;padding-bottom: 0px !important;}\u00bb][vc_custom_heading text=\u00bbRetos del ciclo:\u00bb font_container=\u00bbtag:h2|font_size:30|text_align:left|color:%23a12e33|line_height:0.9em\u00bb google_fonts=\u00bbfont_family:Lato%3A100%2C100italic%2C300%2C300italic%2Cregular%2Citalic%2C700%2C700italic%2C900%2C900italic|font_style:400%20regular%3A400%3Anormal\u00bb css=\u00bb.vc_custom_1588148394980{margin-top: 0px !important;padding-top: 0px !important;padding-bottom: 15px !important;}\u00bb][info_list_father][info_list_son style=\u00bbicon\u00bb size=\u00bb\u00bb width=\u00bb\u00bb height=\u00bb\u00bb radius=\u00bb0&#8243; titlesize=\u00bb\u00bb titleclr=\u00bb#666666&#8243; connector_h=\u00bb0&#8243; listwidth=\u00bb0&#8243; descclr=\u00bb#666666&#8243; icon=\u00bbfa fa-arrow-right\u00bb iconclr=\u00bb#a12e33&#8243; desc=\u00bbAutomatizaci\u00f3n de una estaci\u00f3n de montaje con robot <strong>Mitsubishi<\/strong> y panel <strong>HMI Siemens<\/strong>\u00bb iconbg=\u00bbrgba(0,0,0,0.01)\u00bb]C\u00e1lculos y dise\u00f1o del <strong>manipulador neum\u00e1tico AGME R.A.-2<\/strong>.[\/info_list_son][info_list_son style=\u00bbicon\u00bb size=\u00bb\u00bb width=\u00bb\u00bb height=\u00bb\u00bb radius=\u00bb0&#8243; titlesize=\u00bb\u00bb titleclr=\u00bb#666666&#8243; connector_h=\u00bb0&#8243; listwidth=\u00bb0&#8243; descclr=\u00bb#666666&#8243; icon=\u00bbfa fa-arrow-right\u00bb iconclr=\u00bb#a12e33&#8243; desc=\u00bbAutomatizaci\u00f3n de un almac\u00e9n inteligente de clasificaci\u00f3n mediante un <strong>robot colaborativo UR3<\/strong> con visi\u00f3n artificial <strong>Cognex<\/strong>\u00bb iconbg=\u00bbrgba(0,0,0,0.01)\u00bb]<strong>Elevador hidr\u00e1ulico<\/strong>, c\u00e1lculos, dise\u00f1o y\u00a0 fabricaci\u00f3n de algunos de sus elementos.[\/info_list_son][info_list_son style=\u00bbicon\u00bb size=\u00bb\u00bb width=\u00bb\u00bb height=\u00bb\u00bb radius=\u00bb0&#8243; titlesize=\u00bb\u00bb titleclr=\u00bb#666666&#8243; connector_h=\u00bb0&#8243; listwidth=\u00bb0&#8243; descclr=\u00bb#666666&#8243; icon=\u00bbfa fa-arrow-right\u00bb iconclr=\u00bb#a12e33&#8243; desc=\u00bbProgramaci\u00f3n y ajuste de un alimentador controlado por servomotores y panel <strong>HMI de Omron<\/strong>.\u00bb iconbg=\u00bbrgba(0,0,0,0.01)\u00bb]<strong>Reductor de velocidad<\/strong>, c\u00e1lculos, dise\u00f1o y\u00a0 fabricaci\u00f3n de algunos de sus elementos.[\/info_list_son][info_list_son style=\u00bbicon\u00bb size=\u00bb\u00bb width=\u00bb\u00bb height=\u00bb\u00bb radius=\u00bb0&#8243; titlesize=\u00bb\u00bb titleclr=\u00bb#666666&#8243; connector_h=\u00bb0&#8243; listwidth=\u00bb0&#8243; descclr=\u00bb#666666&#8243; icon=\u00bbfa fa-arrow-right\u00bb iconclr=\u00bb#a12e33&#8243; desc=\u00bbAutomatizaci\u00f3n de un almac\u00e9n mediante una estaci\u00f3n de manipulaci\u00f3n <strong>FESTO<\/strong> y eje el\u00e9ctrico <strong>SMC<\/strong>\u00bb iconbg=\u00bbrgba(0,0,0,0.01)\u00bb]Dise\u00f1o de un<strong> troquel progresivo.<\/strong>[\/info_list_son][info_list_son style=\u00bbicon\u00bb size=\u00bb\u00bb width=\u00bb\u00bb height=\u00bb\u00bb radius=\u00bb0&#8243; titlesize=\u00bb\u00bb titleclr=\u00bb#666666&#8243; connector_h=\u00bb0&#8243; listwidth=\u00bb0&#8243; descclr=\u00bb#666666&#8243; icon=\u00bbfa fa-arrow-right\u00bb iconclr=\u00bb#a12e33&#8243; desc=\u00bbAutomatizaci\u00f3n de un sistema de regulaci\u00f3n y control de dep\u00f3sito de agua y compresi\u00f3n de piezas.\u00bb iconbg=\u00bbrgba(0,0,0,0.01)\u00bb]Dise\u00f1o de un<strong> molde de inyecci\u00f3n <\/strong>de un vaso<strong>.<\/strong>[\/info_list_son][info_list_son style=\u00bbicon\u00bb size=\u00bb\u00bb width=\u00bb\u00bb height=\u00bb\u00bb radius=\u00bb0&#8243; titlesize=\u00bb\u00bb titleclr=\u00bb#666666&#8243; connector_h=\u00bb0&#8243; listwidth=\u00bb0&#8243; descclr=\u00bb#666666&#8243; icon=\u00bbfa fa-arrow-right\u00bb iconclr=\u00bb#a12e33&#8243; desc=\u00bbAutomatizaci\u00f3n de un l\u00ednea de manipulaci\u00f3n flexible de <strong>FESTO<\/strong> con varias estaciones.\u00bb iconbg=\u00bbrgba(0,0,0,0.01)\u00bb]Dise\u00f1o y<strong> simulaci\u00f3n <\/strong>de<strong> un molde de inyecci\u00f3n <\/strong>de un microengranaje.[\/info_list_son][\/info_list_father][\/vc_column_inner][\/vc_row_inner][\/vc_tta_section][vc_tta_section i_icon_fontawesome=\u00bbfa fa-envelope-open\u00bb add_icon=\u00bbtrue\u00bb title=\u00bbSeguir estudiando\u00bb tab_id=\u00bb1528795020139-94e804b0-8123b898-572c\u00bb][vc_row_inner][vc_column_inner el_class=\u00bbcajatablet\u00bb width=\u00bb1\/2&#8243;][vc_column_text]<\/p>\n<p style=\"font-size: 18px; color: #781e1d; font-weight: bold;\">Al finalizar el ciclo, adem\u00e1s de la\u00a0 posibilidad de incorporarte al mundo laboral podr\u00e1s\u00a0 continuar\u00a0 con tu proceso de formaci\u00f3n y especializaci\u00f3n. Como titulado en el ciclo de <strong>Dise\u00f1o en Fabricaci\u00f3n Mec\u00e1nica<\/strong> podr\u00e1s realizar, entre otros, los siguientes itinerarios formativos:<\/p>\n<p>[\/vc_column_text][info_list_father][info_list_son style=\u00bbicon\u00bb size=\u00bb\u00bb width=\u00bb\u00bb height=\u00bb\u00bb borderwidth=\u00bb\u00bb radius=\u00bb0px\u00bb titlesize=\u00bb\u00bb titleclr=\u00bb#666666&#8243; descsize=\u00bb14px\u00bb descclr=\u00bb#666666&#8243; iconclr=\u00bb#a12e33&#8243; iconbg=\u00bbrgba(0,0,0,0.01)\u00bb borderclr=\u00bbrgba(0,0,0,0.01)\u00bb desc=\u00bbLa especializaci\u00f3n en electr\u00f3nica integrada. Disponemos de un programa de especializaci\u00f3n, que se realiza durante un 3er curso escolar, en formato dual en alternancia, en el que podr\u00e1s realizar parte de la formaci\u00f3n en el centro y otra parte en la empresa.\u00bb]La especializaci\u00f3n en <a href=\"https:\/\/armeriaeskola.eus\/es\/estudios\/programas-de-especializacion\/control-de-calidad-metrologico\/\"><strong>Control de Calidad Metrol\u00f3gico<\/strong><\/a>. Disponemos de un programa de especializaci\u00f3n en el \u00e1rea de la metrolog\u00eda que se realiza durante un 3er curso escolar, en formato dual en alternancia, en el que podr\u00e1s realizar parte de la formaci\u00f3n en el centro y otra parte en la empresa.[\/info_list_son][info_list_son style=\u00bbicon\u00bb size=\u00bb\u00bb width=\u00bb\u00bb height=\u00bb\u00bb borderwidth=\u00bb\u00bb radius=\u00bb0px\u00bb titlesize=\u00bb\u00bb titleclr=\u00bb#666666&#8243; descsize=\u00bb14px\u00bb descclr=\u00bb#666666&#8243; icon=\u00bbfa fa-arrow-right\u00bb iconclr=\u00bb#a12e33&#8243; iconbg=\u00bbrgba(0,0,0,0.01)\u00bb borderclr=\u00bbrgba(0,0,0,0.01)\u00bb href=\u00bb\u00abhttps:\/\/gestion-alumnos.ehu.es\/pls\/entrada\/accw3020.htm\u00ab\u00bb desc=\u00bbLa realizaci\u00f3n de estudios universitarios. Actualmente la posesi\u00f3n de un t\u00edtulo de Grado Superior de Formaci\u00f3n Profesional te permite el acceso a la universidad. Adem\u00e1s, dependiendo de los estudios universitarios que quieras realizar, el t\u00edtulo de T\u00e9cnico Superior en Automatizaci\u00f3n y Rob\u00f3tica industrial te posibilitar\u00e1 la convalidaci\u00f3n de determinados cr\u00e9ditos formativos. Sirva de ejemplo la <strong>tabla de convalidaci\u00f3n<\/strong> de la Universidad del Pa\u00eds Vasco.\u00bb]La realizaci\u00f3n de <strong>estudios universitarios<\/strong>. Actualmente la posesi\u00f3n de un t\u00edtulo de Grado Superior de Formaci\u00f3n Profesional te permite el acceso a la universidad. Adem\u00e1s, dependiendo de los estudios universitarios que quieras realizar, el t\u00edtulo de T\u00e9cnico Superior en Dise\u00f1o en Fabricaci\u00f3n Mec\u00e1nica te posibilitar\u00e1 la convalidaci\u00f3n de determinados cr\u00e9ditos formativos. Sirva de ejemplo <a href=\"https:\/\/gestion-alumnos.ehu.es\/pls\/entrada\/accw3020.htm\">la tabla de convalidaci\u00f3n<\/a> de la Universidad del Pa\u00eds Vasco.[\/info_list_son][\/info_list_father][\/vc_column_inner][vc_column_inner el_class=\u00bbcajatablet\u00bb width=\u00bb1\/2&#8243;][vc_single_image image=\u00bb13336&#8243; img_size=\u00bbfull\u00bb alignment=\u00bbcenter\u00bb][\/vc_column_inner][\/vc_row_inner][\/vc_tta_section][\/vc_tta_tabs][\/vc_column][\/vc_row][vc_row css=\u00bb.vc_custom_1695375177178{border-top-width: 1px !important;border-top-color: #dddddd !important;border-top-style: solid !important;}\u00bb][vc_column width=\u00bb1\/4&#8243;][\/vc_column][vc_column width=\u00bb1\/2&#8243;][vc_custom_heading text=\u00bbSolicita informaci\u00f3n\u00bb font_container=\u00bbtag:h2|font_size:25|text_align:center|color:%23a12e33&#8243; use_theme_fonts=\u00bbyes\u00bb][vc_custom_heading text=\u00bbSi necesitas conocer m\u00e1s aspectos del grado, no dudes en ponerte en contacto con nosotros\u00bb font_container=\u00bbtag:p|font_size:14|text_align:center|color:%23666666&#8243; use_theme_fonts=\u00bbyes\u00bb][vc_column_text]\n<div class=\"wpcf7 no-js\" id=\"wpcf7-f13029-o1\" lang=\"es-ES\" dir=\"ltr\" data-wpcf7-id=\"13029\">\n<div class=\"screen-reader-response\"><p role=\"status\" aria-live=\"polite\" aria-atomic=\"true\"><\/p> <ul><\/ul><\/div>\n<form action=\"\/es\/wp-json\/wp\/v2\/pages\/9159#wpcf7-f13029-o1\" method=\"post\" class=\"wpcf7-form init\" aria-label=\"Formulario de contacto\" novalidate=\"novalidate\" data-status=\"init\">\n<fieldset class=\"hidden-fields-container\"><input type=\"hidden\" name=\"_wpcf7\" value=\"13029\" \/><input type=\"hidden\" name=\"_wpcf7_version\" value=\"6.1.5\" \/><input type=\"hidden\" name=\"_wpcf7_locale\" value=\"es_ES\" \/><input type=\"hidden\" name=\"_wpcf7_unit_tag\" value=\"wpcf7-f13029-o1\" \/><input type=\"hidden\" name=\"_wpcf7_container_post\" value=\"0\" \/><input type=\"hidden\" name=\"_wpcf7_posted_data_hash\" value=\"\" \/><input type=\"hidden\" name=\"_wpcf7_recaptcha_response\" value=\"\" \/>\n<\/fieldset>\n<p><label><span class=\"wpcf7-form-control-wrap\" data-name=\"your-name\"><input size=\"40\" maxlength=\"400\" class=\"wpcf7-form-control wpcf7-text wpcf7-validates-as-required\" aria-required=\"true\" aria-invalid=\"false\" placeholder=\"Nombre*\" value=\"\" type=\"text\" name=\"your-name\" \/><\/span><\/label><br \/>\n<label><span class=\"wpcf7-form-control-wrap\" data-name=\"your-email\"><input size=\"40\" maxlength=\"400\" class=\"wpcf7-form-control wpcf7-email wpcf7-validates-as-required wpcf7-text wpcf7-validates-as-email\" aria-required=\"true\" aria-invalid=\"false\" placeholder=\"Email*\" value=\"\" type=\"email\" name=\"your-email\" \/><\/span><\/label><br \/>\n<label><span class=\"wpcf7-form-control-wrap\" data-name=\"your-message\"><textarea cols=\"40\" rows=\"10\" maxlength=\"2000\" class=\"wpcf7-form-control wpcf7-textarea\" aria-invalid=\"false\" placeholder=\"Tu consulta sobre el grado\" name=\"your-message\"><\/textarea><\/span><\/label><br \/>\n<label><span class=\"wpcf7-form-control-wrap\" data-name=\"acceptance-525\"><span class=\"wpcf7-form-control wpcf7-acceptance\"><span class=\"wpcf7-list-item\"><label><input type=\"checkbox\" name=\"acceptance-525\" value=\"1\" aria-invalid=\"false\" \/><span class=\"wpcf7-list-item-label\">Acepto la <a href=\"\/politica-de-proteccion-de-datos\/\" target=\"blank\">Pol\u00edtica de protecci\u00f3n de datos<\/a> y las <a href=\"\/condiciones-de-uso\/\" target=\"blank\">Condiciones de uso<\/a><\/span><\/label><\/span><\/span><\/span><\/label><br \/>\n<input class=\"wpcf7-form-control wpcf7-submit has-spinner\" type=\"submit\" value=\"Enviar\" \/>\n<\/p><div class=\"wpcf7-response-output\" aria-hidden=\"true\"><\/div>\n<\/form>\n<\/div>\n[\/vc_column_text][\/vc_column][vc_column width=\u00bb1\/4&#8243;][\/vc_column][\/vc_row]<\/p>\n<\/div>","protected":false},"excerpt":{"rendered":"<p>[vc_row gap=\u00bb35&#8243;][vc_column width=\u00bb2\/3&#8243;][vc_empty_space][vc_row_inner][vc_column_inner el_class=\u00bbcajatablet\u00bb width=\u00bb1\/2&#8243; css=\u00bb.vc_custom_1588144355540{margin-top: 0px !important;padding-top: 0px !important;}\u00bb][vc_custom_heading text=\u00bbLos T\u00e9cnicos Superiores en Dise\u00f1o en Fabricaci\u00f3n Mec\u00e1nica se preparan en el \u00e1rea de dise\u00f1o de productos de fabricaci\u00f3n mec\u00e1nica.\u00bb font_container=\u00bbtag:h2|font_size:30|text_align:left|color:%23a12e33|line_height:1.2em\u00bb google_fonts=\u00bbfont_family:Lato%3A100%2C100italic%2C300%2C300italic%2Cregular%2Citalic%2C700%2C700italic%2C900%2C900italic|font_style:400%20regular%3A400%3Anormal\u00bb css=\u00bb.vc_custom_1588144362406{margin-top: 0px !important;padding-top: 0px !important;}\u00bb][\/vc_column_inner][vc_column_inner el_class=\u00bbcajatablet\u00bb width=\u00bb1\/2&#8243; css=\u00bb.vc_custom_1588144369807{margin-top: &hellip; <\/p>\n","protected":false},"author":1,"featured_media":0,"parent":9153,"menu_order":1,"comment_status":"closed","ping_status":"closed","template":"","meta":{"_acf_changed":false,"rs_blank_template":"","rs_page_bg_color":"","slide_template_v7":"","footnotes":""},"class_list":["post-9159","page","type-page","status-publish","hentry"],"acf":[],"yoast_head":"<!-- This site is optimized with the Yoast SEO plugin v27.4 - https:\/\/yoast.com\/product\/yoast-seo-wordpress\/ -->\n<title>Dise\u00f1o en Fabricaci\u00f3n Mec\u00e1nica, Ciclo Formativo de Grado Superior<\/title>\n<meta name=\"description\" content=\"Los t\u00e9cnicos superiores en Dise\u00f1o en Fabricaci\u00f3n Mec\u00e1nica se preparan para dise\u00f1ar los productos y las herramientas que se van a utilizar en fabricaci\u00f3n mec\u00e1nica, utilizando el software y la tecnolog\u00eda necesaria para ello, tales como impresi\u00f3n 3D y ingenier\u00eda inversa.\" \/>\n<meta name=\"robots\" content=\"index, follow, max-snippet:-1, max-image-preview:large, max-video-preview:-1\" \/>\n<link rel=\"canonical\" href=\"https:\/\/armeriaeskola.eus\/es\/estudios\/grado-superior\/diseno-en-fabricacion-mecanica\/\" \/>\n<meta property=\"og:locale\" content=\"es_ES\" \/>\n<meta property=\"og:type\" content=\"article\" \/>\n<meta property=\"og:title\" content=\"Dise\u00f1o en Fabricaci\u00f3n Mec\u00e1nica, Ciclo Formativo de Grado Superior\" \/>\n<meta property=\"og:description\" content=\"Los t\u00e9cnicos superiores en Dise\u00f1o en Fabricaci\u00f3n Mec\u00e1nica se preparan para dise\u00f1ar los productos y las herramientas que se van a utilizar en fabricaci\u00f3n mec\u00e1nica, utilizando el software y la tecnolog\u00eda necesaria para ello, tales como impresi\u00f3n 3D y ingenier\u00eda inversa.\" \/>\n<meta property=\"og:url\" content=\"https:\/\/armeriaeskola.eus\/es\/estudios\/grado-superior\/diseno-en-fabricacion-mecanica\/\" \/>\n<meta property=\"og:site_name\" content=\"Armeria Eskola\" \/>\n<meta property=\"article:publisher\" content=\"https:\/\/www.facebook.com\/armeriaeskola\" \/>\n<meta property=\"article:modified_time\" content=\"2025-11-07T09:26:12+00:00\" \/>\n<meta name=\"twitter:card\" content=\"summary_large_image\" \/>\n<meta name=\"twitter:site\" content=\"@ArmeriaEskola\" \/>\n<meta name=\"twitter:label1\" content=\"Tiempo de lectura\" \/>\n\t<meta name=\"twitter:data1\" content=\"12 minutos\" \/>\n<script type=\"application\/ld+json\" class=\"yoast-schema-graph\">{\"@context\":\"https:\\\/\\\/schema.org\",\"@graph\":[{\"@type\":\"WebPage\",\"@id\":\"https:\\\/\\\/armeriaeskola.eus\\\/es\\\/estudios\\\/grado-superior\\\/diseno-en-fabricacion-mecanica\\\/\",\"url\":\"https:\\\/\\\/armeriaeskola.eus\\\/es\\\/estudios\\\/grado-superior\\\/diseno-en-fabricacion-mecanica\\\/\",\"name\":\"Dise\u00f1o en Fabricaci\u00f3n Mec\u00e1nica, Ciclo Formativo de Grado Superior\",\"isPartOf\":{\"@id\":\"https:\\\/\\\/armeriaeskola.eus\\\/#website\"},\"datePublished\":\"2019-03-22T15:37:17+00:00\",\"dateModified\":\"2025-11-07T09:26:12+00:00\",\"description\":\"Los t\u00e9cnicos superiores en Dise\u00f1o en Fabricaci\u00f3n Mec\u00e1nica se preparan para dise\u00f1ar los productos y las herramientas que se van a utilizar en fabricaci\u00f3n mec\u00e1nica, utilizando el software y la tecnolog\u00eda necesaria para ello, tales como impresi\u00f3n 3D y ingenier\u00eda inversa.\",\"breadcrumb\":{\"@id\":\"https:\\\/\\\/armeriaeskola.eus\\\/es\\\/estudios\\\/grado-superior\\\/diseno-en-fabricacion-mecanica\\\/#breadcrumb\"},\"inLanguage\":\"es\",\"potentialAction\":[{\"@type\":\"ReadAction\",\"target\":[\"https:\\\/\\\/armeriaeskola.eus\\\/es\\\/estudios\\\/grado-superior\\\/diseno-en-fabricacion-mecanica\\\/\"]}]},{\"@type\":\"BreadcrumbList\",\"@id\":\"https:\\\/\\\/armeriaeskola.eus\\\/es\\\/estudios\\\/grado-superior\\\/diseno-en-fabricacion-mecanica\\\/#breadcrumb\",\"itemListElement\":[{\"@type\":\"ListItem\",\"position\":1,\"name\":\"Portada\",\"item\":\"https:\\\/\\\/armeriaeskola.eus\\\/es\\\/\"},{\"@type\":\"ListItem\",\"position\":2,\"name\":\"Estudios\",\"item\":\"https:\\\/\\\/armeriaeskola.eus\\\/es\\\/estudios\\\/\"},{\"@type\":\"ListItem\",\"position\":3,\"name\":\"Grado Superior (Grados D)\",\"item\":\"https:\\\/\\\/armeriaeskola.eus\\\/es\\\/estudios\\\/grado-superior\\\/\"},{\"@type\":\"ListItem\",\"position\":4,\"name\":\"Dise\u00f1o en Fabricaci\u00f3n Mec\u00e1nica\"}]},{\"@type\":\"WebSite\",\"@id\":\"https:\\\/\\\/armeriaeskola.eus\\\/#website\",\"url\":\"https:\\\/\\\/armeriaeskola.eus\\\/\",\"name\":\"Armeria Eskola\",\"description\":\"Centro Integral P\u00fablico de Formaci\u00f3n Profesional\",\"publisher\":{\"@id\":\"https:\\\/\\\/armeriaeskola.eus\\\/#organization\"},\"potentialAction\":[{\"@type\":\"SearchAction\",\"target\":{\"@type\":\"EntryPoint\",\"urlTemplate\":\"https:\\\/\\\/armeriaeskola.eus\\\/?s={search_term_string}\"},\"query-input\":{\"@type\":\"PropertyValueSpecification\",\"valueRequired\":true,\"valueName\":\"search_term_string\"}}],\"inLanguage\":\"es\"},{\"@type\":\"Organization\",\"@id\":\"https:\\\/\\\/armeriaeskola.eus\\\/#organization\",\"name\":\"Armeria Eskola\",\"url\":\"https:\\\/\\\/armeriaeskola.eus\\\/\",\"logo\":{\"@type\":\"ImageObject\",\"inLanguage\":\"es\",\"@id\":\"https:\\\/\\\/armeriaeskola.eus\\\/#\\\/schema\\\/logo\\\/image\\\/\",\"url\":\"https:\\\/\\\/armeriaeskola.eus\\\/wp-content\\\/uploads\\\/armeria-eskola-youtube1.jpg\",\"contentUrl\":\"https:\\\/\\\/armeriaeskola.eus\\\/wp-content\\\/uploads\\\/armeria-eskola-youtube1.jpg\",\"width\":1000,\"height\":501,\"caption\":\"Armeria Eskola\"},\"image\":{\"@id\":\"https:\\\/\\\/armeriaeskola.eus\\\/#\\\/schema\\\/logo\\\/image\\\/\"},\"sameAs\":[\"https:\\\/\\\/www.facebook.com\\\/armeriaeskola\",\"https:\\\/\\\/x.com\\\/ArmeriaEskola\",\"https:\\\/\\\/www.instagram.com\\\/armeriaeskola\\\/\",\"https:\\\/\\\/www.linkedin.com\\\/company\\\/asociaciondearmeriaeskola\\\/\",\"https:\\\/\\\/www.youtube.com\\\/user\\\/100armeriaeskola\"]}]}<\/script>\n<!-- \/ Yoast SEO plugin. -->","yoast_head_json":{"title":"Dise\u00f1o en Fabricaci\u00f3n Mec\u00e1nica, Ciclo Formativo de Grado Superior","description":"Los t\u00e9cnicos superiores en Dise\u00f1o en Fabricaci\u00f3n Mec\u00e1nica se preparan para dise\u00f1ar los productos y las herramientas que se van a utilizar en fabricaci\u00f3n mec\u00e1nica, utilizando el software y la tecnolog\u00eda necesaria para ello, tales como impresi\u00f3n 3D y ingenier\u00eda inversa.","robots":{"index":"index","follow":"follow","max-snippet":"max-snippet:-1","max-image-preview":"max-image-preview:large","max-video-preview":"max-video-preview:-1"},"canonical":"https:\/\/armeriaeskola.eus\/es\/estudios\/grado-superior\/diseno-en-fabricacion-mecanica\/","og_locale":"es_ES","og_type":"article","og_title":"Dise\u00f1o en Fabricaci\u00f3n Mec\u00e1nica, Ciclo Formativo de Grado Superior","og_description":"Los t\u00e9cnicos superiores en Dise\u00f1o en Fabricaci\u00f3n Mec\u00e1nica se preparan para dise\u00f1ar los productos y las herramientas que se van a utilizar en fabricaci\u00f3n mec\u00e1nica, utilizando el software y la tecnolog\u00eda necesaria para ello, tales como impresi\u00f3n 3D y ingenier\u00eda inversa.","og_url":"https:\/\/armeriaeskola.eus\/es\/estudios\/grado-superior\/diseno-en-fabricacion-mecanica\/","og_site_name":"Armeria Eskola","article_publisher":"https:\/\/www.facebook.com\/armeriaeskola","article_modified_time":"2025-11-07T09:26:12+00:00","twitter_card":"summary_large_image","twitter_site":"@ArmeriaEskola","twitter_misc":{"Tiempo de lectura":"12 minutos"},"schema":{"@context":"https:\/\/schema.org","@graph":[{"@type":"WebPage","@id":"https:\/\/armeriaeskola.eus\/es\/estudios\/grado-superior\/diseno-en-fabricacion-mecanica\/","url":"https:\/\/armeriaeskola.eus\/es\/estudios\/grado-superior\/diseno-en-fabricacion-mecanica\/","name":"Dise\u00f1o en Fabricaci\u00f3n Mec\u00e1nica, Ciclo Formativo de Grado Superior","isPartOf":{"@id":"https:\/\/armeriaeskola.eus\/#website"},"datePublished":"2019-03-22T15:37:17+00:00","dateModified":"2025-11-07T09:26:12+00:00","description":"Los t\u00e9cnicos superiores en Dise\u00f1o en Fabricaci\u00f3n Mec\u00e1nica se preparan para dise\u00f1ar los productos y las herramientas que se van a utilizar en fabricaci\u00f3n mec\u00e1nica, utilizando el software y la tecnolog\u00eda necesaria para ello, tales como impresi\u00f3n 3D y ingenier\u00eda inversa.","breadcrumb":{"@id":"https:\/\/armeriaeskola.eus\/es\/estudios\/grado-superior\/diseno-en-fabricacion-mecanica\/#breadcrumb"},"inLanguage":"es","potentialAction":[{"@type":"ReadAction","target":["https:\/\/armeriaeskola.eus\/es\/estudios\/grado-superior\/diseno-en-fabricacion-mecanica\/"]}]},{"@type":"BreadcrumbList","@id":"https:\/\/armeriaeskola.eus\/es\/estudios\/grado-superior\/diseno-en-fabricacion-mecanica\/#breadcrumb","itemListElement":[{"@type":"ListItem","position":1,"name":"Portada","item":"https:\/\/armeriaeskola.eus\/es\/"},{"@type":"ListItem","position":2,"name":"Estudios","item":"https:\/\/armeriaeskola.eus\/es\/estudios\/"},{"@type":"ListItem","position":3,"name":"Grado Superior (Grados D)","item":"https:\/\/armeriaeskola.eus\/es\/estudios\/grado-superior\/"},{"@type":"ListItem","position":4,"name":"Dise\u00f1o en Fabricaci\u00f3n Mec\u00e1nica"}]},{"@type":"WebSite","@id":"https:\/\/armeriaeskola.eus\/#website","url":"https:\/\/armeriaeskola.eus\/","name":"Armeria Eskola","description":"Centro Integral P\u00fablico de Formaci\u00f3n Profesional","publisher":{"@id":"https:\/\/armeriaeskola.eus\/#organization"},"potentialAction":[{"@type":"SearchAction","target":{"@type":"EntryPoint","urlTemplate":"https:\/\/armeriaeskola.eus\/?s={search_term_string}"},"query-input":{"@type":"PropertyValueSpecification","valueRequired":true,"valueName":"search_term_string"}}],"inLanguage":"es"},{"@type":"Organization","@id":"https:\/\/armeriaeskola.eus\/#organization","name":"Armeria Eskola","url":"https:\/\/armeriaeskola.eus\/","logo":{"@type":"ImageObject","inLanguage":"es","@id":"https:\/\/armeriaeskola.eus\/#\/schema\/logo\/image\/","url":"https:\/\/armeriaeskola.eus\/wp-content\/uploads\/armeria-eskola-youtube1.jpg","contentUrl":"https:\/\/armeriaeskola.eus\/wp-content\/uploads\/armeria-eskola-youtube1.jpg","width":1000,"height":501,"caption":"Armeria Eskola"},"image":{"@id":"https:\/\/armeriaeskola.eus\/#\/schema\/logo\/image\/"},"sameAs":["https:\/\/www.facebook.com\/armeriaeskola","https:\/\/x.com\/ArmeriaEskola","https:\/\/www.instagram.com\/armeriaeskola\/","https:\/\/www.linkedin.com\/company\/asociaciondearmeriaeskola\/","https:\/\/www.youtube.com\/user\/100armeriaeskola"]}]}},"_links":{"self":[{"href":"https:\/\/armeriaeskola.eus\/es\/wp-json\/wp\/v2\/pages\/9159","targetHints":{"allow":["GET"]}}],"collection":[{"href":"https:\/\/armeriaeskola.eus\/es\/wp-json\/wp\/v2\/pages"}],"about":[{"href":"https:\/\/armeriaeskola.eus\/es\/wp-json\/wp\/v2\/types\/page"}],"author":[{"embeddable":true,"href":"https:\/\/armeriaeskola.eus\/es\/wp-json\/wp\/v2\/users\/1"}],"replies":[{"embeddable":true,"href":"https:\/\/armeriaeskola.eus\/es\/wp-json\/wp\/v2\/comments?post=9159"}],"version-history":[{"count":13,"href":"https:\/\/armeriaeskola.eus\/es\/wp-json\/wp\/v2\/pages\/9159\/revisions"}],"predecessor-version":[{"id":26008,"href":"https:\/\/armeriaeskola.eus\/es\/wp-json\/wp\/v2\/pages\/9159\/revisions\/26008"}],"up":[{"embeddable":true,"href":"https:\/\/armeriaeskola.eus\/es\/wp-json\/wp\/v2\/pages\/9153"}],"wp:attachment":[{"href":"https:\/\/armeriaeskola.eus\/es\/wp-json\/wp\/v2\/media?parent=9159"}],"curies":[{"name":"wp","href":"https:\/\/api.w.org\/{rel}","templated":true}]}}