{"id":7608,"date":"2018-04-05T16:34:22","date_gmt":"2018-04-05T14:34:22","guid":{"rendered":"https:\/\/armeriaeskola.eus?page_id=7608"},"modified":"2026-04-29T13:28:16","modified_gmt":"2026-04-29T11:28:16","slug":"servicios","status":"publish","type":"page","link":"https:\/\/armeriaeskola.eus\/es\/servicios\/","title":{"rendered":"Servicios"},"content":{"rendered":"<div class=\"wpb-content-wrapper\"><p>[vc_row][vc_column][vc_tta_tour style=\u00bbflat\u00bb shape=\u00bbsquare\u00bb color=\u00bbwhite\u00bb spacing=\u00bb\u00bb controls_size=\u00bbsm\u00bb active_section=\u00bb1&#8243; no_fill_content_area=\u00bbtrue\u00bb][vc_tta_section title=\u00bbBolsa de trabajo\u00bb tab_id=\u00bbbolsa-de-trabajo\u00bb][vc_row_inner gap=\u00bb30&#8243; css=\u00bb.vc_custom_1750175846219{padding-top: 0px !important;padding-bottom: 0px !important;background-color: #FFFFFF !important;}\u00bb][vc_column_inner width=\u00bb2\/3&#8243; css=\u00bb.vc_custom_1606819340521{margin-top: 0px !important;padding-top: 0px !important;padding-right: 35px !important;}\u00bb]<div class=\"thim-widget-heading template-base\"><div class=\"sc_heading  text-left\"><h2 style=\"color:#9b2128;font-size:35px;font-weight:bold;font-style:normal;\" class=\"title\">Bolsa de trabajo<\/h2><span style=\"background-color:#9b2128\" class=\"line\"><\/span><\/div><\/div>[vc_column_text css=\u00bb\u00bb]<\/p>\n<p style=\"text-align: justify;\">La bolsa de trabajo es un servicio que se ofrece a las empresas y a los alumnos de Armeria Eskola. El objetivo del servicio es facilitar la inserci\u00f3n laboral del alumnado y satisfacer las necesidades de personal de las empresas. Para ello, las ofertas de empleo que recibimos las difundimos entre los antiguos alumnos y los profesores semanalmente.<\/p>\n<p style=\"text-align: justify;\">Para poder utilizar el servicio ponemos a tu disposici\u00f3n una <strong><a href=\"http:\/\/comunidad.inlan.es\/armeriaeskola\" target=\"_blank\" rel=\"noopener noreferrer\">aplicaci\u00f3n web<\/a><\/strong> para gestionar ofertas de empleo en caso de ser una empresa, y para poder inscribirte en las ofertas y subir el curriculum vitae en caso de ser un exalumno. A trav\u00e9s de este servicio Armeria Eskola realiza una labor de intermediaci\u00f3n entre el ex alumno y la empresa.<\/p>\n<p>[\/vc_column_text][vc_acf field_group=\u00bb14189&#8243; field_from_14189=\u00bbfield_5ece4bb5b4de5&#8243; align=\u00bbcenter\u00bb el_class=\u00bblaneskaintzak\u00bb]<div class=\"thim-widget-icon-box template-base\"><div class=\"wrapper-box-icon text-left contact_info\" ><div class=\"smicon-box iconbox-left\" style=\"--icon-font-size:20px;--icon-color:#ffffff;--icon-background-color: #9b2128;--icon-width: 40px;--icon-height: 40px;--icon-color-hover:#9b2128;--icon-border-color-hover:#9b2128;--icon-background-color-hover:#000000;\"><div class=\"boxes-icon circle\"><a class=\"icon-box-link\" target=\"_blank\" href=\"http:\/\/comunidad.inlan.es\/armeriaeskola\"><span class=\"inner-icon\"><span class=\"icon\"><i class=\"fas fa-users-cog\"><\/i><\/span><\/span><\/span><\/a><\/div><div class=\"content-inner\"><div class=\"sc-heading article_heading\"><h3 class = \"heading__primary\" style=\"--title-color: #444444;--title-font-size: 14px;--title-font-weight: 700;--title-margin-top: 10px;\"><a class=\"icon-box-link\" target=\"_blank\" href=\"http:\/\/comunidad.inlan.es\/armeriaeskola\">Usuarios de la bolsa de trabajo<\/a><\/h3><\/div><\/div><\/div><\/div><\/div><div class=\"thim-widget-icon-box template-base\"><div class=\"wrapper-box-icon text-left contact_info\" ><div class=\"smicon-box iconbox-left\" style=\"--icon-font-size:20px;--icon-color:#ffffff;--icon-background-color: #9b2128;--icon-width: 40px;--icon-height: 40px;--icon-color-hover:#9b2128;--icon-border-color-hover:#9b2128;--icon-background-color-hover:#000000;\"><div class=\"boxes-icon circle\"><a class=\"icon-box-link\" target=\"_blank\" href=\"mailto:lanpoltsa@armeriaeskola.eus\"><span class=\"inner-icon\"><span class=\"icon\"><i class=\"ion-email\"><\/i><\/span><\/span><\/span><\/a><\/div><div class=\"content-inner\"><div class=\"sc-heading article_heading\"><h3 class = \"heading__primary\" style=\"--title-color: #444444;--title-font-size: 14px;--title-font-weight: 700;--title-margin-top: 10px;\"><a class=\"icon-box-link\" target=\"_blank\" href=\"mailto:lanpoltsa@armeriaeskola.eus\">lanpoltsa@armeriaeskola.eus<\/a><\/h3><\/div><\/div><\/div><\/div><\/div><div class=\"thim-widget-icon-box template-base\"><div class=\"wrapper-box-icon text-left contact_info\" ><div class=\"smicon-box iconbox-left\" style=\"--icon-font-size:20px;--icon-color:#ffffff;--icon-background-color: #9b2128;--icon-width: 40px;--icon-height: 40px;--icon-color-hover:#9b2128;--icon-border-color-hover:#9b2128;--icon-background-color-hover:#000000;\"><div class=\"boxes-icon circle\"><a class=\"icon-box-link\" target=\"_blank\" href=\"tel:843990515\"><span class=\"inner-icon\"><span class=\"icon\"><i class=\"ion-ios-telephone\"><\/i><\/span><\/span><\/span><\/a><\/div><div class=\"content-inner\"><div class=\"sc-heading article_heading\"><h3 class = \"heading__primary\" style=\"--title-color: #444444;--title-font-size: 14px;--title-font-weight: 700;--title-margin-top: 10px;\"><a class=\"icon-box-link\" target=\"_blank\" href=\"tel:843990515\">843 990 515<\/a><\/h3><\/div><\/div><\/div><\/div><\/div><div class=\"thim-widget-icon-box template-base\"><div class=\"wrapper-box-icon text-left contact_info\" ><div class=\"smicon-box iconbox-left\" style=\"--icon-font-size:20px;--icon-color:#ffffff;--icon-background-color: #9b2128;--icon-width: 40px;--icon-height: 40px;--icon-color-hover:#9b2128;--icon-border-color-hover:#9b2128;--icon-background-color-hover:#000000;\"><div class=\"boxes-icon circle\"><a class=\"icon-box-link\" target=\"_blank\" href=\"tel:943203244\"><span class=\"inner-icon\"><span class=\"icon\"><i class=\"ion-ios-telephone\"><\/i><\/span><\/span><\/span><\/a><\/div><div class=\"content-inner\"><div class=\"sc-heading article_heading\"><h3 class = \"heading__primary\" style=\"--title-color: #444444;--title-font-size: 14px;--title-font-weight: 700;--title-margin-top: 10px;\"><a class=\"icon-box-link\" target=\"_blank\" href=\"tel:943203244\">943 203 244<\/a><\/h3><\/div><\/div><\/div><\/div><\/div>[\/vc_column_inner][vc_column_inner width=\u00bb1\/3&#8243; css=\u00bb.vc_custom_1588931621023{margin-top: 0px !important;margin-right: 0px !important;margin-bottom: 0px !important;margin-left: 0px !important;border-bottom-width: 30px !important;padding-top: 0px !important;padding-right: 0px !important;padding-bottom: 10px !important;padding-left: 0px !important;background-color: #9b2128 !important;}\u00bb][vc_single_image image=\u00bb15419&#8243; img_size=\u00bbfull\u00bb css=\u00bb.vc_custom_1605875060705{margin-top: 0px !important;margin-right: 0px !important;margin-bottom: 0px !important;margin-left: 0px !important;padding-top: 0px !important;padding-right: 0px !important;padding-bottom: 0px !important;padding-left: 0px !important;}\u00bb][vc_message message_box_style=\u00bbsolid\u00bb style=\u00bbsquare\u00bb message_box_color=\u00bbwhite\u00bb icon_fontawesome=\u00bbfas fa-user-friends\u00bb css=\u00bb.vc_custom_1582759838107{padding-top: 10px !important;padding-bottom: 20px !important;}\u00bb]<strong>Dirigido a:<\/strong> Alumnos, Exalumnos y Empresas[\/vc_message][vc_message message_box_style=\u00bbsolid\u00bb style=\u00bbsquare\u00bb message_box_color=\u00bbwhite\u00bb icon_fontawesome=\u00bbfas fa-chalkboard-teacher\u00bb css=\u00bb.vc_custom_1588760036133{padding-top: 10px !important;padding-bottom: 20px !important;}\u00bb]<strong>Responsable:<\/strong> Eider Vicente[\/vc_message][vc_message message_box_style=\u00bbsolid\u00bb style=\u00bbsquare\u00bb message_box_color=\u00bbwhite\u00bb icon_fontawesome=\u00bbfas fa-hands-helping\u00bb css=\u00bb.vc_custom_1582758780373{padding-top: 10px !important;padding-bottom: 20px !important;}\u00bb]<strong>Colaboradores:<\/strong> Armeria Eskola Elkartea[\/vc_message][\/vc_column_inner][\/vc_row_inner][\/vc_tta_section][vc_tta_section title=\u00bbUrratsBat\u00bb tab_id=\u00bburratsbat\u00bb][vc_row_inner gap=\u00bb30&#8243; css=\u00bb.vc_custom_1750175853815{padding-top: 0px !important;padding-bottom: 0px !important;background-color: #FFFFFF !important;}\u00bb][vc_column_inner width=\u00bb2\/3&#8243; css=\u00bb.vc_custom_1606819346282{margin-top: 0px !important;padding-top: 0px !important;padding-right: 35px !important;}\u00bb]<div class=\"thim-widget-heading template-base\"><div class=\"sc_heading  text-left\"><h2 style=\"color:#9b2128;font-size:35px;font-weight:bold;font-style:normal;\" class=\"title\">UrratsBat<\/h2><span style=\"background-color:#9b2128\" class=\"line\"><\/span><\/div><\/div>[vc_column_text]<\/p>\n<p style=\"text-align: justify;\">Urratsbat es un servicio dirigido tanto a alumnos como ex-alumnos de formaci\u00f3n inicial y formaci\u00f3n para el empleo de Armeria Eskola. Los promotores que participan en el programa, adem\u00e1s de contar con el asesoramiento de Armeria Eskola, tienen a su disposici\u00f3n recursos propios como oficina, talleres, equipos e instalaciones.<\/p>\n<p style=\"text-align: justify;\">Armeria Eskola dispone de una persona encargada de la dinamizaci\u00f3n y tutorizaci\u00f3n de proyectos empresariales, acompa\u00f1ando al promotor\/a en todo el proceso de creaci\u00f3n de su propia empresa.<\/p>\n<p>[\/vc_column_text]<div class=\"thim-widget-icon-box template-base\"><div class=\"wrapper-box-icon text-left contact_info\" ><div class=\"smicon-box iconbox-left\" style=\"--icon-font-size:20px;--icon-color:#ffffff;--icon-background-color: #9b2128;--icon-width: 40px;--icon-height: 40px;--icon-color-hover:#9b2128;--icon-border-color-hover:#9b2128;--icon-background-color-hover:#000000;\"><div class=\"boxes-icon circle\"><a class=\"icon-box-link\" target=\"_blank\" href=\"mailto:urratsbat@armeriaeskola.eus\"><span class=\"inner-icon\"><span class=\"icon\"><i class=\"ion-email\"><\/i><\/span><\/span><\/span><\/a><\/div><div class=\"content-inner\"><div class=\"sc-heading article_heading\"><h3 class = \"heading__primary\" style=\"--title-color: #444444;--title-font-size: 14px;--title-font-weight: 700;--title-margin-top: 10px;\"><a class=\"icon-box-link\" target=\"_blank\" href=\"mailto:urratsbat@armeriaeskola.eus\">urratsbat@armeriaeskola.eus<\/a><\/h3><\/div><\/div><\/div><\/div><\/div><div class=\"thim-widget-icon-box template-base\"><div class=\"wrapper-box-icon text-left contact_info\" ><div class=\"smicon-box iconbox-left\" style=\"--icon-font-size:20px;--icon-color:#ffffff;--icon-background-color: #9b2128;--icon-width: 40px;--icon-height: 40px;--icon-color-hover:#9b2128;--icon-border-color-hover:#9b2128;--icon-background-color-hover:#000000;\"><div class=\"boxes-icon circle\"><a class=\"icon-box-link\" target=\"_blank\" href=\"tel:688691388\"><span class=\"inner-icon\"><span class=\"icon\"><i class=\"ion-ios-telephone\"><\/i><\/span><\/span><\/span><\/a><\/div><div class=\"content-inner\"><div class=\"sc-heading article_heading\"><h3 class = \"heading__primary\" style=\"--title-color: #444444;--title-font-size: 14px;--title-font-weight: 700;--title-margin-top: 10px;\"><a class=\"icon-box-link\" target=\"_blank\" href=\"tel:688691388\">688 691388<\/a><\/h3><\/div><\/div><\/div><\/div><\/div>[\/vc_column_inner][vc_column_inner width=\u00bb1\/3&#8243; css=\u00bb.vc_custom_1588931649796{margin-top: 0px !important;margin-right: 0px !important;margin-bottom: 0px !important;margin-left: 0px !important;border-bottom-width: 30px !important;padding-top: 0px !important;padding-right: 0px !important;padding-bottom: 10px !important;padding-left: 0px !important;background-color: #9b2128 !important;}\u00bb][vc_single_image image=\u00bb10365&#8243; img_size=\u00bbfull\u00bb css=\u00bb.vc_custom_1582759606249{margin-top: 0px !important;margin-right: 0px !important;margin-bottom: 0px !important;margin-left: 0px !important;padding-top: 0px !important;padding-right: 0px !important;padding-bottom: 0px !important;padding-left: 0px !important;}\u00bb][vc_message message_box_style=\u00bbsolid\u00bb style=\u00bbsquare\u00bb message_box_color=\u00bbwhite\u00bb icon_fontawesome=\u00bbfas fa-user-friends\u00bb css=\u00bb.vc_custom_1582759827454{padding-top: 10px !important;padding-bottom: 20px !important;}\u00bb]<strong>Dirigido a:<\/strong> Alumnos y Exalumnos[\/vc_message][vc_message message_box_style=\u00bbsolid\u00bb style=\u00bbsquare\u00bb message_box_color=\u00bbwhite\u00bb icon_fontawesome=\u00bbfas fa-chalkboard-teacher\u00bb css=\u00bb.vc_custom_1699007749834{padding-top: 10px !important;padding-bottom: 20px !important;}\u00bb]<strong>Responsable:<\/strong> Ainhoa Mesa[\/vc_message][vc_message message_box_style=\u00bbsolid\u00bb style=\u00bbsquare\u00bb message_box_color=\u00bbwhite\u00bb icon_fontawesome=\u00bbfas fa-hands-helping\u00bb css=\u00bb.vc_custom_1582759666098{padding-top: 10px !important;padding-bottom: 20px !important;}\u00bb]<strong>Colaboradores:<\/strong> Tknika[\/vc_message][\/vc_column_inner][\/vc_row_inner][\/vc_tta_section][vc_tta_section title=\u00bbEvaluaci\u00f3n y acreditaci\u00f3n\u00bb tab_id=\u00bbevaluacion-y-acreditacion\u00bb][vc_row_inner gap=\u00bb30&#8243; css=\u00bb.vc_custom_1750175860228{padding-top: 0px !important;padding-bottom: 0px !important;background-color: #FFFFFF !important;}\u00bb][vc_column_inner width=\u00bb2\/3&#8243; css=\u00bb.vc_custom_1606819352548{margin-top: 0px !important;padding-top: 0px !important;padding-right: 35px !important;}\u00bb]<div class=\"thim-widget-heading template-base\"><div class=\"sc_heading  text-left\"><h2 style=\"color:#9b2128;font-size:35px;font-weight:bold;font-style:normal;\" class=\"title\">Evaluaci\u00f3n y acreditaci\u00f3n de competencias profesionales<\/h2><span style=\"background-color:#9b2128\" class=\"line\"><\/span><\/div><\/div>[vc_column_text]<\/p>\n<p style=\"text-align: justify;\">Se entiende por procedimiento de evaluaci\u00f3n y acreditaci\u00f3n de competencias profesionales el conjunto de actuaciones encaminadas a evaluar y corregir las competencias adquiridas a trav\u00e9s de la experiencia laboral o de v\u00edas no formales de formaci\u00f3n. Regulado en el Real Decreto 1224\/2009, de 17 de julio (BOE 25 de agosto de 2009) y en el Decreto 211\/2015, de 10 de noviembre (BOPV 18 de noviembre de 2015).<\/p>\n<p style=\"text-align: justify;\">Los objetivos del procedimiento son:<\/p>\n<ul style=\"text-align: justify;\">\n<li>Mejorar el nivel de cualificaci\u00f3n y acreditaci\u00f3n del personal, para responder a las necesidades de cualificaci\u00f3n de las personas, de la sociedad, de las empresas y de los sectores.<\/li>\n<li>Impulsar la igualdad de oportunidades a trav\u00e9s de la formaci\u00f3n y el reconocimiento de las cualificaciones.<\/li>\n<li>Facilitar a las personas el aprovechamiento de sus aprendizajes no formales e informales para estimular su progreso profesional.<\/li>\n<li>Motivar a las personas para su aprendizaje a lo largo de la vida y aumentar su cualificaci\u00f3n profesional.<\/li>\n<\/ul>\n<p>[\/vc_column_text][\/vc_column_inner][vc_column_inner width=\u00bb1\/3&#8243; css=\u00bb.vc_custom_1588931659844{margin-top: 0px !important;margin-right: 0px !important;margin-bottom: 0px !important;margin-left: 0px !important;border-bottom-width: 30px !important;padding-top: 0px !important;padding-right: 0px !important;padding-bottom: 10px !important;padding-left: 0px !important;background-color: #9b2128 !important;}\u00bb][vc_single_image image=\u00bb10368&#8243; img_size=\u00bbfull\u00bb css=\u00bb.vc_custom_1582759781491{margin-top: 0px !important;margin-right: 0px !important;margin-bottom: 0px !important;margin-left: 0px !important;padding-top: 0px !important;padding-right: 0px !important;padding-bottom: 0px !important;padding-left: 0px !important;}\u00bb][vc_message message_box_style=\u00bbsolid\u00bb style=\u00bbsquare\u00bb message_box_color=\u00bbwhite\u00bb icon_fontawesome=\u00bbfas fa-user-friends\u00bb css=\u00bb.vc_custom_1582759792268{padding-top: 10px !important;padding-bottom: 20px !important;}\u00bb]<strong>Dirigido a:<\/strong> Trabajadores[\/vc_message][vc_message message_box_style=\u00bbsolid\u00bb style=\u00bbsquare\u00bb message_box_color=\u00bbwhite\u00bb icon_fontawesome=\u00bbfas fa-chalkboard-teacher\u00bb css=\u00bb.vc_custom_1665743778408{padding-top: 10px !important;padding-bottom: 20px !important;}\u00bb]<strong>Responsable:<\/strong> Lander San Martin[\/vc_message][vc_message message_box_style=\u00bbsolid\u00bb style=\u00bbsquare\u00bb message_box_color=\u00bbwhite\u00bb icon_fontawesome=\u00bbfas fa-hands-helping\u00bb css=\u00bb.vc_custom_1582759817594{padding-top: 10px !important;padding-bottom: 20px !important;}\u00bb]<strong>Colaboradores:<\/strong> Ivac-eei[\/vc_message][\/vc_column_inner][\/vc_row_inner][\/vc_tta_section][vc_tta_section title=\u00bbTKgune\u00bb tab_id=\u00bbtkgune\u00bb][vc_row_inner gap=\u00bb30&#8243; css=\u00bb.vc_custom_1750175867065{padding-top: 0px !important;padding-bottom: 0px !important;background-color: #FFFFFF !important;}\u00bb][vc_column_inner width=\u00bb2\/3&#8243; css=\u00bb.vc_custom_1606819358266{margin-top: 0px !important;padding-top: 0px !important;padding-right: 35px !important;}\u00bb]<div class=\"thim-widget-heading template-base\"><div class=\"sc_heading  text-left\"><h2 style=\"color:#9b2128;font-size:35px;font-weight:bold;font-style:normal;\" class=\"title\">TKgune<\/h2><span style=\"background-color:#9b2128\" class=\"line\"><\/span><\/div><\/div>[vc_column_text]<\/p>\n<p style=\"text-align: justify;\">El objetivo principal del servicio Tkgune es facilitar la transferencia de conocimiento bidireccional entre los centros de Formaci\u00f3n Profesional y las empresas. De esta forma se obtienen dos resultados:<\/p>\n<ul style=\"text-align: justify;\">\n<li>Desarrollar proyectos en colaboraci\u00f3n con las empresas para responder a sus necesidades de innovaci\u00f3n y mejorar su competitividad, utilizando para ello los recursos de los centros (instalaciones, equipamientos, personas, conocimiento acumulado \u2026). As\u00ed, las empresas tienen a su disposici\u00f3n el conocimiento acumulado por los centros.<\/li>\n<li>Didactificar y transferir a la ense\u00f1anza los conocimientos adquiridos durante el desarrollo de proyectos de colaboraci\u00f3n. Acercando de esta forma, la realidad de las empresas a los centros de Formaci\u00f3n Profesional.<\/li>\n<\/ul>\n<p style=\"text-align: justify;\">Los servicios ofrecidos por Armeria Eskola engloban las siguientes \u00e1reas:<\/p>\n<ul>\n<li style=\"text-align: justify;\">Micromecanica y Fabricacion avanzada.<\/li>\n<li style=\"text-align: justify;\">Sistemas Automaticos, Rob\u00f3tica y Visi\u00f3n Artificial<\/li>\n<li style=\"text-align: justify;\">Dise\u00f1o e Impresion 3D.<\/li>\n<li style=\"text-align: justify;\">Escaneado 3D e Ingenieria Inversa<\/li>\n<li style=\"text-align: justify;\">Metrologia.<\/li>\n<\/ul>\n<p>Consulte nuestro <a href=\"https:\/\/armeriaeskola.eus\/wp-content\/uploads\/TKgune-catalogo-1.pdf\">cat\u00e1logo<\/a><\/p>\n<p>Para m\u00e1s informaci\u00f3n: <a href=\"https:\/\/tkgune.eus\/\">Tkgune<\/a>[\/vc_column_text][\/vc_column_inner][vc_column_inner width=\u00bb1\/3&#8243; css=\u00bb.vc_custom_1588931670034{margin-top: 0px !important;margin-right: 0px !important;margin-bottom: 0px !important;margin-left: 0px !important;border-bottom-width: 30px !important;padding-top: 0px !important;padding-right: 0px !important;padding-bottom: 10px !important;padding-left: 0px !important;background-color: #9b2128 !important;}\u00bb][vc_single_image image=\u00bb10371&#8243; img_size=\u00bbfull\u00bb css=\u00bb.vc_custom_1582760112427{margin-top: 0px !important;margin-right: 0px !important;margin-bottom: 0px !important;margin-left: 0px !important;padding-top: 0px !important;padding-right: 0px !important;padding-bottom: 0px !important;padding-left: 0px !important;}\u00bb][vc_message message_box_style=\u00bbsolid\u00bb style=\u00bbsquare\u00bb message_box_color=\u00bbwhite\u00bb icon_fontawesome=\u00bbfas fa-user-friends\u00bb css=\u00bb.vc_custom_1582760138115{padding-top: 10px !important;padding-bottom: 20px !important;}\u00bb]<strong>Dirigido a:<\/strong> Peque\u00f1as y medianas Empresas. PYMES[\/vc_message][vc_message message_box_style=\u00bbsolid\u00bb style=\u00bbsquare\u00bb message_box_color=\u00bbwhite\u00bb icon_fontawesome=\u00bbfas fa-chalkboard-teacher\u00bb css=\u00bb.vc_custom_1588760011869{padding-top: 10px !important;padding-bottom: 20px !important;}\u00bb]<strong>Responsable:<\/strong> Manu Lopez[\/vc_message][vc_message message_box_style=\u00bbsolid\u00bb style=\u00bbsquare\u00bb message_box_color=\u00bbwhite\u00bb icon_fontawesome=\u00bbfas fa-hands-helping\u00bb css=\u00bb.vc_custom_1582760162733{padding-top: 10px !important;padding-bottom: 20px !important;}\u00bb]<strong>Colaboradores:<\/strong> TKnika[\/vc_message][\/vc_column_inner][\/vc_row_inner][\/vc_tta_section][vc_tta_section title=\u00bbVisita al museo Eskuadra Zaharra\u00bb tab_id=\u00bbvisita-al-museo-eskuadra-zaharra\u00bb][vc_row_inner gap=\u00bb30&#8243; css=\u00bb.vc_custom_1750175874254{padding-top: 0px !important;padding-bottom: 0px !important;background-color: #FFFFFF !important;}\u00bb][vc_column_inner width=\u00bb2\/3&#8243; css=\u00bb.vc_custom_1606819363649{margin-top: 0px !important;padding-top: 0px !important;padding-right: 35px !important;}\u00bb]<div class=\"thim-widget-heading template-base\"><div class=\"sc_heading  text-left\"><h2 style=\"color:#9b2128;font-size:35px;font-weight:bold;font-style:normal;\" class=\"title\">Visita al museo Eskuadra Zaharra<\/h2><span style=\"background-color:#9b2128\" class=\"line\"><\/span><\/div><\/div>[vc_column_text]<\/p>\n<p style=\"text-align: justify;\">El Museo \u201cEskuadra Zaharra\u201d a\u00fana el pasado de Armeria Eskola a trav\u00e9s de un recorrido cronol\u00f3gico por los principales hitos ocurridos en sus primeros cien a\u00f1os de vida. El nombre de nuestro Museo proviene de la cuadrilla eibarresa \u201cEskuadra Zaharra\u201d que solicit\u00f3 al entonces ministro D. Ferm\u00edn Calbet\u00f3n su apoyo para la construcci\u00f3n de una Escuela y un Museo de Armas en Eibar.<\/p>\n<p style=\"text-align: justify;\">El Museo fue inaugurado el 23 de enero de 2013, coincidiendo con el acto de clausura del centenario de la Escuela, por el Lehendakari I\u00f1igo Urkullu y un \u201chist\u00f3rico\u201d de la Escuela, Alfonso Echeverria.<\/p>\n<p style=\"text-align: justify;\">Se trata de una sala de alrededor de cuarenta metros cuadrados en la que sus paredes recogen mediante fotograf\u00edas y menciones un resumen de la historia de nuestra Escuela, desde 1912 hasta 2012. Asimismo, se exponen diversos trabajos realizados por alumnos de la Escuela durante estos a\u00f1os y los principales reconocimientos otorgados a la Escuela, entre ellos, la Corbata de la Orden de Alfonso X el Sabio, concedida por el Ministerio de Educaci\u00f3n en 1951 y la Medalla de Oro de Gipuzkoa, concedida por la Diputaci\u00f3n en 1987, junto con otros recibidos durante la conmemoraci\u00f3n del centenario.<\/p>\n<p style=\"text-align: justify;\">Se ofrece, igualmente, la posibilidad de contemplar curiosidades como la paleta utilizada en 1913 por D. Ferm\u00edn Calbet\u00f3n para colocar la primera piedra de nuestro edificio y algunos muebles y objetos utilizados por Julian Echeverria Orbea, quien fuera durante veinticinco a\u00f1os director de la Escuela.El Museo est\u00e1 abierto al p\u00fablico, pudiendo reservar cita para visitarlo en el tel\u00e9fono 943 20 32 44.<\/p>\n<p>[\/vc_column_text][\/vc_column_inner][vc_column_inner width=\u00bb1\/3&#8243; css=\u00bb.vc_custom_1588931681025{margin-top: 0px !important;margin-right: 0px !important;margin-bottom: 0px !important;margin-left: 0px !important;border-bottom-width: 30px !important;padding-top: 0px !important;padding-right: 0px !important;padding-bottom: 10px !important;padding-left: 0px !important;background-color: #9b2128 !important;}\u00bb][vc_single_image image=\u00bb10374&#8243; img_size=\u00bbfull\u00bb css=\u00bb.vc_custom_1582759937477{margin-top: 0px !important;margin-right: 0px !important;margin-bottom: 0px !important;margin-left: 0px !important;padding-top: 0px !important;padding-right: 0px !important;padding-bottom: 0px !important;padding-left: 0px !important;}\u00bb][vc_message message_box_style=\u00bbsolid\u00bb style=\u00bbsquare\u00bb message_box_color=\u00bbwhite\u00bb icon_fontawesome=\u00bbfas fa-user-friends\u00bb css=\u00bb.vc_custom_1582760028446{padding-top: 10px !important;padding-bottom: 20px !important;}\u00bb]<strong>Dirigido a:<\/strong> Cualquier persona o entidad interesada[\/vc_message][vc_message message_box_style=\u00bbsolid\u00bb style=\u00bbsquare\u00bb message_box_color=\u00bbwhite\u00bb icon_fontawesome=\u00bbfas fa-chalkboard-teacher\u00bb css=\u00bb.vc_custom_1588760004298{padding-top: 10px !important;padding-bottom: 20px !important;}\u00bb]<strong>Responsable:<\/strong> I\u00f1aki Ciaran[\/vc_message][\/vc_column_inner][\/vc_row_inner][\/vc_tta_section][vc_tta_section title=\u00bbInformaci\u00f3n y orientaci\u00f3n\u00bb tab_id=\u00bbinformacion-y-orientacion\u00bb][vc_row_inner gap=\u00bb30&#8243; css=\u00bb.vc_custom_1750175881418{padding-top: 0px !important;padding-bottom: 0px !important;background-color: #FFFFFF !important;}\u00bb][vc_column_inner width=\u00bb2\/3&#8243; css=\u00bb.vc_custom_1606819368917{margin-top: 0px !important;padding-top: 0px !important;padding-right: 35px !important;}\u00bb]<div class=\"thim-widget-heading template-base\"><div class=\"sc_heading  text-left\"><h2 style=\"color:#9b2128;font-size:35px;font-weight:bold;font-style:normal;\" class=\"title\">Informaci\u00f3n y orientaci\u00f3n<\/h2><span style=\"background-color:#9b2128\" class=\"line\"><\/span><\/div><\/div>[vc_column_text]<\/p>\n<p style=\"text-align: justify;\">Se trata de un servicio de orientaci\u00f3n personal, acad\u00e9mica y profesional, tanto para el alumnado del centro como para los solicitantes externos al mismo. Sus objetivos son:<\/p>\n<ul style=\"text-align: justify;\">\n<li>Informar sobre las v\u00edas de acceso a las ofertas docentes y a los requisitos acad\u00e9micos establecidos, teniendo en cuenta las condiciones, necesidades e intereses de las personas demandantes de informaci\u00f3n.<\/li>\n<li>Informar y orientar sobre las oportunidades de aprendizaje e itinerarios formativos facilitando la inserci\u00f3n laboral y la mejora del empleo.<\/li>\n<li>Informar sobre las posibilidades de adquisici\u00f3n, evaluaci\u00f3n y acreditaci\u00f3n de las competencias y cualificaciones profesionales requeridas en el mundo laboral.<\/li>\n<\/ul>\n<p>[\/vc_column_text]<div class=\"thim-widget-icon-box template-base\"><div class=\"wrapper-box-icon text-left contact_info\" ><div class=\"smicon-box iconbox-left\" style=\"--icon-font-size:20px;--icon-color:#ffffff;--icon-background-color: #9b2128;--icon-width: 40px;--icon-height: 40px;--icon-color-hover:#9b2128;--icon-border-color-hover:#9b2128;--icon-background-color-hover:#000000;\"><div class=\"boxes-icon circle\"><a class=\"icon-box-link\" target=\"_blank\" href=\"mailto:orientazioa@armeriaeskola.eus\"><span class=\"inner-icon\"><span class=\"icon\"><i class=\"ion-email\"><\/i><\/span><\/span><\/span><\/a><\/div><div class=\"content-inner\"><div class=\"sc-heading article_heading\"><h3 class = \"heading__primary\" style=\"--title-color: #444444;--title-font-size: 14px;--title-font-weight: 700;--title-margin-top: 10px;\"><a class=\"icon-box-link\" target=\"_blank\" href=\"mailto:orientazioa@armeriaeskola.eus\">orientazioa@armeriaeskola.eus<\/a><\/h3><\/div><\/div><\/div><\/div><\/div><div class=\"thim-widget-icon-box template-base\"><div class=\"wrapper-box-icon text-left contact_info\" ><div class=\"smicon-box iconbox-left\" style=\"--icon-font-size:20px;--icon-color:#ffffff;--icon-background-color: #9b2128;--icon-width: 40px;--icon-height: 40px;--icon-color-hover:#9b2128;--icon-border-color-hover:#9b2128;--icon-background-color-hover:#000000;\"><div class=\"boxes-icon circle\"><a class=\"icon-box-link\" target=\"_blank\" href=\"tel:943203244\"><span class=\"inner-icon\"><span class=\"icon\"><i class=\"ion-ios-telephone\"><\/i><\/span><\/span><\/span><\/a><\/div><div class=\"content-inner\"><div class=\"sc-heading article_heading\"><h3 class = \"heading__primary\" style=\"--title-color: #444444;--title-font-size: 14px;--title-font-weight: 700;--title-margin-top: 10px;\"><a class=\"icon-box-link\" target=\"_blank\" href=\"tel:943203244\">943 20 32 44<\/a><\/h3><\/div><\/div><\/div><\/div><\/div>[\/vc_column_inner][vc_column_inner width=\u00bb1\/3&#8243; css=\u00bb.vc_custom_1588931710341{margin-top: 0px !important;margin-right: 0px !important;margin-bottom: 0px !important;margin-left: 0px !important;border-bottom-width: 30px !important;padding-top: 0px !important;padding-right: 0px !important;padding-bottom: 10px !important;padding-left: 0px !important;background-color: #9b2128 !important;}\u00bb][vc_single_image image=\u00bb10377&#8243; img_size=\u00bbfull\u00bb css=\u00bb.vc_custom_1582760096567{margin-top: 0px !important;margin-right: 0px !important;margin-bottom: 0px !important;margin-left: 0px !important;padding-top: 0px !important;padding-right: 0px !important;padding-bottom: 0px !important;padding-left: 0px !important;}\u00bb][vc_message message_box_style=\u00bbsolid\u00bb style=\u00bbsquare\u00bb message_box_color=\u00bbwhite\u00bb icon_fontawesome=\u00bbfas fa-user-friends\u00bb css=\u00bb.vc_custom_1582760294193{padding-top: 10px !important;padding-bottom: 20px !important;}\u00bb]<strong>Dirigido a:<\/strong> Alumnos, Exalumnos y Enpresas[\/vc_message][vc_message message_box_style=\u00bbsolid\u00bb style=\u00bbsquare\u00bb message_box_color=\u00bbwhite\u00bb icon_fontawesome=\u00bbfas fa-chalkboard-teacher\u00bb css=\u00bb.vc_custom_1725274907631{padding-top: 10px !important;padding-bottom: 20px !important;}\u00bb]<strong>Responsable:<\/strong> Yaiza Martinez Badiola[\/vc_message][vc_message message_box_style=\u00bbsolid\u00bb style=\u00bbsquare\u00bb message_box_color=\u00bbwhite\u00bb icon_fontawesome=\u00bbfas fa-hands-helping\u00bb css=\u00bb.vc_custom_1582758780373{padding-top: 10px !important;padding-bottom: 20px !important;}\u00bb]<strong>Colaboradores:<\/strong> Armeria Eskola Elkartea[\/vc_message][\/vc_column_inner][\/vc_row_inner][\/vc_tta_section][vc_tta_section title=\u00bbMediaci\u00f3n de aprendizaje.\u00bb tab_id=\u00bbservicio-de-mediacion-de-aprendizaje\u00bb][vc_row_inner gap=\u00bb30&#8243; css=\u00bb.vc_custom_1750175890038{padding-top: 0px !important;padding-bottom: 0px !important;background-color: #FFFFFF !important;}\u00bb][vc_column_inner width=\u00bb2\/3&#8243; css=\u00bb.vc_custom_1606819368917{margin-top: 0px !important;padding-top: 0px !important;padding-right: 35px !important;}\u00bb]<div class=\"thim-widget-heading template-base\"><div class=\"sc_heading  text-left\"><h2 style=\"color:#9b2128;font-size:35px;font-weight:bold;font-style:normal;\" class=\"title\">Servicio de mediaci\u00f3n de aprendizaje.<\/h2><span style=\"background-color:#9b2128\" class=\"line\"><\/span><\/div><\/div>[vc_column_text]Servicio de asesoramiento, mediaci\u00f3n e informaci\u00f3n a la ciudadan\u00eda en materia de formaci\u00f3n formal, no formal e informal a lo largo de toda la vida. Sus principales funciones son:<\/p>\n<ul>\n<li>Asesoramiento gratuito e individualizado, acompa\u00f1amiento y apoyo a las necesidades formativas de cada persona.<\/li>\n<li>Informaci\u00f3n sobre las acciones de formaci\u00f3n existentes en la comarca.<\/li>\n<li>Apoyo en la homologaci\u00f3n de titulaciones extranjeras.<\/li>\n<li>Asesoramiento sobre el procedimiento de evaluaci\u00f3n y acreditaci\u00f3n de competencias profesionales.<\/li>\n<li>Creaci\u00f3n de talleres grupales de diferentes tem\u00e1ticas.<\/li>\n<\/ul>\n<p>[\/vc_column_text]<div class=\"thim-widget-icon-box template-base\"><div class=\"wrapper-box-icon text-left contact_info\" ><div class=\"smicon-box iconbox-left\" style=\"--icon-font-size:20px;--icon-color:#ffffff;--icon-background-color: #9b2128;--icon-width: 40px;--icon-height: 40px;--icon-color-hover:#9b2128;--icon-border-color-hover:#9b2128;--icon-background-color-hover:#000000;\"><div class=\"boxes-icon circle\"><a class=\"icon-box-link\" target=\"_blank\" href=\"mailto:bitartekari.debabarrena@daiteke.com\"><span class=\"inner-icon\"><span class=\"icon\"><i class=\"ion-email\"><\/i><\/span><\/span><\/span><\/a><\/div><div class=\"content-inner\"><div class=\"sc-heading article_heading\"><h3 class = \"heading__primary\" style=\"--title-color: #444444;--title-font-size: 14px;--title-font-weight: 700;--title-margin-top: 10px;\"><a class=\"icon-box-link\" target=\"_blank\" href=\"mailto:bitartekari.debabarrena@daiteke.com\">bitartekari.debabarrena@daiteke.com<\/a><\/h3><\/div><\/div><\/div><\/div><\/div><div class=\"thim-widget-icon-box template-base\"><div class=\"wrapper-box-icon text-left contact_info\" ><div class=\"smicon-box iconbox-left\" style=\"--icon-font-size:20px;--icon-color:#ffffff;--icon-background-color: #9b2128;--icon-width: 40px;--icon-height: 40px;--icon-color-hover:#9b2128;--icon-border-color-hover:#9b2128;--icon-background-color-hover:#000000;\"><div class=\"boxes-icon circle\"><a class=\"icon-box-link\" target=\"_blank\" href=\"tel:747415118\"><span class=\"inner-icon\"><span class=\"icon\"><i class=\"ion-ios-telephone\"><\/i><\/span><\/span><\/span><\/a><\/div><div class=\"content-inner\"><div class=\"sc-heading article_heading\"><h3 class = \"heading__primary\" style=\"--title-color: #444444;--title-font-size: 14px;--title-font-weight: 700;--title-margin-top: 10px;\"><a class=\"icon-box-link\" target=\"_blank\" href=\"tel:747415118\">747 415 118 \/ 943 20 32 44 (ext. 13083)<\/a><\/h3><\/div><\/div><\/div><\/div><\/div><div class=\"thim-widget-icon-box template-base\"><div class=\"wrapper-box-icon text-left contact_info\" ><div class=\"smicon-box iconbox-left\" style=\"--icon-font-size:20px;--icon-color:#ffffff;--icon-background-color: #9b2128;--icon-width: 40px;--icon-height: 40px;--icon-color-hover:#9b2128;--icon-border-color-hover:#9b2128;--icon-background-color-hover:#000000;\"><div class=\"boxes-icon circle\"><a class=\"icon-box-link\" target=\"_blank\" href=\"tel:943203244\"><span class=\"inner-icon\"><span class=\"icon\"><i class=\"ion-ios-telephone\"><\/i><\/span><\/span><\/span><\/a><\/div><div class=\"content-inner\"><div class=\"sc-heading article_heading\"><h3 class = \"heading__primary\" style=\"--title-color: #444444;--title-font-size: 14px;--title-font-weight: 700;--title-margin-top: 10px;\"><a class=\"icon-box-link\" target=\"_blank\" href=\"tel:943203244\">943 20 32 44 (ext. 13083)<\/a><\/h3><\/div><\/div><\/div><\/div><\/div>[\/vc_column_inner][vc_column_inner width=\u00bb1\/3&#8243; css=\u00bb.vc_custom_1588931710341{margin-top: 0px !important;margin-right: 0px !important;margin-bottom: 0px !important;margin-left: 0px !important;border-bottom-width: 30px !important;padding-top: 0px !important;padding-right: 0px !important;padding-bottom: 10px !important;padding-left: 0px !important;background-color: #9b2128 !important;}\u00bb][vc_single_image image=\u00bb19875&#8243; img_size=\u00bbfull\u00bb css=\u00bb.vc_custom_1665487779375{margin-top: 0px !important;margin-right: 0px !important;margin-bottom: 0px !important;margin-left: 0px !important;padding-top: 0px !important;padding-right: 0px !important;padding-bottom: 0px !important;padding-left: 0px !important;}\u00bb][vc_message message_box_style=\u00bbsolid\u00bb style=\u00bbsquare\u00bb message_box_color=\u00bbwhite\u00bb icon_fontawesome=\u00bbfas fa-user-friends\u00bb css=\u00bb.vc_custom_1665487974485{padding-top: 10px !important;padding-bottom: 20px !important;}\u00bb]<strong>Dirigido a:<\/strong> Debabarrena y personas interesadas en formarse en centros de la comarca[\/vc_message][vc_message message_box_style=\u00bbsolid\u00bb style=\u00bbsquare\u00bb message_box_color=\u00bbwhite\u00bb icon_fontawesome=\u00bbfas fa-chalkboard-teacher\u00bb css=\u00bb.vc_custom_1611311081311{padding-top: 10px !important;padding-bottom: 20px !important;}\u00bb]<strong>Responsable:<\/strong> Araceli Guerrero Conde[\/vc_message][vc_message message_box_style=\u00bbsolid\u00bb style=\u00bbsquare\u00bb message_box_color=\u00bbwhite\u00bb icon_fontawesome=\u00bbfas fa-hands-helping\u00bb css=\u00bb.vc_custom_1665488022253{padding-top: 10px !important;padding-bottom: 20px !important;}\u00bb]<strong>Colaboradores:<\/strong> Daiteke y Departamento de Educaci\u00f3n del Gobierno Vasco.[\/vc_message][\/vc_column_inner][\/vc_row_inner][\/vc_tta_section][vc_tta_section title=\u00bbCentro colaborador Lanbide\u00bb tab_id=\u00bb1665485979255-d700afae-fc89&#8243;][vc_row_inner gap=\u00bb30&#8243; css=\u00bb.vc_custom_1750175898994{padding-top: 0px !important;padding-bottom: 0px !important;background-color: #FFFFFF !important;}\u00bb][vc_column_inner width=\u00bb2\/3&#8243; css=\u00bb.vc_custom_1606819368917{margin-top: 0px !important;padding-top: 0px !important;padding-right: 35px !important;}\u00bb]<div class=\"thim-widget-heading template-base\"><div class=\"sc_heading  text-left\"><h2 style=\"color:#9b2128;font-size:35px;font-weight:bold;font-style:normal;\" class=\"title\">Centro colaborador Lanbide<\/h2><span style=\"background-color:#9b2128\" class=\"line\"><\/span><\/div><\/div>[vc_column_text]Servicio de orientaci\u00f3n laboral que ofrece las siguientes acciones:<\/p>\n<ul>\n<li>Actualizaci\u00f3n de la demanda en Lanbide.<\/li>\n<li>Renovaci\u00f3n del Darde.<\/li>\n<li>Asesoramiento individualizado y acompa\u00f1amiento en la b\u00fasqueda activa de empleo (definici\u00f3n del objetivo laboral, redacci\u00f3n del curr\u00edculum vitae, canales de b\u00fasqueda de empleo, afrontar los procesos de selecci\u00f3n y entrevistas de<br \/>\ntrabajo, etc.).<\/li>\n<li>Talleres grupales.<\/li>\n<\/ul>\n<p>[\/vc_column_text]<div class=\"thim-widget-icon-box template-base\"><div class=\"wrapper-box-icon text-left contact_info\" ><div class=\"smicon-box iconbox-left\" style=\"--icon-font-size:20px;--icon-color:#ffffff;--icon-background-color: #9b2128;--icon-width: 40px;--icon-height: 40px;--icon-color-hover:#9b2128;--icon-border-color-hover:#9b2128;--icon-background-color-hover:#000000;\"><div class=\"boxes-icon circle\"><a class=\"icon-box-link\" target=\"_blank\" href=\"mailto:bitartekari.debabarrena@daiteke.com\"><span class=\"inner-icon\"><span class=\"icon\"><i class=\"ion-email\"><\/i><\/span><\/span><\/span><\/a><\/div><div class=\"content-inner\"><div class=\"sc-heading article_heading\"><h3 class = \"heading__primary\" style=\"--title-color: #444444;--title-font-size: 14px;--title-font-weight: 700;--title-margin-top: 10px;\"><a class=\"icon-box-link\" target=\"_blank\" href=\"mailto:bitartekari.debabarrena@daiteke.com\">saray.martinez@daiteke.com<\/a><\/h3><\/div><\/div><\/div><\/div><\/div><div class=\"thim-widget-icon-box template-base\"><div class=\"wrapper-box-icon text-left contact_info\" ><div class=\"smicon-box iconbox-left\" style=\"--icon-font-size:20px;--icon-color:#ffffff;--icon-background-color: #9b2128;--icon-width: 40px;--icon-height: 40px;--icon-color-hover:#9b2128;--icon-border-color-hover:#9b2128;--icon-background-color-hover:#000000;\"><div class=\"boxes-icon circle\"><a class=\"icon-box-link\" target=\"_blank\" href=\"tel:747415118\"><span class=\"inner-icon\"><span class=\"icon\"><i class=\"ion-ios-telephone\"><\/i><\/span><\/span><\/span><\/a><\/div><div class=\"content-inner\"><div class=\"sc-heading article_heading\"><h3 class = \"heading__primary\" style=\"--title-color: #444444;--title-font-size: 14px;--title-font-weight: 700;--title-margin-top: 10px;\"><a class=\"icon-box-link\" target=\"_blank\" href=\"tel:747415118\">688 823 782<\/a><\/h3><\/div><\/div><\/div><\/div><\/div><div class=\"thim-widget-icon-box template-base\"><div class=\"wrapper-box-icon text-left contact_info\" ><div class=\"smicon-box iconbox-left\" style=\"--icon-font-size:20px;--icon-color:#ffffff;--icon-background-color: #9b2128;--icon-width: 40px;--icon-height: 40px;--icon-color-hover:#9b2128;--icon-border-color-hover:#9b2128;--icon-background-color-hover:#000000;\"><div class=\"boxes-icon circle\"><a class=\"icon-box-link\" target=\"_blank\" href=\"tel:943203244\"><span class=\"inner-icon\"><span class=\"icon\"><i class=\"ion-ios-telephone\"><\/i><\/span><\/span><\/span><\/a><\/div><div class=\"content-inner\"><div class=\"sc-heading article_heading\"><h3 class = \"heading__primary\" style=\"--title-color: #444444;--title-font-size: 14px;--title-font-weight: 700;--title-margin-top: 10px;\"><a class=\"icon-box-link\" target=\"_blank\" href=\"tel:943203244\">943 20 32 44 (ext. 13083)<\/a><\/h3><\/div><\/div><\/div><\/div><\/div>[\/vc_column_inner][vc_column_inner width=\u00bb1\/3&#8243; css=\u00bb.vc_custom_1588931710341{margin-top: 0px !important;margin-right: 0px !important;margin-bottom: 0px !important;margin-left: 0px !important;border-bottom-width: 30px !important;padding-top: 0px !important;padding-right: 0px !important;padding-bottom: 10px !important;padding-left: 0px !important;background-color: #9b2128 !important;}\u00bb][vc_single_image image=\u00bb19869&#8243; img_size=\u00bbfull\u00bb css=\u00bb.vc_custom_1665486609704{margin-top: 0px !important;margin-right: 0px !important;margin-bottom: 0px !important;margin-left: 0px !important;padding-top: 0px !important;padding-right: 0px !important;padding-bottom: 0px !important;padding-left: 0px !important;}\u00bb][vc_message message_box_style=\u00bbsolid\u00bb style=\u00bbsquare\u00bb message_box_color=\u00bbwhite\u00bb icon_fontawesome=\u00bbfas fa-user-friends\u00bb css=\u00bb.vc_custom_1665486308247{padding-top: 10px !important;padding-bottom: 20px !important;}\u00bb]<strong>Dirigido a:<\/strong> personas desempleadas o en mejora de empleo.[\/vc_message][vc_message message_box_style=\u00bbsolid\u00bb style=\u00bbsquare\u00bb message_box_color=\u00bbwhite\u00bb icon_fontawesome=\u00bbfas fa-chalkboard-teacher\u00bb css=\u00bb.vc_custom_1665486334908{padding-top: 10px !important;padding-bottom: 20px !important;}\u00bb]<strong>Responsables:<\/strong> Saray Mart\u00ednez Escudero[\/vc_message][vc_message message_box_style=\u00bbsolid\u00bb style=\u00bbsquare\u00bb message_box_color=\u00bbwhite\u00bb icon_fontawesome=\u00bbfas fa-hands-helping\u00bb css=\u00bb.vc_custom_1665486351220{padding-top: 10px !important;padding-bottom: 20px !important;}\u00bb]<strong>Colaboradores:<\/strong> Daiteke y Lanbide[\/vc_message][\/vc_column_inner][\/vc_row_inner][\/vc_tta_section][vc_tta_section title=\u00bbFP Dual en Alternancia\u00bb tab_id=\u00bbfp-dual-en-alternancia\u00bb][vc_row_inner gap=\u00bb30&#8243; css=\u00bb.vc_custom_1750175906039{padding-top: 0px !important;padding-bottom: 0px !important;background-color: #FFFFFF !important;}\u00bb][vc_column_inner width=\u00bb2\/3&#8243; css=\u00bb.vc_custom_1606819368917{margin-top: 0px !important;padding-top: 0px !important;padding-right: 35px !important;}\u00bb]<div class=\"thim-widget-heading template-base\"><div class=\"sc_heading  text-left\"><h2 style=\"color:#9b2128;font-size:35px;font-weight:bold;font-style:normal;\" class=\"title\">FP Dual en Alternacia<\/h2><span style=\"background-color:#9b2128\" class=\"line\"><\/span><\/div><\/div>[vc_column_text css=\u00bb\u00bb]La FP Dual en alternancia estrecha las relaci\u00f3n entre el profesorado, los centros y las empresas para formar nuevos profesionales altamente cualificados y preparados para el mundo laboral actual.<\/p>\n<p><strong>Beneficios para el alumno<\/strong><\/p>\n<ul>\n<li>El alumnado aprende y adquiere una gran experiencia laboral en situaciones reales de trabajo.<\/li>\n<li>Perciben una retribuci\u00f3n proporcional a la jornada realizada, seg\u00fan contrato o convenio, e inician su vida laboral cotizando a la Seguridad Social.<\/li>\n<li>Mejora la empleabilidad.<\/li>\n<\/ul>\n<p><strong>Beneficios para la empresa<\/strong><\/p>\n<ul>\n<li>Formaci\u00f3n de personal cualificado, adaptado a las necesidades del tejido productivo de las empresas, sus procesos y su cultura empresarial.<\/li>\n<li>Ayuda a la empresa a conocer al alumnado a trav\u00e9s del programa<\/li>\n<li>Facilita el relevo generacional en la empresa.<\/li>\n<\/ul>\n<p>M\u00e1s informaci\u00f3n en la <a href=\"https:\/\/www.fpeuskadidual.eus\/que-es-la-fp-dual\/\" target=\"_blank\" rel=\"noopener\">p\u00e1gina web de Educaci\u00f3n.<\/a><\/p>\n<p>Si es empresario y le interesa disponer de alumnos para realizar la Dual, rellene el<a href=\"https:\/\/docs.google.com\/forms\/d\/1svG__l0qwfgcf4utlvocgVewYDa9pzUxiDA4cXUH-sg\/viewform?gxids=7628&amp;edit_requested=true\" target=\"_blank\" rel=\"noopener\"> formulario.<\/a><\/p>\n<p><img loading=\"lazy\" decoding=\"async\" class=\"alignnone wp-image-21098 size-full\" src=\"https:\/\/armeriaeskola.eus\/wp-content\/uploads\/A4_ARMERIA-ESKOLA_CAS_EUS_BAJAN-1-1_page-0001.jpg\" alt=\"\" width=\"1241\" height=\"1754\" srcset=\"https:\/\/armeriaeskola.eus\/wp-content\/uploads\/A4_ARMERIA-ESKOLA_CAS_EUS_BAJAN-1-1_page-0001.jpg 1241w, https:\/\/armeriaeskola.eus\/wp-content\/uploads\/A4_ARMERIA-ESKOLA_CAS_EUS_BAJAN-1-1_page-0001-212x300.jpg 212w, https:\/\/armeriaeskola.eus\/wp-content\/uploads\/A4_ARMERIA-ESKOLA_CAS_EUS_BAJAN-1-1_page-0001-725x1024.jpg 725w, https:\/\/armeriaeskola.eus\/wp-content\/uploads\/A4_ARMERIA-ESKOLA_CAS_EUS_BAJAN-1-1_page-0001-768x1085.jpg 768w, https:\/\/armeriaeskola.eus\/wp-content\/uploads\/A4_ARMERIA-ESKOLA_CAS_EUS_BAJAN-1-1_page-0001-1087x1536.jpg 1087w\" sizes=\"auto, (max-width: 1241px) 100vw, 1241px\" \/>[\/vc_column_text]<div class=\"thim-widget-icon-box template-base\"><div class=\"wrapper-box-icon text-left contact_info\" ><div class=\"smicon-box iconbox-left\" style=\"--icon-font-size:20px;--icon-color:#ffffff;--icon-background-color: #9b2128;--icon-width: 40px;--icon-height: 40px;--icon-color-hover:#9b2128;--icon-border-color-hover:#9b2128;--icon-background-color-hover:#000000;\"><div class=\"boxes-icon circle\"><a class=\"icon-box-link\" target=\"_blank\" href=\"mailto:Fctdual@armeriaeskola.eus\"><span class=\"inner-icon\"><span class=\"icon\"><i class=\"ion-email\"><\/i><\/span><\/span><\/span><\/a><\/div><div class=\"content-inner\"><div class=\"sc-heading article_heading\"><h3 class = \"heading__primary\" style=\"--title-color: #444444;--title-font-size: 14px;--title-font-weight: 700;--title-margin-top: 10px;\"><a class=\"icon-box-link\" target=\"_blank\" href=\"mailto:Fctdual@armeriaeskola.eus\">Fctdual@armeriaeskola.eus<\/a><\/h3><\/div><\/div><\/div><\/div><\/div>[\/vc_column_inner][vc_column_inner width=\u00bb1\/3&#8243; css=\u00bb.vc_custom_1588931710341{margin-top: 0px !important;margin-right: 0px !important;margin-bottom: 0px !important;margin-left: 0px !important;border-bottom-width: 30px !important;padding-top: 0px !important;padding-right: 0px !important;padding-bottom: 10px !important;padding-left: 0px !important;background-color: #9b2128 !important;}\u00bb][vc_single_image image=\u00bb15749&#8243; img_size=\u00bbfull\u00bb css=\u00bb.vc_custom_1612796256326{margin-top: 0px !important;margin-right: 0px !important;margin-bottom: 0px !important;margin-left: 0px !important;padding-top: 0px !important;padding-right: 0px !important;padding-bottom: 0px !important;padding-left: 0px !important;}\u00bb][vc_message message_box_style=\u00bbsolid\u00bb style=\u00bbsquare\u00bb message_box_color=\u00bbwhite\u00bb icon_fontawesome=\u00bbfas fa-user-friends\u00bb css=\u00bb.vc_custom_1612794794650{padding-top: 10px !important;padding-bottom: 20px !important;}\u00bb]<strong>Dirigido a:<\/strong> Empresas de la comarca y alumnado de Armeria Eskola[\/vc_message][vc_message message_box_style=\u00bbsolid\u00bb style=\u00bbsquare\u00bb message_box_color=\u00bbwhite\u00bb icon_fontawesome=\u00bbfas fa-chalkboard-teacher\u00bb css=\u00bb.vc_custom_1612794747338{padding-top: 10px !important;padding-bottom: 20px !important;}\u00bb]<strong>Responsable:<\/strong> Joseba Zuazo Urionaguena[\/vc_message][vc_message message_box_style=\u00bbsolid\u00bb style=\u00bbsquare\u00bb message_box_color=\u00bbwhite\u00bb icon_fontawesome=\u00bbfas fa-hands-helping\u00bb css=\u00bb.vc_custom_1612794785650{padding-top: 10px !important;padding-bottom: 20px !important;}\u00bb]<strong>Colaboradores:<\/strong> Empresas de la comarca[\/vc_message][\/vc_column_inner][\/vc_row_inner][\/vc_tta_section][\/vc_tta_tour][\/vc_column][\/vc_row]<\/p>\n<\/div>","protected":false},"excerpt":{"rendered":"<p>[vc_row][vc_column][vc_tta_tour style=\u00bbflat\u00bb shape=\u00bbsquare\u00bb color=\u00bbwhite\u00bb spacing=\u00bb\u00bb controls_size=\u00bbsm\u00bb active_section=\u00bb1&#8243; no_fill_content_area=\u00bbtrue\u00bb][vc_tta_section title=\u00bbBolsa de trabajo\u00bb tab_id=\u00bbbolsa-de-trabajo\u00bb][vc_row_inner gap=\u00bb30&#8243; css=\u00bb.vc_custom_1750175846219{padding-top: 0px !important;padding-bottom: 0px !important;background-color: #FFFFFF !important;}\u00bb][vc_column_inner width=\u00bb2\/3&#8243; css=\u00bb.vc_custom_1606819340521{margin-top: 0px !important;padding-top: 0px !important;padding-right: 35px !important;}\u00bb][vc_column_text css=\u00bb\u00bb] La bolsa de trabajo es un servicio que se ofrece a &hellip; <\/p>\n","protected":false},"author":1,"featured_media":14552,"parent":0,"menu_order":7,"comment_status":"closed","ping_status":"closed","template":"","meta":{"_acf_changed":false,"rs_blank_template":"","rs_page_bg_color":"","slide_template_v7":"","footnotes":""},"class_list":["post-7608","page","type-page","status-publish","has-post-thumbnail","hentry"],"acf":[],"yoast_head":"<!-- This site is optimized with the Yoast SEO plugin v27.4 - https:\/\/yoast.com\/product\/yoast-seo-wordpress\/ -->\n<title>Todos los SERVICIOS ofrecidos por el CIFP Armeria Eskola<\/title>\n<meta name=\"description\" content=\"Estos son los servicios ofrecidos: Bolsa de Trabajo, Urratsabat, TKgune, Informaci\u00f3n y Orientaci\u00f3n y el Museo Eskadra Zaharra.\" \/>\n<meta name=\"robots\" content=\"index, follow, max-snippet:-1, max-image-preview:large, max-video-preview:-1\" \/>\n<link rel=\"canonical\" href=\"https:\/\/armeriaeskola.eus\/es\/servicios\/\" \/>\n<meta property=\"og:locale\" content=\"es_ES\" \/>\n<meta property=\"og:type\" content=\"article\" \/>\n<meta property=\"og:title\" content=\"Todos los SERVICIOS ofrecidos por el CIFP Armeria Eskola\" \/>\n<meta property=\"og:description\" content=\"Estos son los servicios ofrecidos: Bolsa de Trabajo, Urratsabat, TKgune, Informaci\u00f3n y Orientaci\u00f3n y el Museo Eskadra Zaharra.\" \/>\n<meta property=\"og:url\" content=\"https:\/\/armeriaeskola.eus\/es\/servicios\/\" \/>\n<meta property=\"og:site_name\" content=\"Armeria Eskola\" \/>\n<meta property=\"article:publisher\" content=\"https:\/\/www.facebook.com\/armeriaeskola\" \/>\n<meta property=\"article:modified_time\" content=\"2026-04-29T11:28:16+00:00\" \/>\n<meta property=\"og:image\" content=\"https:\/\/armeriaeskola.eus\/wp-content\/uploads\/lan-eskaintzak.jpg\" \/>\n\t<meta property=\"og:image:width\" content=\"870\" \/>\n\t<meta property=\"og:image:height\" content=\"445\" \/>\n\t<meta property=\"og:image:type\" content=\"image\/jpeg\" \/>\n<meta name=\"twitter:card\" content=\"summary_large_image\" \/>\n<meta name=\"twitter:site\" content=\"@ArmeriaEskola\" \/>\n<meta name=\"twitter:label1\" content=\"Tiempo de lectura\" \/>\n\t<meta name=\"twitter:data1\" content=\"13 minutos\" \/>\n<script type=\"application\/ld+json\" class=\"yoast-schema-graph\">{\"@context\":\"https:\\\/\\\/schema.org\",\"@graph\":[{\"@type\":\"WebPage\",\"@id\":\"https:\\\/\\\/armeriaeskola.eus\\\/es\\\/servicios\\\/\",\"url\":\"https:\\\/\\\/armeriaeskola.eus\\\/es\\\/servicios\\\/\",\"name\":\"Todos los SERVICIOS ofrecidos por el CIFP Armeria Eskola\",\"isPartOf\":{\"@id\":\"https:\\\/\\\/armeriaeskola.eus\\\/#website\"},\"primaryImageOfPage\":{\"@id\":\"https:\\\/\\\/armeriaeskola.eus\\\/es\\\/servicios\\\/#primaryimage\"},\"image\":{\"@id\":\"https:\\\/\\\/armeriaeskola.eus\\\/es\\\/servicios\\\/#primaryimage\"},\"thumbnailUrl\":\"https:\\\/\\\/armeriaeskola.eus\\\/wp-content\\\/uploads\\\/lan-eskaintzak.jpg\",\"datePublished\":\"2018-04-05T14:34:22+00:00\",\"dateModified\":\"2026-04-29T11:28:16+00:00\",\"description\":\"Estos son los servicios ofrecidos: Bolsa de Trabajo, Urratsabat, TKgune, Informaci\u00f3n y Orientaci\u00f3n y el Museo Eskadra Zaharra.\",\"breadcrumb\":{\"@id\":\"https:\\\/\\\/armeriaeskola.eus\\\/es\\\/servicios\\\/#breadcrumb\"},\"inLanguage\":\"es\",\"potentialAction\":[{\"@type\":\"ReadAction\",\"target\":[\"https:\\\/\\\/armeriaeskola.eus\\\/es\\\/servicios\\\/\"]}]},{\"@type\":\"ImageObject\",\"inLanguage\":\"es\",\"@id\":\"https:\\\/\\\/armeriaeskola.eus\\\/es\\\/servicios\\\/#primaryimage\",\"url\":\"https:\\\/\\\/armeriaeskola.eus\\\/wp-content\\\/uploads\\\/lan-eskaintzak.jpg\",\"contentUrl\":\"https:\\\/\\\/armeriaeskola.eus\\\/wp-content\\\/uploads\\\/lan-eskaintzak.jpg\",\"width\":870,\"height\":445},{\"@type\":\"BreadcrumbList\",\"@id\":\"https:\\\/\\\/armeriaeskola.eus\\\/es\\\/servicios\\\/#breadcrumb\",\"itemListElement\":[{\"@type\":\"ListItem\",\"position\":1,\"name\":\"Portada\",\"item\":\"https:\\\/\\\/armeriaeskola.eus\\\/es\\\/\"},{\"@type\":\"ListItem\",\"position\":2,\"name\":\"Servicios\"}]},{\"@type\":\"WebSite\",\"@id\":\"https:\\\/\\\/armeriaeskola.eus\\\/#website\",\"url\":\"https:\\\/\\\/armeriaeskola.eus\\\/\",\"name\":\"Armeria Eskola\",\"description\":\"Centro Integral P\u00fablico de Formaci\u00f3n Profesional\",\"publisher\":{\"@id\":\"https:\\\/\\\/armeriaeskola.eus\\\/#organization\"},\"potentialAction\":[{\"@type\":\"SearchAction\",\"target\":{\"@type\":\"EntryPoint\",\"urlTemplate\":\"https:\\\/\\\/armeriaeskola.eus\\\/?s={search_term_string}\"},\"query-input\":{\"@type\":\"PropertyValueSpecification\",\"valueRequired\":true,\"valueName\":\"search_term_string\"}}],\"inLanguage\":\"es\"},{\"@type\":\"Organization\",\"@id\":\"https:\\\/\\\/armeriaeskola.eus\\\/#organization\",\"name\":\"Armeria Eskola\",\"url\":\"https:\\\/\\\/armeriaeskola.eus\\\/\",\"logo\":{\"@type\":\"ImageObject\",\"inLanguage\":\"es\",\"@id\":\"https:\\\/\\\/armeriaeskola.eus\\\/#\\\/schema\\\/logo\\\/image\\\/\",\"url\":\"https:\\\/\\\/armeriaeskola.eus\\\/wp-content\\\/uploads\\\/armeria-eskola-youtube1.jpg\",\"contentUrl\":\"https:\\\/\\\/armeriaeskola.eus\\\/wp-content\\\/uploads\\\/armeria-eskola-youtube1.jpg\",\"width\":1000,\"height\":501,\"caption\":\"Armeria Eskola\"},\"image\":{\"@id\":\"https:\\\/\\\/armeriaeskola.eus\\\/#\\\/schema\\\/logo\\\/image\\\/\"},\"sameAs\":[\"https:\\\/\\\/www.facebook.com\\\/armeriaeskola\",\"https:\\\/\\\/x.com\\\/ArmeriaEskola\",\"https:\\\/\\\/www.instagram.com\\\/armeriaeskola\\\/\",\"https:\\\/\\\/www.linkedin.com\\\/company\\\/asociaciondearmeriaeskola\\\/\",\"https:\\\/\\\/www.youtube.com\\\/user\\\/100armeriaeskola\"]}]}<\/script>\n<!-- \/ Yoast SEO plugin. -->","yoast_head_json":{"title":"Todos los SERVICIOS ofrecidos por el CIFP Armeria Eskola","description":"Estos son los servicios ofrecidos: Bolsa de Trabajo, Urratsabat, TKgune, Informaci\u00f3n y Orientaci\u00f3n y el Museo Eskadra Zaharra.","robots":{"index":"index","follow":"follow","max-snippet":"max-snippet:-1","max-image-preview":"max-image-preview:large","max-video-preview":"max-video-preview:-1"},"canonical":"https:\/\/armeriaeskola.eus\/es\/servicios\/","og_locale":"es_ES","og_type":"article","og_title":"Todos los SERVICIOS ofrecidos por el CIFP Armeria Eskola","og_description":"Estos son los servicios ofrecidos: Bolsa de Trabajo, Urratsabat, TKgune, Informaci\u00f3n y Orientaci\u00f3n y el Museo Eskadra Zaharra.","og_url":"https:\/\/armeriaeskola.eus\/es\/servicios\/","og_site_name":"Armeria Eskola","article_publisher":"https:\/\/www.facebook.com\/armeriaeskola","article_modified_time":"2026-04-29T11:28:16+00:00","og_image":[{"width":870,"height":445,"url":"https:\/\/armeriaeskola.eus\/wp-content\/uploads\/lan-eskaintzak.jpg","type":"image\/jpeg"}],"twitter_card":"summary_large_image","twitter_site":"@ArmeriaEskola","twitter_misc":{"Tiempo de lectura":"13 minutos"},"schema":{"@context":"https:\/\/schema.org","@graph":[{"@type":"WebPage","@id":"https:\/\/armeriaeskola.eus\/es\/servicios\/","url":"https:\/\/armeriaeskola.eus\/es\/servicios\/","name":"Todos los SERVICIOS ofrecidos por el CIFP Armeria Eskola","isPartOf":{"@id":"https:\/\/armeriaeskola.eus\/#website"},"primaryImageOfPage":{"@id":"https:\/\/armeriaeskola.eus\/es\/servicios\/#primaryimage"},"image":{"@id":"https:\/\/armeriaeskola.eus\/es\/servicios\/#primaryimage"},"thumbnailUrl":"https:\/\/armeriaeskola.eus\/wp-content\/uploads\/lan-eskaintzak.jpg","datePublished":"2018-04-05T14:34:22+00:00","dateModified":"2026-04-29T11:28:16+00:00","description":"Estos son los servicios ofrecidos: Bolsa de Trabajo, Urratsabat, TKgune, Informaci\u00f3n y Orientaci\u00f3n y el Museo Eskadra Zaharra.","breadcrumb":{"@id":"https:\/\/armeriaeskola.eus\/es\/servicios\/#breadcrumb"},"inLanguage":"es","potentialAction":[{"@type":"ReadAction","target":["https:\/\/armeriaeskola.eus\/es\/servicios\/"]}]},{"@type":"ImageObject","inLanguage":"es","@id":"https:\/\/armeriaeskola.eus\/es\/servicios\/#primaryimage","url":"https:\/\/armeriaeskola.eus\/wp-content\/uploads\/lan-eskaintzak.jpg","contentUrl":"https:\/\/armeriaeskola.eus\/wp-content\/uploads\/lan-eskaintzak.jpg","width":870,"height":445},{"@type":"BreadcrumbList","@id":"https:\/\/armeriaeskola.eus\/es\/servicios\/#breadcrumb","itemListElement":[{"@type":"ListItem","position":1,"name":"Portada","item":"https:\/\/armeriaeskola.eus\/es\/"},{"@type":"ListItem","position":2,"name":"Servicios"}]},{"@type":"WebSite","@id":"https:\/\/armeriaeskola.eus\/#website","url":"https:\/\/armeriaeskola.eus\/","name":"Armeria Eskola","description":"Centro Integral P\u00fablico de Formaci\u00f3n Profesional","publisher":{"@id":"https:\/\/armeriaeskola.eus\/#organization"},"potentialAction":[{"@type":"SearchAction","target":{"@type":"EntryPoint","urlTemplate":"https:\/\/armeriaeskola.eus\/?s={search_term_string}"},"query-input":{"@type":"PropertyValueSpecification","valueRequired":true,"valueName":"search_term_string"}}],"inLanguage":"es"},{"@type":"Organization","@id":"https:\/\/armeriaeskola.eus\/#organization","name":"Armeria Eskola","url":"https:\/\/armeriaeskola.eus\/","logo":{"@type":"ImageObject","inLanguage":"es","@id":"https:\/\/armeriaeskola.eus\/#\/schema\/logo\/image\/","url":"https:\/\/armeriaeskola.eus\/wp-content\/uploads\/armeria-eskola-youtube1.jpg","contentUrl":"https:\/\/armeriaeskola.eus\/wp-content\/uploads\/armeria-eskola-youtube1.jpg","width":1000,"height":501,"caption":"Armeria Eskola"},"image":{"@id":"https:\/\/armeriaeskola.eus\/#\/schema\/logo\/image\/"},"sameAs":["https:\/\/www.facebook.com\/armeriaeskola","https:\/\/x.com\/ArmeriaEskola","https:\/\/www.instagram.com\/armeriaeskola\/","https:\/\/www.linkedin.com\/company\/asociaciondearmeriaeskola\/","https:\/\/www.youtube.com\/user\/100armeriaeskola"]}]}},"_links":{"self":[{"href":"https:\/\/armeriaeskola.eus\/es\/wp-json\/wp\/v2\/pages\/7608","targetHints":{"allow":["GET"]}}],"collection":[{"href":"https:\/\/armeriaeskola.eus\/es\/wp-json\/wp\/v2\/pages"}],"about":[{"href":"https:\/\/armeriaeskola.eus\/es\/wp-json\/wp\/v2\/types\/page"}],"author":[{"embeddable":true,"href":"https:\/\/armeriaeskola.eus\/es\/wp-json\/wp\/v2\/users\/1"}],"replies":[{"embeddable":true,"href":"https:\/\/armeriaeskola.eus\/es\/wp-json\/wp\/v2\/comments?post=7608"}],"version-history":[{"count":293,"href":"https:\/\/armeriaeskola.eus\/es\/wp-json\/wp\/v2\/pages\/7608\/revisions"}],"predecessor-version":[{"id":27063,"href":"https:\/\/armeriaeskola.eus\/es\/wp-json\/wp\/v2\/pages\/7608\/revisions\/27063"}],"wp:featuredmedia":[{"embeddable":true,"href":"https:\/\/armeriaeskola.eus\/es\/wp-json\/wp\/v2\/media\/14552"}],"wp:attachment":[{"href":"https:\/\/armeriaeskola.eus\/es\/wp-json\/wp\/v2\/media?parent=7608"}],"curies":[{"name":"wp","href":"https:\/\/api.w.org\/{rel}","templated":true}]}}