{"id":2901,"date":"2015-11-18T08:34:00","date_gmt":"2015-11-18T07:34:00","guid":{"rendered":"http:\/\/demo.thimpress.com\/eduma\/?page_id=2901"},"modified":"2025-06-18T17:46:37","modified_gmt":"2025-06-18T15:46:37","slug":"el-centro","status":"publish","type":"page","link":"https:\/\/armeriaeskola.eus\/es\/el-centro\/","title":{"rendered":"El centro"},"content":{"rendered":"<div class=\"wpb-content-wrapper\"><p>[vc_row full_width=\u00bbstretch_row_content\u00bb content_placement=\u00bbmiddle\u00bb css=\u00bb.vc_custom_1603101073757{padding-top: 40px !important;background-color: #e6e6e4 !important;}\u00bb el_id=\u00bbpresentacion\u00bb el_class=\u00bbcajagris1&#8243;][vc_column width=\u00bb1\/2&#8243; css=\u00bb.vc_custom_1582027590625{margin-bottom: 0px !important;padding-bottom: 0px !important;}\u00bb][vc_single_image image=\u00bb10094&#8243; img_size=\u00bbfull\u00bb alignment=\u00bbcenter\u00bb el_class=\u00bbimagenarmeria\u00bb][\/vc_column][vc_column width=\u00bb5\/12&#8243;][vc_row_inner][vc_column_inner][vc_single_image image=\u00bb11696&#8243; img_size=\u00bbfull\u00bb el_class=\u00bbelcentro1 nomovil\u00bb][vc_single_image image=\u00bb9420&#8243; img_size=\u00bbfull\u00bb el_class=\u00bbnomovil\u00bb][vc_custom_heading text=\u00bb<strong>Armeria Eskola es un Centro P\u00fablico Integrado de Formaci\u00f3n Profesional.<\/strong> Estamos ubicados en Eibar y ofrecemos formaci\u00f3n al sector industrial por medio de ciclos de grado medio y superior, especializaciones y formaci\u00f3n para el empleo.\u00bb font_container=\u00bbtag:h2|font_size:30px|text_align:left|color:%23a12e33|line_height:40px\u00bb google_fonts=\u00bbfont_family:Roboto%3A100%2C100italic%2C300%2C300italic%2Cregular%2Citalic%2C500%2C500italic%2C700%2C700italic%2C900%2C900italic|font_style:400%20regular%3A400%3Anormal\u00bb][\/vc_column_inner][\/vc_row_inner][\/vc_column][vc_column width=\u00bb1\/12&#8243;][\/vc_column][\/vc_row][vc_row gap=\u00bb30&#8243; equal_height=\u00bbyes\u00bb content_placement=\u00bbmiddle\u00bb][vc_column width=\u00bb1\/3&#8243;][vc_row_inner equal_height=\u00bbyes\u00bb content_placement=\u00bbmiddle\u00bb css=\u00bb.vc_custom_1586853691084{border-top-width: 2px !important;border-right-width: 2px !important;border-bottom-width: 2px !important;border-left-width: 2px !important;padding-top: 0px !important;padding-right: 30px !important;padding-bottom: 0px !important;padding-left: 30px !important;border-left-color: #a52029 !important;border-left-style: solid !important;border-right-color: #a52029 !important;border-right-style: solid !important;border-top-color: #a52029 !important;border-top-style: solid !important;border-bottom-color: #a52029 !important;border-bottom-style: solid !important;}\u00bb][vc_column_inner][vc_single_image image=\u00bb9427&#8243; img_size=\u00bbfull\u00bb css=\u00bb.vc_custom_1579961503307{margin-bottom: 5px !important;}\u00bb][vc_custom_heading text=\u00bb<strong>Nuestra actividad est\u00e1 centrada en la cualificaci\u00f3n de las personas y en ayudar a las empresas para que sean m\u00e1s competitivas.<\/strong>\u00bb font_container=\u00bbtag:p|font_size:24px|text_align:left|color:%23a12e33|line_height:30px\u00bb google_fonts=\u00bbfont_family:Roboto%3A100%2C100italic%2C300%2C300italic%2Cregular%2Citalic%2C500%2C500italic%2C700%2C700italic%2C900%2C900italic|font_style:700%20bold%20regular%3A700%3Anormal\u00bb][vc_single_image image=\u00bb9424&#8243; img_size=\u00bbfull\u00bb alignment=\u00bbright\u00bb][\/vc_column_inner][\/vc_row_inner][\/vc_column][vc_column width=\u00bb2\/3&#8243;][vc_column_text el_class=\u00bbtextocentro\u00bb]<\/p>\n<p style=\"text-align: justify;\">En Armeria Eskola queremos reivindicar nuestro car\u00e1cter eibarr\u00e9s, que es nuestra se\u00f1a de identidad. Frente a planteamientos uniformizadores, nuestra marca Eibar y nuestro lema \u00ab<strong>Ondo Egindako Lana<\/strong>\u00bb resume perfectamente cu\u00e1l es el papel de Armeria Eskola.<\/p>\n<p style=\"text-align: justify;\">Entendemos el centro como un ecosistema, porque nos gustar\u00eda combinar la diversidad, la vitalidad, la colaboraci\u00f3n, la superaci\u00f3n de obst\u00e1culos y la pasi\u00f3n por avanzar con espacios, equipamientos y din\u00e1micas adaptadas a ello. Sabiendo que nuestra actividad y car\u00e1cter se centra en la cualificaci\u00f3n de las personas y en ayudar a que las empresas sean m\u00e1s competitivas, nos gustar\u00eda enriquecer el camino para llevarlo a cabo y vivir en una sociedad din\u00e1mica, cohesionada y moderna.<\/p>\n<p style=\"text-align: justify;\">Hemos obtenido los premios m\u00e1s importantes (corbata de Alfonso X el Sabio, Medalla de Oro de Gipuzkoa, Lan Onari \u2026). Nos sentimos orgullosos del servicio que durante m\u00e1s de 100 a\u00f1os hemos prestado a Eibar y a la sociedad de nuestro entorno, as\u00ed como del trabajo que nuestros alumnos y alumnas han realizado y est\u00e1n realizando como agentes transformadores de la realidad econ\u00f3mica y social. Cabe destacar la creaci\u00f3n de m\u00e1s de 400 empresas por parte de este alumnado.<\/p>\n<p style=\"text-align: justify;\">Ofrecemos nuestros servicios con est\u00e1ndares de calidad internacionales, nuestra oferta es ambiciosa y actualizada. Apostamos por una Formaci\u00f3n Profesional de calidad y libre de estigmas, adaptada a las necesidades reales de nuestro tejido industrial, como expresi\u00f3n de nuestra vocaci\u00f3n de servicio p\u00fablico.<\/p>\n<p>[\/vc_column_text][vc_video link=\u00bbhttps:\/\/www.youtube.com\/watch?v=d1Y57hZJNqs\u00bb][vc_empty_space height=\u00bb40px\u00bb][\/vc_column][\/vc_row][vc_row gap=\u00bb30&#8243; equal_height=\u00bbyes\u00bb content_placement=\u00bbmiddle\u00bb css=\u00bb.vc_custom_1579971432148{margin-top: 0px !important;padding-top: 0px !important;}\u00bb][vc_column width=\u00bb1\/3&#8243;][\/vc_column][vc_column width=\u00bb2\/3&#8243;][\/vc_column][\/vc_row][vc_row full_width=\u00bbstretch_row\u00bb css=\u00bb.vc_custom_1588010347703{background-image: url(\/wp-content\/uploads\/2020\/04\/fondo-letras-contacto.png?id=11699) !important;background-position: 0 0 !important;background-repeat: no-repeat !important;}\u00bb el_id=\u00bbcontacto-y-localizacion\u00bb][vc_column]<div class=\"thim-widget-heading template-base\"><div class=\"sc_heading  text-left\"><h2 style=\"color:#a12e33;font-size:35px;font-weight:700;font-style:normal;\" class=\"title\">Contacto y localizaci\u00f3n<\/h2><span style=\"background-color:#a12e33\" class=\"line\"><\/span><\/div><\/div>[vc_empty_space height=\u00bb10px\u00bb][vc_row_inner equal_height=\u00bbyes\u00bb content_placement=\u00bbmiddle\u00bb][vc_column_inner width=\u00bb2\/3&#8243;][vc_gmaps link=\u00bb#E-8_JTNDaWZyYW1lJTIwc3JjJTNEJTIyaHR0cHMlM0ElMkYlMkZ3d3cuZ29vZ2xlLmNvbSUyRm1hcHMlMkZlbWJlZCUzRnBiJTNEJTIxMW0xOCUyMTFtMTIlMjExbTMlMjExZDIwNTcuMTE5ODQ1MDkyOTk5JTIxMmQtMi40ODEzMjE4MDY2MjQ1NDYlMjEzZDQzLjE4NDE3MTc5ODEzMDE2JTIxMm0zJTIxMWYwJTIxMmYwJTIxM2YwJTIxM20yJTIxMWkxMDI0JTIxMmk3NjglMjE0ZjEzLjElMjEzbTMlMjExbTIlMjExczB4ZDRlMmE4YmM2MGY2MjMzJTI1M0EweDViZmI5NWFjODU1ZmY3ZjAlMjEyc0FybWVyaWElMjUyMEVza29sYSUyMTVlMCUyMTNtMiUyMTFzZXMlMjEyc2VzJTIxNHYxNTc3MDkxNTcwMTYyJTIxNW0yJTIxMXNlcyUyMTJzZXMlMjIlMjB3aWR0aCUzRCUyMjYwMCUyMiUyMGhlaWdodCUzRCUyMjQ1MCUyMiUyMGZyYW1lYm9yZGVyJTNEJTIyMCUyMiUyMHN0eWxlJTNEJTIyYm9yZGVyJTNBMCUzQiUyMiUyMGFsbG93ZnVsbHNjcmVlbiUzRCUyMiUyMiUzRSUzQyUyRmlmcmFtZSUzRQ==\u00bb][vc_empty_space height=\u00bb20px\u00bb][\/vc_column_inner][vc_column_inner width=\u00bb1\/3&#8243;][mvc_infobox info_style=\u00bbmega_info_box_2&#8243; title_color=\u00bb#000000&#8243; info_title=\u00bbD\u00f3nde estamos\u00bb title_size=\u00bb18&#8243; image_id=\u00bb9457&#8243;]<strong>Armeria Eskola<br \/>\n<\/strong>C\/ Isasi, 36 20600, Eibar<br \/>\nTel. <a href=\"tel:943203244\">943 203 244<\/a><br \/>\n<a href=\"mailto:eibar@armeriaeskola.com\">eibar@armeriaeskola.eus<\/a>[\/mvc_infobox][vc_empty_space height=\u00bb40px\u00bb][mvc_infobox info_style=\u00bbmega_info_box_2&#8243; title_color=\u00bb#000000&#8243; info_title=\u00bbHorario de oficina\u00bb title_size=\u00bb18&#8243; image_id=\u00bb9454&#8243;]<strong>Ma\u00f1anas<\/strong>, 9:00h a 14:00h<br \/>\n<strong>Tardes<\/strong>, 15:00h a 17:00h<br \/>\nViernes por la tarde cerrado[\/mvc_infobox][\/vc_column_inner][\/vc_row_inner][\/vc_column][\/vc_row][vc_row full_width=\u00bbstretch_row_content\u00bb css=\u00bb.vc_custom_1603101103796{margin-top: 0px !important;margin-right: 0px !important;margin-bottom: 0px !important;margin-left: 0px !important;padding-top: 0px !important;padding-right: 0px !important;padding-bottom: 0px !important;padding-left: 0px !important;}\u00bb el_id=\u00bbmision-vision-y-valores\u00bb el_class=\u00bbmarginbottomno\u00bb][vc_column css=\u00bb.vc_custom_1579971556485{margin-top: 0px !important;margin-bottom: 0px !important;margin-left: 0px !important;padding-top: 0px !important;padding-bottom: 0px !important;padding-left: 0px !important;}\u00bb][vc_single_image image=\u00bb9436&#8243; img_size=\u00bbfull\u00bb alignment=\u00bbcenter\u00bb css=\u00bb.vc_custom_1579971561765{margin-top: 0px !important;margin-right: 0px !important;margin-bottom: 0px !important;margin-left: 0px !important;border-top-width: 0px !important;border-bottom-width: 0px !important;padding-top: 0px !important;padding-right: 0px !important;padding-bottom: 0px !important;padding-left: 0px !important;}\u00bb][\/vc_column][\/vc_row][vc_row full_width=\u00bbstretch_row\u00bb content_placement=\u00bbmiddle\u00bb css=\u00bb.vc_custom_1603101110385{margin-top: 0px !important;margin-right: 0px !important;margin-bottom: 0px !important;margin-left: 0px !important;padding-top: 0px !important;padding-right: 0px !important;padding-bottom: 0px !important;padding-left: 0px !important;background-color: #e6e6e4 !important;}\u00bb el_class=\u00bbmarginbottomno cajagris1&#8243;][vc_column css=\u00bb.vc_custom_1579970038248{margin-top: 0px !important;padding-top: 0px !important;padding-right: 0px !important;padding-left: 0px !important;}\u00bb][vc_empty_space height=\u00bb10px\u00bb]<div class=\"thim-widget-heading template-base\"><div class=\"sc_heading  text-center\"><h2 style=\"color:#a12e33;font-size:35px;font-weight:700;font-style:normal;\" class=\"title\">Visi\u00f3n y Misi\u00f3n<\/h2><span style=\"background-color:#a12e33\" class=\"line\"><\/span><\/div><\/div>[vc_empty_space height=\u00bb40px\u00bb][vc_row_inner el_class=\u00bbmaxwidth1&#8243;][vc_column_inner width=\u00bb1\/3&#8243;][mvc_infobox title_color=\u00bb#a12e33&#8243; image_id=\u00bb11676&#8243; info_title=\u00bbContextualizaci\u00f3n\u00bb title_size=\u00bb25&#8243;]<\/p>\n<p style=\"text-align: center;\">Somos un centro p\u00fablico e integrado de formaci\u00f3n profesional adaptado a las necesidades de la sociedad actual.<\/p>\n<p>[\/mvc_infobox][\/vc_column_inner][vc_column_inner width=\u00bb1\/3&#8243;][mvc_infobox title_color=\u00bb#a12e33&#8243; image_id=\u00bb11667&#8243; info_title=\u00bbMisi\u00f3n\u00bb title_size=\u00bb25&#8243; caption_url=\u00bb\u00bb]<\/p>\n<div class=\"mega_info_box mega-info-box-381 nonesss nones \">\n<div class=\"mega-info-footer\">\n<div class=\"mega-info-desc\">\n<p>Formar personas responsables con cercan\u00eda y profesionalidad para construir una sociedad mejor.<\/p>\n<\/div>\n<\/div>\n<\/div>\n<p>[\/mvc_infobox][\/vc_column_inner][vc_column_inner width=\u00bb1\/3&#8243;][mvc_infobox title_color=\u00bb#a12e33&#8243; image_id=\u00bb11664&#8243; info_title=\u00bbVisi\u00f3n\u00bb title_size=\u00bb25&#8243;]<\/p>\n<p style=\"text-align: center;\">Queremos ser un centro que dinamice la sociedad, que garantice la cualificaci\u00f3n de las personas y la competitividad de las empresas. Queremos crear un ecosistema innovador para lograr una sociedad desarrollada y cohesionada.<\/p>\n<p>[\/mvc_infobox][\/vc_column_inner][\/vc_row_inner][\/vc_column][\/vc_row][vc_row full_width=\u00bbstretch_row_content\u00bb css=\u00bb.vc_custom_1579971550414{margin-top: 0px !important;margin-right: 0px !important;margin-bottom: 0px !important;margin-left: 0px !important;padding-top: 0px !important;padding-right: 0px !important;padding-bottom: 0px !important;padding-left: 0px !important;}\u00bb][vc_column css=\u00bb.vc_custom_1579974504052{margin-top: 0px !important;margin-bottom: 0px !important;margin-left: 0px !important;padding-top: 0px !important;padding-bottom: 0px !important;padding-left: 0px !important;}\u00bb][vc_single_image image=\u00bb9485&#8243; img_size=\u00bbfull\u00bb alignment=\u00bbcenter\u00bb css=\u00bb.vc_custom_1579974533877{margin-top: 0px !important;margin-right: 0px !important;margin-bottom: 0px !important;margin-left: 0px !important;border-top-width: 0px !important;border-bottom-width: 0px !important;padding-top: 0px !important;padding-right: 0px !important;padding-bottom: 0px !important;padding-left: 0px !important;}\u00bb][vc_empty_space height=\u00bb80px\u00bb][\/vc_column][\/vc_row][vc_row gap=\u00bb30&#8243; equal_height=\u00bbyes\u00bb content_placement=\u00bbmiddle\u00bb css=\u00bb.vc_custom_1588758634650{background-position: 0 0 !important;background-repeat: no-repeat !important;}\u00bb el_id=\u00bbvalores\u00bb el_class=\u00bbbalioak\u00bb][vc_column width=\u00bb1\/3&#8243;]<div class=\"thim-widget-heading template-base\"><div class=\"sc_heading  text-center\"><h2 style=\"color:#a12e33;font-size:35px;font-weight:700;font-style:normal;\" class=\"title\">Valores Armeria Eskola<\/h2><span style=\"background-color:#a12e33\" class=\"line\"><\/span><\/div><\/div>[vc_row_inner equal_height=\u00bbyes\u00bb content_placement=\u00bbmiddle\u00bb css=\u00bb.vc_custom_1586853691084{border-top-width: 2px !important;border-right-width: 2px !important;border-bottom-width: 2px !important;border-left-width: 2px !important;padding-top: 0px !important;padding-right: 30px !important;padding-bottom: 0px !important;padding-left: 30px !important;border-left-color: #a52029 !important;border-left-style: solid !important;border-right-color: #a52029 !important;border-right-style: solid !important;border-top-color: #a52029 !important;border-top-style: solid !important;border-bottom-color: #a52029 !important;border-bottom-style: solid !important;}\u00bb][vc_column_inner][vc_single_image image=\u00bb9427&#8243; img_size=\u00bbfull\u00bb css=\u00bb.vc_custom_1579961503307{margin-bottom: 5px !important;}\u00bb][vc_custom_heading text=\u00bb<strong>No somos lo que decimos sino lo que hacemos.<\/strong>\u00bb font_container=\u00bbtag:p|font_size:24px|text_align:left|color:%23a12e33|line_height:30px\u00bb google_fonts=\u00bbfont_family:Roboto%3A100%2C100italic%2C300%2C300italic%2Cregular%2Citalic%2C500%2C500italic%2C700%2C700italic%2C900%2C900italic|font_style:700%20bold%20regular%3A700%3Anormal\u00bb][vc_single_image image=\u00bb9424&#8243; img_size=\u00bbfull\u00bb alignment=\u00bbright\u00bb][\/vc_column_inner][\/vc_row_inner][\/vc_column][vc_column width=\u00bb2\/3&#8243;][vc_row_inner][vc_column_inner width=\u00bb1\/2&#8243;][image_swap hover_effect=\u00bbsquare effect7&#8243; image_id=\u00bb10112&#8243; image_id2=\u00bb10109&#8243;][\/vc_column_inner][vc_column_inner width=\u00bb1\/2&#8243;][image_swap hover_effect=\u00bbsquare effect7&#8243; image_id=\u00bb10103&#8243; image_id2=\u00bb10106&#8243;][\/vc_column_inner][\/vc_row_inner][vc_row_inner][vc_column_inner width=\u00bb1\/2&#8243;][image_swap hover_effect=\u00bbsquare effect7&#8243; image_id=\u00bb10133&#8243; image_id2=\u00bb10100&#8243;][\/vc_column_inner][vc_column_inner width=\u00bb1\/2&#8243;][image_swap hover_effect=\u00bbsquare effect7&#8243; image_id=\u00bb10115&#8243; image_id2=\u00bb10118&#8243;][\/vc_column_inner][\/vc_row_inner][vc_row_inner][vc_column_inner width=\u00bb1\/2&#8243;][image_swap hover_effect=\u00bbsquare effect7&#8243; image_id=\u00bb10124&#8243; image_id2=\u00bb10121&#8243;][\/vc_column_inner][vc_column_inner width=\u00bb1\/2&#8243;][image_swap hover_effect=\u00bbsquare effect7&#8243; image_id=\u00bb10127&#8243; image_id2=\u00bb10130&#8243;][\/vc_column_inner][\/vc_row_inner][\/vc_column][\/vc_row][vc_row][vc_column][\/vc_column][\/vc_row][vc_row full_width=\u00bbstretch_row_content\u00bb css=\u00bb.vc_custom_1579971550414{margin-top: 0px !important;margin-right: 0px !important;margin-bottom: 0px !important;margin-left: 0px !important;padding-top: 0px !important;padding-right: 0px !important;padding-bottom: 0px !important;padding-left: 0px !important;}\u00bb][vc_column css=\u00bb.vc_custom_1579971556485{margin-top: 0px !important;margin-bottom: 0px !important;margin-left: 0px !important;padding-top: 0px !important;padding-bottom: 0px !important;padding-left: 0px !important;}\u00bb][vc_single_image image=\u00bb9537&#8243; img_size=\u00bbfull\u00bb alignment=\u00bbcenter\u00bb css=\u00bb.vc_custom_1603101144612{margin-top: 0px !important;margin-right: 0px !important;margin-bottom: 0px !important;margin-left: 0px !important;border-top-width: 0px !important;border-bottom-width: 0px !important;padding-top: 0px !important;padding-right: 0px !important;padding-bottom: 0px !important;padding-left: 0px !important;}\u00bb el_class=\u00bbmarginbottomno\u00bb][\/vc_column][\/vc_row][vc_row full_width=\u00bbstretch_row\u00bb content_placement=\u00bbmiddle\u00bb css=\u00bb.vc_custom_1603101149762{margin-top: 0px !important;margin-right: 0px !important;margin-bottom: 0px !important;margin-left: 0px !important;padding-top: 0px !important;padding-right: 0px !important;padding-bottom: 0px !important;padding-left: 0px !important;background-color: #e6e6e4 !important;}\u00bb el_id=\u00bbestrategia\u00bb el_class=\u00bbmarginbottomno cajagris1&#8243;][vc_column css=\u00bb.vc_custom_1579970038248{margin-top: 0px !important;padding-top: 0px !important;padding-right: 0px !important;padding-left: 0px !important;}\u00bb][vc_empty_space height=\u00bb10px\u00bb]<div class=\"thim-widget-heading template-base\"><div class=\"sc_heading  text-center\"><h2 style=\"color:#a12e33;font-size:35px;font-weight:700;font-style:normal;\" class=\"title\">Estrategia<\/h2><span style=\"background-color:#a12e33\" class=\"line\"><\/span><\/div><\/div>[vc_empty_space height=\u00bb40px\u00bb][vc_row_inner el_class=\u00bbmaxwidth2&#8243;][vc_column_inner width=\u00bb1\/4&#8243;][mvc_infobox title_color=\u00bb#a12e33&#8243; image_id=\u00bb11661&#8243; info_title=\u00bbArmeria Eskola del Siglo XXI.\u00bb title_size=\u00bb25&#8243;]<\/p>\n<p style=\"text-align: center;\">Establecer los espacios, recursos, organizaciones y sistem\u00e1ticas necesarias para que nuestra oferta sea actualizada e innovadora.<\/p>\n<p>[\/mvc_infobox][\/vc_column_inner][vc_column_inner width=\u00bb1\/4&#8243;][mvc_infobox title_color=\u00bb#a12e33&#8243; image_id=\u00bb11676&#8243; info_title=\u00bbProfesionales de Armeria Eskola\u00bb title_size=\u00bb25&#8243;]<\/p>\n<p style=\"text-align: center;\">Dar protagonismo a las personas, potenciando su desarrollo profesional y su conocimiento, fomentando el liderazgo y el trabajo en equipo.<\/p>\n<p>[\/mvc_infobox][\/vc_column_inner][vc_column_inner width=\u00bb1\/4&#8243;][mvc_infobox title_color=\u00bb#a12e33&#8243; image_id=\u00bb11673&#8243; info_title=\u00bbLa Experiencia Armeria Eskola\u00bb title_size=\u00bb25&#8243;]<\/p>\n<p style=\"text-align: center;\">Singularizar la &#8216;Experiencia Armeria Eskola&#8217;, teniendo en cuenta las m\u00faltiples y actualizadas posibilidades de desarrollo personal y profesional del alumno.<\/p>\n<p>[\/mvc_infobox][\/vc_column_inner][vc_column_inner width=\u00bb1\/4&#8243;][mvc_infobox title_color=\u00bb#a12e33&#8243; image_id=\u00bb11670&#8243; info_title=\u00bbRed de Armeria Eskola\u00bb title_size=\u00bb25&#8243;]<\/p>\n<p style=\"text-align: center;\">Trabajar y desarrollar la cercan\u00eda con las empresas, las sociedades y las instituciones, reforzando las relaciones y a la vez la red de Armeria eskola.<\/p>\n<p>[\/mvc_infobox][\/vc_column_inner][\/vc_row_inner][vc_empty_space][\/vc_column][\/vc_row][vc_row full_width=\u00bbstretch_row_content\u00bb css=\u00bb.vc_custom_1579971550414{margin-top: 0px !important;margin-right: 0px !important;margin-bottom: 0px !important;margin-left: 0px !important;padding-top: 0px !important;padding-right: 0px !important;padding-bottom: 0px !important;padding-left: 0px !important;}\u00bb][vc_column css=\u00bb.vc_custom_1579974504052{margin-top: 0px !important;margin-bottom: 0px !important;margin-left: 0px !important;padding-top: 0px !important;padding-bottom: 0px !important;padding-left: 0px !important;}\u00bb][vc_single_image image=\u00bb9540&#8243; img_size=\u00bbfull\u00bb alignment=\u00bbcenter\u00bb css=\u00bb.vc_custom_1579977695055{margin-top: 0px !important;margin-right: 0px !important;margin-bottom: 0px !important;margin-left: 0px !important;border-top-width: 0px !important;border-bottom-width: 0px !important;padding-top: 0px !important;padding-right: 0px !important;padding-bottom: 0px !important;padding-left: 0px !important;}\u00bb][vc_empty_space height=\u00bb80px\u00bb][\/vc_column][\/vc_row][vc_row el_id=\u00bbpoliticas\u00bb css=\u00bb.vc_custom_1588010384399{background-image: url(\/wp-content\/uploads\/2020\/04\/fondo-letras-politicas.png?id=11705) !important;background-position: 0 0 !important;background-repeat: no-repeat !important;}\u00bb][vc_column]<div class=\"thim-widget-heading template-base\"><div class=\"sc_heading  text-left\"><h2 style=\"color:#a12e33;font-size:35px;font-weight:700;font-style:normal;\" class=\"title\">Pol\u00edticas<\/h2><span style=\"background-color:#a12e33\" class=\"line\"><\/span><\/div><\/div>[\/vc_column][\/vc_row][vc_row gap=\u00bb30&#8243; equal_height=\u00bbyes\u00bb content_placement=\u00bbmiddle\u00bb][vc_column width=\u00bb2\/3&#8243;][vc_column_text el_class=\u00bbtextocentro\u00bb]<\/p>\n<p style=\"text-align: justify;\">Esta sociedad, que est\u00e1 en constante transformaci\u00f3n, nos exige adaptarnos permanentemente y tener capacidad para responder a nuevos retos. Para ello, deberemos ampliar y extender nuestras actividades a \u00e1mbitos que hoy por hoy todav\u00eda no existen. Al mismo tiempo, estando inmersos en la revoluci\u00f3n industrial tecnol\u00f3gica, es imprescindible educar a las personas de forma integral, trabajando un desarrollo humano sostenible.<\/p>\n<p style=\"text-align: justify;\">En este contexto, Armeria Eskola tiene como objetivo capacitar t\u00e9cnicamente y en competencias humanas al alumnado, impulsar un tejido empresarial competitivo y desarrollar una sociedad avanzada, para lo que adoptamos las siguientes pol\u00edticas:<\/p>\n<ul>\n<li>Compromiso para ofrecer un <strong>servicio de calidad<\/strong> a la sociedad.<\/li>\n<li>Impulsar el uso del <strong>euskera<\/strong> y el respeto a la <strong>diversidad ling\u00fc\u00edstica<\/strong>.<\/li>\n<li>Proteger el <strong>medio ambiente<\/strong> y garantizar unas <strong>condiciones laborales<\/strong> seguras y saludables.<\/li>\n<li>Trabajar por la <strong>paridad<\/strong> de g\u00e9nero.<\/li>\n<\/ul>\n<p>[\/vc_column_text][\/vc_column][vc_column width=\u00bb1\/3&#8243;][vc_row_inner equal_height=\u00bbyes\u00bb content_placement=\u00bbmiddle\u00bb css=\u00bb.vc_custom_1588007560034{border-top-width: 2px !important;border-right-width: 2px !important;border-bottom-width: 2px !important;border-left-width: 2px !important;padding-top: 0px !important;padding-right: 30px !important;padding-bottom: 0px !important;padding-left: 30px !important;border-left-color: #a52029 !important;border-left-style: solid !important;border-right-color: #a52029 !important;border-right-style: solid !important;border-top-color: #a52029 !important;border-top-style: solid !important;border-bottom-color: #a52029 !important;border-bottom-style: solid !important;}\u00bb][vc_column_inner][vc_single_image image=\u00bb9427&#8243; img_size=\u00bbfull\u00bb css=\u00bb.vc_custom_1579961503307{margin-bottom: 5px !important;}\u00bb][vc_custom_heading text=\u00bb<strong>Deberemos ampliar y extender nuestras actividades a \u00e1mbitos que hoy por hoy todav\u00eda no existen.<\/strong>\u00bb font_container=\u00bbtag:p|font_size:24px|text_align:left|color:%23a12e33|line_height:30px\u00bb google_fonts=\u00bbfont_family:Roboto%3A100%2C100italic%2C300%2C300italic%2Cregular%2Citalic%2C500%2C500italic%2C700%2C700italic%2C900%2C900italic|font_style:700%20bold%20regular%3A700%3Anormal\u00bb][vc_single_image image=\u00bb9424&#8243; img_size=\u00bbfull\u00bb alignment=\u00bbright\u00bb][\/vc_column_inner][\/vc_row_inner][\/vc_column][\/vc_row][vc_row el_class=\u00bbpolitikak\u00bb][vc_column width=\u00bb1\/2&#8243; css=\u00bb.vc_custom_1579980356497{margin-right: 0px !important;margin-left: 0px !important;padding-right: 0px !important;padding-left: 0px !important;}\u00bb][interective_banner effects=\u00bbeffect-sadie\u00bb titlesize=\u00bb35&#8243; descsize=\u00bb14&#8243; clr=\u00bb#ffffff\u00bb titlesizembl=\u00bb22&#8243; descsizmbl=\u00bb13&#8243; image_id=\u00bb9560&#8243; title=\u00bbCALIDAD\u00bb desc=\u00bbPara satisfacer con garant\u00edas las necesidades de esta sociedad din\u00e1mica, es imprescindible contar con un sistema de calidad eficiente, basado en la mejora continua y cumpliendo todos los requerimientos legales. Para ello, basamos nuestro funcionamiento en el modelo de Gesti\u00f3n Europea EFQM y en los modelos de gesti\u00f3n de referencia UNE-EN-ISO 9001.\u00bb bgclr=\u00bb#000000&#8243; height=\u00bb500&#8243; imgsizmbl=\u00bb400&#8243;][interective_banner effects=\u00bbeffect-sadie\u00bb titlesize=\u00bb35&#8243; descsize=\u00bb14&#8243; clr=\u00bb#ffffff\u00bb titlesizembl=\u00bb22&#8243; descsizmbl=\u00bb13&#8243; image_id=\u00bb11679&#8243; title=\u00bbMEDIO AMBIENTE Y SEGURIDAD\u00bb desc=\u00bbArmeria Eskola apuesta por el desarrollo sostenible. Se compromete a reducir la contaminaci\u00f3n y el consumo energ\u00e9tico y a utilizar los materiales de forma racional, reduciendo su cuant\u00eda, apostando por su reutilizaci\u00f3n y adoptando medidas que permitan su reciclaje. Todo ello favoreciendo la participaci\u00f3n de sus miembros, cumpliendo la normativa vigente y aplicando la mejora continua. Armeria Eskola garantizar\u00e1 que tanto profesores como alumnos trabajen en condiciones seguras y sanas. Al mismo tiempo, promover\u00e1 h\u00e1bitos relacionados con la salud y la alimentaci\u00f3n. Damos especial importancia a la sensibilizaci\u00f3n del alumnado y del personal sobre estos temas. La gesti\u00f3n ambiental se garantizar\u00e1 mediante el sistema ISO14000.\u00bb bgclr=\u00bb#000000&#8243; height=\u00bb500&#8243; imgsizmbl=\u00bb400&#8243;][\/vc_column][vc_column width=\u00bb1\/2&#8243; css=\u00bb.vc_custom_1579980349027{margin-right: 0px !important;margin-left: 0px !important;padding-right: 0px !important;padding-left: 0px !important;}\u00bb][interective_banner effects=\u00bbeffect-sadie\u00bb titlesize=\u00bb35&#8243; descsize=\u00bb14&#8243; clr=\u00bb#ffffff\u00bb titlesizembl=\u00bb22&#8243; descsizmbl=\u00bb13&#8243; image_id=\u00bb11685&#8243; title=\u00bbEUSKARA\u00bb desc=\u00bbArmeria Eskola apuesta por un modelo pluriling\u00fce que priorice la utilizaci\u00f3n del euskera. Siempre que sea posible, la comunicaci\u00f3n entre el personal de Armeria Eskola se realizar\u00e1 en euskera. El alumnado, podr\u00e1 elegir el idioma en el cual se quiera comunicar con el centro, y \u00e9ste respectar\u00e1 su decisi\u00f3n. Armeria Eskola ofertar\u00e1 todos sus servicios en euskera y castellano, potenciando el modelo D y la impartici\u00f3n de m\u00f3dulos en ingl\u00e9s. Nos comprometemos a desarrollar las capacidades comunicativas de nuestro alumnado en los tres idiomas hasta lograr los objetivos fijados por el Departamento de Educaci\u00f3n. La comunicaci\u00f3n con las empresas, las administraciones y la sociedad en general ser\u00e1 biling\u00fce, respetando la opci\u00f3n idiom\u00e1tica de todos ellos, priorizado por nuestra parte el uso del euskera y mostrado en todo momento nuestro compromiso con el euskera. Las herramientas para el desarrollo de la pol\u00edtica ling\u00fc\u00edstica ser\u00e1n el Proyecto Ling\u00fc\u00edstico y el programa ULIBARRI.\u00bb bgclr=\u00bb#000000&#8243; height=\u00bb500&#8243; imgsizmbl=\u00bb400&#8243;][interective_banner effects=\u00bbeffect-sadie\u00bb titlesize=\u00bb35&#8243; descsize=\u00bb14&#8243; clr=\u00bb#ffffff\u00bb titlesizembl=\u00bb22&#8243; descsizmbl=\u00bb13&#8243; image_id=\u00bb11682&#8243; title=\u00bbTRABAJAR POR LA PARIDAD DE G\u00c9NERO\u00bb desc=\u00bbArmeria Eskola se compromete a trabajar por una Formaci\u00f3n Profesional paritaria. Asumimos que el acceso de las mujeres al \u00e1mbito industrial, compuesto mayoritariamente por hombres y muy influenciado por roles y estereotipos, no resulta nada f\u00e1cil. Pero Armeria Eskola apuesta por transformar esta realidad y se compromete a trabajar por la igualdad de g\u00e9nero, estableciendo acciones para impulsar la paridad en los planes anuales, priorizando la presencia de la mujer en los medios de comunicaci\u00f3n y promoviendo programas que trabajen por la igualdad de oportunidades entre ambos sexos.\u00bb bgclr=\u00bb#000000&#8243; height=\u00bb500&#8243; imgsizmbl=\u00bb400&#8243;][\/vc_column][\/vc_row][vc_row el_id=\u00bbeskuadra-zaharra\u00bb][vc_column][vc_empty_space][vc_single_image image=\u00bb9420&#8243; img_size=\u00bbfull\u00bb alignment=\u00bbcenter\u00bb css=\u00bb.vc_custom_1579985416378{margin-bottom: 0px !important;padding-bottom: 0px !important;}\u00bb]<div class=\"thim-widget-heading template-base\"><div class=\"sc_heading  text-center\"><h2 style=\"color:#a12e33;font-size:35px;font-weight:700;font-style:normal;\" class=\"title\">Eskuadra zaharra<\/h2><p class=\"sub-heading\" style=\"color:#878787;\">Historia y reconomientos<\/p><span style=\"background-color:#a12e33\" class=\"line\"><\/span><\/div><\/div>[vc_empty_space][vc_row_inner css=\u00bb.vc_custom_1579983030696{background-image: url(\/wp-content\/uploads\/2020\/01\/historia-fondoa.png?id=9569) !important;background-position: 0 0 !important;background-repeat: no-repeat !important;}\u00bb][vc_column_inner width=\u00bb1\/2&#8243;][vc_single_image image=\u00bb10137&#8243; img_size=\u00bbfull\u00bb alignment=\u00bbcenter\u00bb][\/vc_column_inner][vc_column_inner width=\u00bb1\/2&#8243;][vc_column_text el_class=\u00bbtextocentro\u00bb]<\/p>\n<p style=\"text-align: justify;\">Armeria Eskola se fund\u00f3 en 1912 por iniciativa del Ayuntamiento con el objetivo de impulsar el desarrollo industrial de Eibar y su entorno. Aunque en su origen estuvo vinculada a la industria armera de la \u00e9poca, con el tiempo fue transform\u00e1ndose y ampliando su oferta a otros sectores, tales como: mec\u00e1nica de precisi\u00f3n, electr\u00f3nica electricidad, dise\u00f1o y calidad, \u2026<\/p>\n<p style=\"text-align: justify;\"><span style=\"font-weight: 400;\">Hemos mantenido una estrecha relaci\u00f3n con las empresas de la zona, impulsando siempre las nuevas tecnolog\u00edas. En este sentido, cabe destacar la creaci\u00f3n por parte de Asociaci\u00f3n de Antiguos Alumnos del \u201c<\/span><b>centro de Investigaci\u00f3n Tekniker\u201d <\/b><span style=\"font-weight: 400;\">en 1981.<\/span><\/p>\n<p style=\"text-align: justify;\"><span style=\"font-weight: 400;\">Siguiendo el camino establecido en aquella \u00e9poca, adapt\u00e1ndose a la sociedad en cada momento y fomentando su desarrollo, Armeria Eskola ha llegado a ser lo que hoy en d\u00eda conocemos. Un Centro Integrado de Formaci\u00f3n Profesional, p\u00fablico, que ofrece formaci\u00f3n inicial y formaci\u00f3n para el empleo.<\/span><\/p>\n<p>[\/vc_column_text][\/vc_column_inner][\/vc_row_inner][vc_row_inner][vc_column_inner][vc_column_text]\t\t<div class=\"wpostahs-slider-wrp \" data-conf=\"{&quot;dots&quot;:&quot;false&quot;,&quot;arrows&quot;:&quot;true&quot;,&quot;loop&quot;:&quot;true&quot;,&quot;autoplay&quot;:&quot;true&quot;,&quot;autoplayInterval&quot;:&quot;5000&quot;,&quot;speed&quot;:300,&quot;fade&quot;:&quot;false&quot;,&quot;rtl&quot;:&quot;false&quot;,&quot;centermode&quot;:&quot;false&quot;,&quot;slidestoshow&quot;:3,&quot;lazyload&quot;:&quot;&quot;}\">\r\n\t\t\t<div class=\"wpostahs-slider wpostahs-slider-inner-wrp wpostahs-slider-design-2\">\r\n\t\t\t\t\n<div id=\"wpostahs-slider-nav-1\" class=\"wpostahs-slider-nav-1 wpostahs-slider-nav wpostahs-slick-slider\" data-slider-nav-for='wpostahs-slider-for-1'>\n\t\t\t\t<div class=\"wpostahs-slider-nav-title\">\n\t\t\t<div class=\"wpostahs-main-title\">\n\t\t\t\t<button><\/button>\n\t\t\t<\/div>\n\t\t\t<div class=\"wpostahs-title\">1912<\/div>\n\t\t<\/div>\n\t\t\t<div class=\"wpostahs-slider-nav-title\">\n\t\t\t<div class=\"wpostahs-main-title\">\n\t\t\t\t<button><\/button>\n\t\t\t<\/div>\n\t\t\t<div class=\"wpostahs-title\">1913<\/div>\n\t\t<\/div>\n\t\t\t<div class=\"wpostahs-slider-nav-title\">\n\t\t\t<div class=\"wpostahs-main-title\">\n\t\t\t\t<button><\/button>\n\t\t\t<\/div>\n\t\t\t<div class=\"wpostahs-title\">1914<\/div>\n\t\t<\/div>\n\t\t\t<div class=\"wpostahs-slider-nav-title\">\n\t\t\t<div class=\"wpostahs-main-title\">\n\t\t\t\t<button><\/button>\n\t\t\t<\/div>\n\t\t\t<div class=\"wpostahs-title\">1914<\/div>\n\t\t<\/div>\n\t\t\t<div class=\"wpostahs-slider-nav-title\">\n\t\t\t<div class=\"wpostahs-main-title\">\n\t\t\t\t<button><\/button>\n\t\t\t<\/div>\n\t\t\t<div class=\"wpostahs-title\">1923<\/div>\n\t\t<\/div>\n\t\t\t<div class=\"wpostahs-slider-nav-title\">\n\t\t\t<div class=\"wpostahs-main-title\">\n\t\t\t\t<button><\/button>\n\t\t\t<\/div>\n\t\t\t<div class=\"wpostahs-title\">1929<\/div>\n\t\t<\/div>\n\t\t\t<div class=\"wpostahs-slider-nav-title\">\n\t\t\t<div class=\"wpostahs-main-title\">\n\t\t\t\t<button><\/button>\n\t\t\t<\/div>\n\t\t\t<div class=\"wpostahs-title\">1938<\/div>\n\t\t<\/div>\n\t\t\t<div class=\"wpostahs-slider-nav-title\">\n\t\t\t<div class=\"wpostahs-main-title\">\n\t\t\t\t<button><\/button>\n\t\t\t<\/div>\n\t\t\t<div class=\"wpostahs-title\">1950<\/div>\n\t\t<\/div>\n\t\t\t<div class=\"wpostahs-slider-nav-title\">\n\t\t\t<div class=\"wpostahs-main-title\">\n\t\t\t\t<button><\/button>\n\t\t\t<\/div>\n\t\t\t<div class=\"wpostahs-title\">1951<\/div>\n\t\t<\/div>\n\t\t\t<div class=\"wpostahs-slider-nav-title\">\n\t\t\t<div class=\"wpostahs-main-title\">\n\t\t\t\t<button><\/button>\n\t\t\t<\/div>\n\t\t\t<div class=\"wpostahs-title\">1951<\/div>\n\t\t<\/div>\n\t\t\t<div class=\"wpostahs-slider-nav-title\">\n\t\t\t<div class=\"wpostahs-main-title\">\n\t\t\t\t<button><\/button>\n\t\t\t<\/div>\n\t\t\t<div class=\"wpostahs-title\">1954<\/div>\n\t\t<\/div>\n\t\t\t<div class=\"wpostahs-slider-nav-title\">\n\t\t\t<div class=\"wpostahs-main-title\">\n\t\t\t\t<button><\/button>\n\t\t\t<\/div>\n\t\t\t<div class=\"wpostahs-title\">1955<\/div>\n\t\t<\/div>\n\t\t\t<div class=\"wpostahs-slider-nav-title\">\n\t\t\t<div class=\"wpostahs-main-title\">\n\t\t\t\t<button><\/button>\n\t\t\t<\/div>\n\t\t\t<div class=\"wpostahs-title\">1955<\/div>\n\t\t<\/div>\n\t\t\t<div class=\"wpostahs-slider-nav-title\">\n\t\t\t<div class=\"wpostahs-main-title\">\n\t\t\t\t<button><\/button>\n\t\t\t<\/div>\n\t\t\t<div class=\"wpostahs-title\">1960<\/div>\n\t\t<\/div>\n\t\t\t<div class=\"wpostahs-slider-nav-title\">\n\t\t\t<div class=\"wpostahs-main-title\">\n\t\t\t\t<button><\/button>\n\t\t\t<\/div>\n\t\t\t<div class=\"wpostahs-title\">1962<\/div>\n\t\t<\/div>\n\t\t\t<div class=\"wpostahs-slider-nav-title\">\n\t\t\t<div class=\"wpostahs-main-title\">\n\t\t\t\t<button><\/button>\n\t\t\t<\/div>\n\t\t\t<div class=\"wpostahs-title\">1962<\/div>\n\t\t<\/div>\n\t\t\t<div class=\"wpostahs-slider-nav-title\">\n\t\t\t<div class=\"wpostahs-main-title\">\n\t\t\t\t<button><\/button>\n\t\t\t<\/div>\n\t\t\t<div class=\"wpostahs-title\">1963<\/div>\n\t\t<\/div>\n\t\t\t<div class=\"wpostahs-slider-nav-title\">\n\t\t\t<div class=\"wpostahs-main-title\">\n\t\t\t\t<button><\/button>\n\t\t\t<\/div>\n\t\t\t<div class=\"wpostahs-title\">1965<\/div>\n\t\t<\/div>\n\t\t\t<div class=\"wpostahs-slider-nav-title\">\n\t\t\t<div class=\"wpostahs-main-title\">\n\t\t\t\t<button><\/button>\n\t\t\t<\/div>\n\t\t\t<div class=\"wpostahs-title\">1968<\/div>\n\t\t<\/div>\n\t\t\t<div class=\"wpostahs-slider-nav-title\">\n\t\t\t<div class=\"wpostahs-main-title\">\n\t\t\t\t<button><\/button>\n\t\t\t<\/div>\n\t\t\t<div class=\"wpostahs-title\">1972<\/div>\n\t\t<\/div>\n\t<\/div>\n\n<div class=\"wpostahs-slider-for-1 wpostahs-slider-for wpostahs-slick-slider\">\n\t\t\t\n\t\t<div class=\"wpostahs-slider-nav-content\">\n\t\t<h2 class=\"wpostahs-centent-title\">1912<\/h2>\n\t\t\t<div class=\"wpostahs-centent\">\n\t\t\t\t<div class=\"wpb-content-wrapper\"><p>[vc_row gap=\u00bb35&#8243; equal_height=\u00bbyes\u00bb content_placement=\u00bbmiddle\u00bb css=\u00bb.vc_custom_1585221239929{margin-top: 30px !important;}\u00bb][vc_column width=\u00bb1\/2&#8243;][vc_single_image image=\u00bb10629&#8243; img_size=\u00bbfull\u00bb onclick=\u00bblink_image\u00bb][\/vc_column][vc_column width=\u00bb1\/2&#8243;][vc_column_text]<\/p>\n<h3><b>Creaci\u00f3n de Armeria Eskola<\/b><span style=\"font-weight: 400;\">\u00a0<\/span><\/h3>\n<p><span style=\"font-weight: 400;\">Se aprueba la creaci\u00f3n de Armeria Eskola en el Ayuntamiento. Especialidad: armeros. Con planes de estudios tomados de las escuelas de Lieja (B\u00e9lgica) y Saint Etienne (Francia).<\/span>[\/vc_column_text][\/vc_column][\/vc_row]<\/p>\n<\/div>\t\t\t<\/div>\n\n\t\t\t\t<\/div>\n\t\t\t\n\t\t<div class=\"wpostahs-slider-nav-content\">\n\t\t<h2 class=\"wpostahs-centent-title\">1913<\/h2>\n\t\t\t<div class=\"wpostahs-centent\">\n\t\t\t\t<div class=\"wpb-content-wrapper\"><p>[vc_row gap=\u00bb35&#8243; equal_height=\u00bbyes\u00bb content_placement=\u00bbmiddle\u00bb css=\u00bb.vc_custom_1585221228072{margin-top: 30px !important;}\u00bb][vc_column width=\u00bb1\/2&#8243;][vc_gallery type=\u00bbflexslider_slide\u00bb interval=\u00bb3&#8243; images=\u00bb10633,10619&#8243; img_size=\u00bbfull\u00bb][\/vc_column][vc_column width=\u00bb1\/2&#8243;][vc_column_text]<\/p>\n<h3 style=\"text-align: left;\">Colocaci\u00f3n de la primera piedra<\/h3>\n<p style=\"text-align: left;\">Inauguraci\u00f3n del primer curso en la Escuela del Front\u00f3n Viejo y colocaci\u00f3n de la \u201cprimera piedra\u201d por Ferm\u00edn Calbet\u00f3n en terrenos pr\u00f3ximos a la plaza de toros, ubicaci\u00f3n inicial prevista para Armeria Eskola. Posteriormente, el 16 de junio de 1913 se decidi\u00f3 su emplazamiento definitivo en el Alto de Isasi. Director: Jos\u00e9 Carnicero Guillem\u00f3n.<\/p>\n<p>[\/vc_column_text][\/vc_column][\/vc_row]<\/p>\n<\/div>\t\t\t<\/div>\n\n\t\t\t\t<\/div>\n\t\t\t\n\t\t<div class=\"wpostahs-slider-nav-content\">\n\t\t<h2 class=\"wpostahs-centent-title\">1914<\/h2>\n\t\t\t<div class=\"wpostahs-centent\">\n\t\t\t\t<div class=\"wpb-content-wrapper\"><p>[vc_row gap=\u00bb35&#8243; equal_height=\u00bbyes\u00bb content_placement=\u00bbmiddle\u00bb css=\u00bb.vc_custom_1585221215425{margin-top: 30px !important;}\u00bb][vc_column width=\u00bb1\/2&#8243;][vc_single_image image=\u00bb10559&#8243; img_size=\u00bbfull\u00bb onclick=\u00bblink_image\u00bb][\/vc_column][vc_column width=\u00bb1\/2&#8243;][vc_column_text]<\/p>\n<h3 style=\"text-align: left;\">Inauguraci\u00f3n<\/h3>\n<p style=\"text-align: left;\"><span style=\"font-weight: 400;\">Inauguraci\u00f3n de la definitiva Armeria Eskola.<\/span><\/p>\n<p>[\/vc_column_text][\/vc_column][\/vc_row]<\/p>\n<\/div>\t\t\t<\/div>\n\n\t\t\t\t<\/div>\n\t\t\t\n\t\t<div class=\"wpostahs-slider-nav-content\">\n\t\t<h2 class=\"wpostahs-centent-title\">1914<\/h2>\n\t\t\t<div class=\"wpostahs-centent\">\n\t\t\t\t<div class=\"wpb-content-wrapper\"><p>[vc_row gap=\u00bb35&#8243; equal_height=\u00bbyes\u00bb content_placement=\u00bbmiddle\u00bb css=\u00bb.vc_custom_1585221203869{margin-top: 30px !important;}\u00bb][vc_column width=\u00bb1\/2&#8243;][vc_single_image image=\u00bb10592&#8243; img_size=\u00bbfull\u00bb onclick=\u00bblink_image\u00bb][\/vc_column][vc_column width=\u00bb1\/2&#8243;][vc_column_text]<\/p>\n<h3 style=\"text-align: left;\">Exposici\u00f3n<\/h3>\n<p style=\"text-align: left;\"><span style=\"font-weight: 400;\">II Exposici\u00f3n regional de Artes e Industrias visitada por Alfonso XIII.<\/span><\/p>\n<p>[\/vc_column_text][\/vc_column][\/vc_row]<\/p>\n<\/div>\t\t\t<\/div>\n\n\t\t\t\t<\/div>\n\t\t\t\n\t\t<div class=\"wpostahs-slider-nav-content\">\n\t\t<h2 class=\"wpostahs-centent-title\">1923<\/h2>\n\t\t\t<div class=\"wpostahs-centent\">\n\t\t\t\t<div class=\"wpb-content-wrapper\"><p>[vc_row gap=\u00bb35&#8243; equal_height=\u00bbyes\u00bb css=\u00bb.vc_custom_1585220016673{margin-top: 30px !important;}\u00bb][vc_column width=\u00bb1\/4&#8243;][\/vc_column][vc_column width=\u00bb1\/2&#8243;][vc_column_text]<\/p>\n<h3 style=\"text-align: center;\">Mec\u00e1nica de precisi\u00f3n<\/h3>\n<p style=\"text-align: center;\">Se analiza la necesidad de ir sustituyendo las pr\u00e1cticas y estudios de Armeria por las de Mec\u00e1nica de Precisi\u00f3n como lo est\u00e1n haciendo las Escuelas de Saint Etienne de Francia y Lieja de Belgica. Por ello se proyecta la creaci\u00f3n de un taller para la construcci\u00f3n y venta de m\u00e1quinas herramientas y \u00fatiles de corte y medici\u00f3n.<\/p>\n<p>[\/vc_column_text][\/vc_column][vc_column width=\u00bb1\/4&#8243;][\/vc_column][\/vc_row]<\/p>\n<\/div>\t\t\t<\/div>\n\n\t\t\t\t<\/div>\n\t\t\t\n\t\t<div class=\"wpostahs-slider-nav-content\">\n\t\t<h2 class=\"wpostahs-centent-title\">1929<\/h2>\n\t\t\t<div class=\"wpostahs-centent\">\n\t\t\t\t<div class=\"wpb-content-wrapper\"><p>[vc_row gap=\u00bb35&#8243; equal_height=\u00bbyes\u00bb css=\u00bb.vc_custom_1585220016673{margin-top: 30px !important;}\u00bb][vc_column width=\u00bb1\/4&#8243;][\/vc_column][vc_column width=\u00bb1\/2&#8243;][vc_column_text]<\/p>\n<h3 style=\"text-align: center;\">Cursos de Oficial\u00eda y Maestr\u00eda<\/h3>\n<p style=\"text-align: center;\">Comienza el desarrollo del nuevo Plan de Estudios Diurnos, con dos cursos de Oficial\u00eda y dos de Maestr\u00eda, as\u00ed como las clases Complementarias Nocturnas. Al final, se expide un Certificado Docente Especial de esta ense\u00f1anza<\/p>\n<p>[\/vc_column_text][\/vc_column][vc_column width=\u00bb1\/4&#8243;][\/vc_column][\/vc_row]<\/p>\n<\/div>\t\t\t<\/div>\n\n\t\t\t\t<\/div>\n\t\t\t\n\t\t<div class=\"wpostahs-slider-nav-content\">\n\t\t<h2 class=\"wpostahs-centent-title\">1938<\/h2>\n\t\t\t<div class=\"wpostahs-centent\">\n\t\t\t\t<div class=\"wpb-content-wrapper\"><p>[vc_row gap=\u00bb35&#8243; equal_height=\u00bbyes\u00bb content_placement=\u00bbmiddle\u00bb css=\u00bb.vc_custom_1585221033818{margin-top: 30px !important;}\u00bb][vc_column width=\u00bb1\/2&#8243;][vc_single_image image=\u00bb10553&#8243; img_size=\u00bbfull\u00bb onclick=\u00bblink_image\u00bb][\/vc_column][vc_column width=\u00bb1\/2&#8243;][vc_column_text]<\/p>\n<h3 style=\"text-align: left;\">Tras la guerra<\/h3>\n<p><span style=\"font-weight: 400;\">Restaurada de las consecuencias de la guerra, se reanudan las clases y comienza el 1er curso. Director C\u00e1ndido Astaburuaga Anitua.<\/span>[\/vc_column_text][\/vc_column][\/vc_row]<\/p>\n<\/div>\t\t\t<\/div>\n\n\t\t\t\t<\/div>\n\t\t\t\n\t\t<div class=\"wpostahs-slider-nav-content\">\n\t\t<h2 class=\"wpostahs-centent-title\">1950<\/h2>\n\t\t\t<div class=\"wpostahs-centent\">\n\t\t\t\t<div class=\"wpb-content-wrapper\"><p>[vc_row gap=\u00bb35&#8243; equal_height=\u00bbyes\u00bb content_placement=\u00bbmiddle\u00bb css=\u00bb.vc_custom_1585221258992{margin-top: 30px !important;}\u00bb][vc_column width=\u00bb1\/2&#8243;][vc_single_image image=\u00bb10644&#8243; img_size=\u00bbfull\u00bb alignment=\u00bbright\u00bb onclick=\u00bblink_image\u00bb][\/vc_column][vc_column width=\u00bb1\/2&#8243;][vc_column_text]<\/p>\n<h3 style=\"text-align: left;\">Asociaci\u00f3n de Antiguos Alumnos<\/h3>\n<p style=\"text-align: left;\">Se constituye la Asociaci\u00f3n de Antiguos (actualmente Armeria Eskola Elkartea) y Julio Anitua Alberdi es nombrado presidente de la Comisi\u00f3n Fundadora.<\/p>\n<p>[\/vc_column_text][\/vc_column][\/vc_row]<\/p>\n<\/div>\t\t\t<\/div>\n\n\t\t\t\t<\/div>\n\t\t\t\n\t\t<div class=\"wpostahs-slider-nav-content\">\n\t\t<h2 class=\"wpostahs-centent-title\">1951<\/h2>\n\t\t\t<div class=\"wpostahs-centent\">\n\t\t\t\t<div class=\"wpb-content-wrapper\"><p>[vc_row gap=\u00bb35&#8243; equal_height=\u00bbyes\u00bb content_placement=\u00bbmiddle\u00bb css=\u00bb.vc_custom_1585221033818{margin-top: 30px !important;}\u00bb][vc_column width=\u00bb1\/2&#8243;][vc_single_image image=\u00bb10649&#8243; img_size=\u00bbfull\u00bb alignment=\u00bbright\u00bb onclick=\u00bblink_image\u00bb][\/vc_column][vc_column width=\u00bb1\/2&#8243;][vc_column_text]<\/p>\n<h3 style=\"text-align: left;\">Corbata de la Orden de Alfonso X el Sabio<\/h3>\n<p style=\"text-align: left;\">Concesi\u00f3n a Armeria Eskola de la Corbata de la Orden de Alfonso X El Sabio.<\/p>\n<p>[\/vc_column_text][\/vc_column][\/vc_row]<\/p>\n<\/div>\t\t\t<\/div>\n\n\t\t\t\t<\/div>\n\t\t\t\n\t\t<div class=\"wpostahs-slider-nav-content\">\n\t\t<h2 class=\"wpostahs-centent-title\">1951<\/h2>\n\t\t\t<div class=\"wpostahs-centent\">\n\t\t\t\t<div class=\"wpb-content-wrapper\"><p>[vc_row gap=\u00bb35&#8243; equal_height=\u00bbyes\u00bb content_placement=\u00bbmiddle\u00bb css=\u00bb.vc_custom_1585221033818{margin-top: 30px !important;}\u00bb][vc_column width=\u00bb1\/2&#8243;][vc_single_image image=\u00bb10565&#8243; img_size=\u00bbfull\u00bb onclick=\u00bblink_image\u00bb][\/vc_column][vc_column width=\u00bb1\/2&#8243;][vc_column_text]<\/p>\n<h3 style=\"text-align: left;\">Primera Medalla Nacional<\/h3>\n<p><span style=\"font-weight: 400;\">En la \u201cII Exposici\u00f3n Nacional de Trabajos realizados por los alumnos de las Escuelas de Artes y Oficios Art\u00edsticos y Elementales de Trabajo\u201d celebrada en Barcelona se adjudica a Armeria Eskola la primera Medalla Nacional.<\/span>[\/vc_column_text][\/vc_column][\/vc_row]<\/p>\n<\/div>\t\t\t<\/div>\n\n\t\t\t\t<\/div>\n\t\t\t\n\t\t<div class=\"wpostahs-slider-nav-content\">\n\t\t<h2 class=\"wpostahs-centent-title\">1954<\/h2>\n\t\t\t<div class=\"wpostahs-centent\">\n\t\t\t\t<div class=\"wpb-content-wrapper\"><p>[vc_row gap=\u00bb35&#8243; equal_height=\u00bbyes\u00bb content_placement=\u00bbmiddle\u00bb css=\u00bb.vc_custom_1585221033818{margin-top: 30px !important;}\u00bb][vc_column width=\u00bb1\/2&#8243;][vc_single_image image=\u00bb10607&#8243; img_size=\u00bbfull\u00bb onclick=\u00bblink_image\u00bb][\/vc_column][vc_column width=\u00bb1\/2&#8243;][vc_column_text]<\/p>\n<h3 style=\"text-align: left;\">Ampliaci\u00f3n de la escuela<\/h3>\n<p style=\"text-align: left;\">Comienzo de la ampliaci\u00f3n de la Escuela.<\/p>\n<p>[\/vc_column_text][\/vc_column][\/vc_row]<\/p>\n<\/div>\t\t\t<\/div>\n\n\t\t\t\t<\/div>\n\t\t\t\n\t\t<div class=\"wpostahs-slider-nav-content\">\n\t\t<h2 class=\"wpostahs-centent-title\">1955<\/h2>\n\t\t\t<div class=\"wpostahs-centent\">\n\t\t\t\t<div class=\"wpb-content-wrapper\"><p>[vc_row gap=\u00bb35&#8243; equal_height=\u00bbyes\u00bb content_placement=\u00bbmiddle\u00bb css=\u00bb.vc_custom_1585221228072{margin-top: 30px !important;}\u00bb][vc_column width=\u00bb1\/3&#8243;][\/vc_column][vc_column width=\u00bb1\/3&#8243;][vc_column_text]<\/p>\n<h3 style=\"text-align: center;\">Adquisici\u00f3n de la Escuela por parte del Estado<\/h3>\n<p style=\"text-align: center;\">En Decreto del Ministerio de Educaci\u00f3n Nacional se aprueba la adquisici\u00f3n por el Estado de la Escuela de Armeria, que pertenec\u00eda al Ayuntamiento, por el precio simb\u00f3lico de un mill\u00f3n de pesetas.<\/p>\n<p>[\/vc_column_text][\/vc_column][vc_column width=\u00bb1\/3&#8243;][\/vc_column][\/vc_row]<\/p>\n<\/div>\t\t\t<\/div>\n\n\t\t\t\t<\/div>\n\t\t\t\n\t\t<div class=\"wpostahs-slider-nav-content\">\n\t\t<h2 class=\"wpostahs-centent-title\">1955<\/h2>\n\t\t\t<div class=\"wpostahs-centent\">\n\t\t\t\t<div class=\"wpb-content-wrapper\"><p>[vc_row gap=\u00bb35&#8243; equal_height=\u00bbyes\u00bb content_placement=\u00bbmiddle\u00bb css=\u00bb.vc_custom_1585221033818{margin-top: 30px !important;}\u00bb][vc_column width=\u00bb1\/2&#8243;][vc_single_image image=\u00bb10601&#8243; img_size=\u00bbfull\u00bb onclick=\u00bblink_image\u00bb][\/vc_column][vc_column width=\u00bb1\/2&#8243;][vc_column_text]<\/p>\n<h3 style=\"text-align: left;\">Medalla Especial de Honor<\/h3>\n<p><span style=\"font-weight: 400;\">Armeria Eskola obtiene la Medalla Especial de Honor en la III Exposici\u00f3n \u00abEscuelas de\u00a0 Trabajo\u00bb que tuvo lugar en Valencia.<\/span>[\/vc_column_text][\/vc_column][\/vc_row]<\/p>\n<\/div>\t\t\t<\/div>\n\n\t\t\t\t<\/div>\n\t\t\t\n\t\t<div class=\"wpostahs-slider-nav-content\">\n\t\t<h2 class=\"wpostahs-centent-title\">1960<\/h2>\n\t\t\t<div class=\"wpostahs-centent\">\n\t\t\t\t<div class=\"wpb-content-wrapper\"><p>[vc_row gap=\u00bb35&#8243; equal_height=\u00bbyes\u00bb content_placement=\u00bbmiddle\u00bb css=\u00bb.vc_custom_1585221228072{margin-top: 30px !important;}\u00bb][vc_column width=\u00bb1\/2&#8243;][vc_gallery type=\u00bbflexslider_slide\u00bb interval=\u00bb3&#8243; images=\u00bb10657,10571&#8243; img_size=\u00bbfull\u00bb][\/vc_column][vc_column width=\u00bb1\/2&#8243;][vc_column_text]<\/p>\n<h3 style=\"text-align: left;\">Implantaci\u00f3n de Electricidad<\/h3>\n<p style=\"text-align: left;\">Implantaci\u00f3n de Electricidad. Primera promoci\u00f3n con 14 alumnos y Julio Busto Chill\u00f3n como primer profesor.<\/p>\n<p>[\/vc_column_text][\/vc_column][\/vc_row]<\/p>\n<\/div>\t\t\t<\/div>\n\n\t\t\t\t<\/div>\n\t\t\t\n\t\t<div class=\"wpostahs-slider-nav-content\">\n\t\t<h2 class=\"wpostahs-centent-title\">1962<\/h2>\n\t\t\t<div class=\"wpostahs-centent\">\n\t\t\t\t<div class=\"wpb-content-wrapper\"><p>[vc_row gap=\u00bb35&#8243; equal_height=\u00bbyes\u00bb content_placement=\u00bbmiddle\u00bb css=\u00bb.vc_custom_1585221033818{margin-top: 30px !important;}\u00bb][vc_column width=\u00bb1\/2&#8243;][vc_single_image image=\u00bb10625&#8243; img_size=\u00bbfull\u00bb onclick=\u00bblink_image\u00bb][\/vc_column][vc_column width=\u00bb1\/2&#8243;][vc_column_text]<\/p>\n<h3 style=\"text-align: left;\">Inauguraci\u00f3n de Iniciaci\u00f3n Profesional<\/h3>\n<p><span style=\"font-weight: 400;\">Inauguraci\u00f3n de la Iniciaci\u00f3n Profesional. Las clases con la 1\u00aa promoci\u00f3n comenzaron en Enero.<\/span>[\/vc_column_text][\/vc_column][\/vc_row]<\/p>\n<\/div>\t\t\t<\/div>\n\n\t\t\t\t<\/div>\n\t\t\t\n\t\t<div class=\"wpostahs-slider-nav-content\">\n\t\t<h2 class=\"wpostahs-centent-title\">1962<\/h2>\n\t\t\t<div class=\"wpostahs-centent\">\n\t\t\t\t<div class=\"wpb-content-wrapper\"><p>[vc_row gap=\u00bb35&#8243; equal_height=\u00bbyes\u00bb content_placement=\u00bbmiddle\u00bb css=\u00bb.vc_custom_1585221228072{margin-top: 30px !important;}\u00bb][vc_column width=\u00bb1\/4&#8243;][\/vc_column][vc_column width=\u00bb1\/2&#8243;][vc_column_text]<\/p>\n<h3 style=\"text-align: center;\">Primeros licenciados en Oficial\u00eda y Maestr\u00eda<\/h3>\n<p style=\"text-align: center;\">Terminan sus estudios los alumnos que realizaron por primera vez cinco cursos acad\u00e9micos, tres de Oficial\u00eda y dos de Maestr\u00eda.<\/p>\n<p>[\/vc_column_text][\/vc_column][vc_column width=\u00bb1\/4&#8243;][\/vc_column][\/vc_row]<\/p>\n<\/div>\t\t\t<\/div>\n\n\t\t\t\t<\/div>\n\t\t\t\n\t\t<div class=\"wpostahs-slider-nav-content\">\n\t\t<h2 class=\"wpostahs-centent-title\">1963<\/h2>\n\t\t\t<div class=\"wpostahs-centent\">\n\t\t\t\t<div class=\"wpb-content-wrapper\"><p>[vc_row gap=\u00bb35&#8243; equal_height=\u00bbyes\u00bb content_placement=\u00bbmiddle\u00bb css=\u00bb.vc_custom_1585221228072{margin-top: 30px !important;}\u00bb][vc_column width=\u00bb1\/2&#8243;][vc_gallery type=\u00bbflexslider_slide\u00bb interval=\u00bb3&#8243; images=\u00bb11079,11082&#8243; img_size=\u00bbfull\u00bb][\/vc_column][vc_column width=\u00bb1\/2&#8243;][vc_column_text]<\/p>\n<h3 style=\"text-align: left;\">Implantaci\u00f3n de Electr\u00f3nica<\/h3>\n<p><span style=\"font-weight: 400;\">Pioneros en el Estado. En las fotos aparecen la primera promoci\u00f3n de diurnos y la primera promoci\u00f3n de nocturnos.<\/span>[\/vc_column_text][\/vc_column][\/vc_row]<\/p>\n<\/div>\t\t\t<\/div>\n\n\t\t\t\t<\/div>\n\t\t\t\n\t\t<div class=\"wpostahs-slider-nav-content\">\n\t\t<h2 class=\"wpostahs-centent-title\">1965<\/h2>\n\t\t\t<div class=\"wpostahs-centent\">\n\t\t\t\t<div class=\"wpb-content-wrapper\"><p>[vc_row gap=\u00bb35&#8243; equal_height=\u00bbyes\u00bb content_placement=\u00bbmiddle\u00bb css=\u00bb.vc_custom_1585221033818{margin-top: 30px !important;}\u00bb][vc_column width=\u00bb1\/2&#8243;][vc_single_image image=\u00bb10577&#8243; img_size=\u00bbfull\u00bb onclick=\u00bblink_image\u00bb][\/vc_column][vc_column width=\u00bb1\/2&#8243;][vc_column_text]<\/p>\n<h3 style=\"text-align: left;\">Implantaci\u00f3n de Delineaci\u00f3n<\/h3>\n<p style=\"text-align: left;\">(Concedida por OM de 20\/11\/1965). En la foto aparece la primera promoci\u00f3n.<\/p>\n<p>[\/vc_column_text][\/vc_column][\/vc_row]<\/p>\n<\/div>\t\t\t<\/div>\n\n\t\t\t\t<\/div>\n\t\t\t\n\t\t<div class=\"wpostahs-slider-nav-content\">\n\t\t<h2 class=\"wpostahs-centent-title\">1968<\/h2>\n\t\t\t<div class=\"wpostahs-centent\">\n\t\t\t\t<div class=\"wpb-content-wrapper\"><p>[vc_row gap=\u00bb35&#8243; equal_height=\u00bbyes\u00bb content_placement=\u00bbmiddle\u00bb css=\u00bb.vc_custom_1585221033818{margin-top: 30px !important;}\u00bb][vc_column width=\u00bb1\/2&#8243;][vc_single_image image=\u00bb10568&#8243; img_size=\u00bbfull\u00bb onclick=\u00bblink_image\u00bb][\/vc_column][vc_column width=\u00bb1\/2&#8243;][vc_column_text]<\/p>\n<h3 style=\"text-align: left;\">Comienzo de clases de Micromec\u00e1nica<\/h3>\n<p style=\"text-align: left;\">(OM 27\/06\/1968, BOE 25\/07\/1968). Especialidad \u00fanica en todo el Estado. Para ello el director Ormaechea y el subdirector Larra\u00f1aga ayudados por el profesor de Cluses (Francia) Edmond Coudert contactan en Besan\u00e7on con el ingeniero Robert Blaise para hacerse cargo de la puesta en marcha y las clases de Micromec\u00e1nica.<\/p>\n<p>[\/vc_column_text][\/vc_column][\/vc_row]<\/p>\n<\/div>\t\t\t<\/div>\n\n\t\t\t\t<\/div>\n\t\t\t\n\t\t<div class=\"wpostahs-slider-nav-content\">\n\t\t<h2 class=\"wpostahs-centent-title\">1972<\/h2>\n\t\t\t<div class=\"wpostahs-centent\">\n\t\t\t\t<div class=\"wpb-content-wrapper\"><p>[vc_row gap=\u00bb35&#8243; equal_height=\u00bbyes\u00bb content_placement=\u00bbmiddle\u00bb css=\u00bb.vc_custom_1585221033818{margin-top: 30px !important;}\u00bb][vc_column width=\u00bb1\/2&#8243;][vc_single_image image=\u00bb10544&#8243; img_size=\u00bbfull\u00bb onclick=\u00bblink_image\u00bb][\/vc_column][vc_column width=\u00bb1\/2&#8243;][vc_column_text]<\/p>\n<h3 style=\"text-align: left;\">Primeras mujeres<\/h3>\n<p style=\"text-align: left;\">Las mujeres ingresan por primera vez en Armeria Eskola. Se matriculan en Delineaci\u00f3n Industrial.<\/p>\n<p>[\/vc_column_text][\/vc_column][\/vc_row]<\/p>\n<\/div>\t\t\t<\/div>\n\n\t\t\t\t<\/div>\n\t<\/div>\t\t\t<\/div>\r\n\t\t<\/div>\r\n\t\t[\/vc_column_text][vc_column_text][\/vc_column_text][\/vc_column_inner][\/vc_row_inner][\/vc_column][\/vc_row][vc_row full_width=\u00bbstretch_row\u00bb el_id=\u00bbondo-egindako-lana\u00bb css=\u00bb.vc_custom_1603101295784{margin-top: 0px !important;margin-bottom: 0px !important;background-color: #f2f2f2 !important;}\u00bb el_class=\u00bbcajagris2&#8243;][vc_column][vc_empty_space height=\u00bb30px\u00bb][vc_row_inner css=\u00bb.vc_custom_1579985445581{background-position: 0 0 !important;background-repeat: no-repeat !important;}\u00bb][vc_column_inner width=\u00bb1\/4&#8243;][\/vc_column_inner][vc_column_inner width=\u00bb1\/2&#8243;][vc_single_image image=\u00bb9420&#8243; img_size=\u00bbfull\u00bb alignment=\u00bbcenter\u00bb css=\u00bb.vc_custom_1579985416378{margin-bottom: 0px !important;padding-bottom: 0px !important;}\u00bb]<div class=\"thim-widget-heading template-base\"><div class=\"sc_heading  text-center\"><h2 style=\"color:#a12e33;font-size:35px;font-weight:700;font-style:normal;\" class=\"title\">Ondo Egindako Lana<\/h2><span style=\"background-color:#a12e33\" class=\"line\"><\/span><\/div><\/div>[vc_column_text el_class=\u00bbtextocentro\u00bb]<\/p>\n<p style=\"text-align: center;\">Ondo Egindako Lana es un foro que recoge ideas y reflexiones extra\u00eddas de conversaciones con profesionales de diversos \u00e1mbitos. Armeria Eskola pretende compartir estas reflexiones, transmitiendo a la sociedad las claves y los valores extra\u00eddos de las experiencias y de los trabajos realizados por estos profesionales y expertos.<\/p>\n<p>[\/vc_column_text][\/vc_column_inner][vc_column_inner width=\u00bb1\/4&#8243;][\/vc_column_inner][\/vc_row_inner][\/vc_column][\/vc_row][vc_row full_width=\u00bbstretch_row\u00bb disable_element=\u00bbyes\u00bb css=\u00bb.vc_custom_1674213893102{margin-top: 0px !important;margin-bottom: 0px !important;background-color: #f2f2f2 !important;}\u00bb el_class=\u00bbsariak2&#8243;][vc_column][vc_column_text el_class=\u00bbsariak\u00bb]\t\t<div class=\"wpostahs-slider-wrp \" data-conf=\"{&quot;dots&quot;:&quot;true&quot;,&quot;arrows&quot;:&quot;true&quot;,&quot;loop&quot;:&quot;true&quot;,&quot;autoplay&quot;:&quot;true&quot;,&quot;autoplayInterval&quot;:&quot;5000&quot;,&quot;speed&quot;:&quot;500&quot;,&quot;fade&quot;:&quot;false&quot;,&quot;rtl&quot;:&quot;false&quot;,&quot;centermode&quot;:&quot;false&quot;,&quot;slidestoshow&quot;:&quot;3&quot;,&quot;lazyload&quot;:&quot;&quot;}\">\r\n\t\t\t<div class=\"wpostahs-slider wpostahs-slider-inner-wrp wpostahs-slider-design-1\">\r\n\t\t\t\t\n<div id=\"wpostahs-slider-nav-2\" class=\"wpostahs-slider-nav-2 wpostahs-slider-nav wpostahs-slick-slider\" data-slider-nav-for='wpostahs-slider-for-2'>\n\t\n\t\t<div class=\"wpostahs-slider-nav-title\">\n\t\t\t<div class=\"wpostahs-main-title\">\n\t\t\tAlex Bengoa\t\t\t<\/div>\n\t\t<\/div>\n\t\n\t\t<div class=\"wpostahs-slider-nav-title\">\n\t\t\t<div class=\"wpostahs-main-title\">\n\t\t\tUxue Barcos, Fernando Sagastigutxia, Elkar\t\t\t<\/div>\n\t\t<\/div>\n\t\n\t\t<div class=\"wpostahs-slider-nav-title\">\n\t\t\t<div class=\"wpostahs-main-title\">\n\t\t\tEusko Ikaskuntza, Mariano Ferrer, Jose Luis Elkoro\t\t\t<\/div>\n\t\t<\/div>\n\t\n\t\t<div class=\"wpostahs-slider-nav-title\">\n\t\t\t<div class=\"wpostahs-main-title\">\n\t\t\tAbel Barrioa, Juango Alvarez, Xabier Amuriza\t\t\t<\/div>\n\t\t<\/div>\n\t\n\t\t<div class=\"wpostahs-slider-nav-title\">\n\t\t\t<div class=\"wpostahs-main-title\">\n\t\t\tJavier Egurrola, Juan Mari Torreladai, Antonio Cancelo\t\t\t<\/div>\n\t\t<\/div>\n\t\n\t\t<div class=\"wpostahs-slider-nav-title\">\n\t\t\t<div class=\"wpostahs-main-title\">\n\t\t\tAitor Gorosabel, Manuel Iraolagoitia, Gaizka Garitano\t\t\t<\/div>\n\t\t<\/div>\n\t<\/div>\n\n<div class=\"wpostahs-slider-for-2 wpostahs-slider-for wpostahs-slick-slider\">\n\t\t\t<div class=\"wpostahs-slider-nav-content\">\n\t\t\t<h2 class=\"wpostahs-centent-title\">Alex Bengoa<\/h2>\n\t\t\t<div class=\"wpostahs-centent\">\n\t\t\t\t<div class=\"wpb-content-wrapper\"><p>[vc_row][vc_column width=\u00bb1\/3&#8243;][\/vc_column][vc_column width=\u00bb1\/3&#8243;][\/vc_column][vc_column width=\u00bb1\/3&#8243;][interective_banner effects=\u00bbeffect-goliath\u00bb descsize=\u00bb12&#8243; clr=\u00bb#ffffff\u00bb titlesizembl=\u00bb18&#8243; descsizmbl=\u00bb12&#8243; image_id=\u00bb20708&#8243; height=\u00bb400&#8243; title=\u00bbALEX BENGOA<\/p>\n<p>14 de diciembre de 2021<\/p>\n<p>\u00bb desc=\u00bbPor ser una gran persona, por su trayectoria profesional y por el trabajo realizado al frente de Tekniker, convirti\u00e9ndolo en uno de los centros tecnol\u00f3gicos europeos m\u00e1s prestigiosos. Por su aportaci\u00f3n a la formaci\u00f3n profesional y en especial a Armeria Eskola. El reconocimiento p\u00f3stumo se realiz\u00f3 el pasado 14 de diciembre de 2021 en Armeria Eskola, en compa\u00f1\u00eda de sus familiares y amigos.\u00bb bgclr=\u00bb#000000&#8243; imgsizmbl=\u00bb400&#8243; caption_url=\u00bb\u00bb][\/vc_column][\/vc_row]<\/p>\n<\/div>\t\t\t<\/div>\n\t\t<\/div>\n\t\t\t<div class=\"wpostahs-slider-nav-content\">\n\t\t\t<h2 class=\"wpostahs-centent-title\">Uxue Barcos, Fernando Sagastigutxia, Elkar<\/h2>\n\t\t\t<div class=\"wpostahs-centent\">\n\t\t\t\t<div class=\"wpb-content-wrapper\"><p>[vc_row][vc_column width=\u00bb1\/3&#8243;][interective_banner effects=\u00bbeffect-goliath\u00bb descsize=\u00bb12&#8243; clr=\u00bb#ffffff\u00bb titlesizembl=\u00bb18&#8243; descsizmbl=\u00bb12&#8243; image_id=\u00bb10162&#8243; height=\u00bb400&#8243; title=\u00bbUXUE BARKOS BERRUEZO<\/p>\n<p>20 de enero de 2020<\/p>\n<p>\u00bb desc=\u00bbPor su trayectoria como periodista, pol\u00edtico y lehendakari de Navarra, por demostrar que otra forma de hacer pol\u00edtica es posible y por basar su trabajo en valores. En la charla con Uxue Barkos tuvimos tambi\u00e9n a Xabier Lapitz, licenciado en Ciencias de la Informaci\u00f3n, periodista y amigo \u00edntimo de Uxue.\u00bb bgclr=\u00bb#000000&#8243; imgsizmbl=\u00bb400&#8243; caption_url=\u00bb\u00bb][\/vc_column][vc_column width=\u00bb1\/3&#8243;][interective_banner effects=\u00bbeffect-goliath\u00bb descsize=\u00bb12&#8243; clr=\u00bb#ffffff\u00bb titlesizembl=\u00bb18&#8243; descsizmbl=\u00bb12&#8243; image_id=\u00bb11598&#8243; height=\u00bb400&#8243; title=\u00bbFERNANDO SAGASTIGUTXIA LEKUNBERRI<\/p>\n<p>7 de junio de 2019<\/p>\n<p>\u00bb desc=\u00bbPor ser un gran maestro, por los valores demostrados a lo largo de toda su vida, por su especial dedicaci\u00f3n al alumnado y en especial por su profesionalidad. El reconocimiento p\u00f3stumo se realiz\u00f3 en la sesi\u00f3n de fin de curso en Armeria Eskola.\u00bb bgclr=\u00bb#000000&#8243; imgsizmbl=\u00bb400&#8243; caption_url=\u00bb\u00bb][\/vc_column][vc_column width=\u00bb1\/3&#8243;][interective_banner effects=\u00bbeffect-goliath\u00bb descsize=\u00bb12&#8243; clr=\u00bb#ffffff\u00bb titlesizembl=\u00bb18&#8243; descsizmbl=\u00bb12&#8243; image_id=\u00bb10156&#8243; height=\u00bb400&#8243; title=\u00bbELKAR FUNDAZIOA<\/p>\n<p>11 de febrero de 2019<\/p>\n<p>\u00bb desc=\u00bbPor su car\u00e1cter y modelo de empresa, por poner la econom\u00eda al servicio de la cultura, por impulsar el euskera y la cultura vasca, por realizar una gesti\u00f3n paritaria y por los objetivos logrados en los \u00faltimos a\u00f1os. En la charla celebrada en Armeria Eskola, estuvimos acompa\u00f1ados por Joxe Mari Sors y Jon Jaka, de Elkar; Markel Olano, Diputado General de Gipuzkoa, y el euskatzale Joan Mari Torrealdai.\u00bb bgclr=\u00bb#000000&#8243; imgsizmbl=\u00bb400&#8243; caption_url=\u00bb\u00bb][\/vc_column][\/vc_row]<\/p>\n<\/div>\t\t\t<\/div>\n\t\t<\/div>\n\t\t\t<div class=\"wpostahs-slider-nav-content\">\n\t\t\t<h2 class=\"wpostahs-centent-title\">Eusko Ikaskuntza, Mariano Ferrer, Jose Luis Elkoro<\/h2>\n\t\t\t<div class=\"wpostahs-centent\">\n\t\t\t\t<div class=\"wpb-content-wrapper\"><p>[vc_row][vc_column width=\u00bb1\/3&#8243;][interective_banner effects=\u00bbeffect-goliath\u00bb descsize=\u00bb12&#8243; clr=\u00bb#ffffff\u00bb titlesizembl=\u00bb18&#8243; descsizmbl=\u00bb12&#8243; image_id=\u00bb10153&#8243; height=\u00bb400&#8243; title=\u00bbEUSKO IKASKUNTZA<\/p>\n<p>18 de junio de 2018<\/p>\n<p>\u00bb desc=\u00bbEn su centenario, para agradecer la valiosa aportaci\u00f3n que la instituci\u00f3n creada en 1918 por las Diputaciones Forales de \u00c1lava, Bizkaia, Gipuzkoa y Navarra ha hecho a Euskal Herria. I\u00f1aki Dorronsoro, presidente de Eusko Ikaskuntza, Xabier Alkorta, presidente de la Comisi\u00f3n del Centenario y la periodista Pilar Kaltzada analizaron los retos actuales y futuros de la sociedad vasca.\u00bb bgclr=\u00bb#000000&#8243; imgsizmbl=\u00bb400&#8243; caption_url=\u00bb\u00bb][\/vc_column][vc_column width=\u00bb1\/3&#8243;][interective_banner effects=\u00bbeffect-goliath\u00bb descsize=\u00bb12&#8243; clr=\u00bb#ffffff\u00bb titlesizembl=\u00bb18&#8243; descsizmbl=\u00bb12&#8243; image_id=\u00bb10150&#8243; height=\u00bb400&#8243; title=\u00bbMARIANO FERRER<\/p>\n<p>1 de febrero de 2018<\/p>\n<p>\u00bb desc=\u00bbPeriodista, vicedirector de Herri Irratia y primer director del diario Egin.<br \/>\nPor su honestidad, rigor e independencia pol\u00edtica. Charlando con Mariano tuvimos en Armeria Eskola a Martxelo Otamendi, director de Berria, compa\u00f1ero de trabajo y amigo \u00edntimo de Mariano.\u00bb bgclr=\u00bb#000000&#8243; imgsizmbl=\u00bb400&#8243; caption_url=\u00bb\u00bb][\/vc_column][vc_column width=\u00bb1\/3&#8243;][interective_banner effects=\u00bbeffect-goliath\u00bb descsize=\u00bb12&#8243; clr=\u00bb#ffffff\u00bb titlesizembl=\u00bb18&#8243; descsizmbl=\u00bb12&#8243; image_id=\u00bb10147&#8243; height=\u00bb400&#8243; title=\u00bbJOS\u00c9 LUIS ELKORO<\/p>\n<p>8 de noviembre de 2017<\/p>\n<p>\u00bb desc=\u00bbEuskaltzale y pol\u00edtico. Por el esfuerzo y el trabajo realizado para euskaldunizar el mundo laboral, especialmente en su empresa Elay. El reconocimiento se le concedi\u00f3 en las jornadas HIZKELAN organizadas conjuntamente entre Laneki y Armeria Eskola.\u00bb bgclr=\u00bb#000000&#8243; imgsizmbl=\u00bb400&#8243; caption_url=\u00bb\u00bb][\/vc_column][\/vc_row]<\/p>\n<\/div>\t\t\t<\/div>\n\t\t<\/div>\n\t\t\t<div class=\"wpostahs-slider-nav-content\">\n\t\t\t<h2 class=\"wpostahs-centent-title\">Abel Barrioa, Juango Alvarez, Xabier Amuriza<\/h2>\n\t\t\t<div class=\"wpostahs-centent\">\n\t\t\t\t<div class=\"wpb-content-wrapper\"><p>[vc_row][vc_column width=\u00bb1\/3&#8243;][interective_banner effects=\u00bbeffect-goliath\u00bb descsize=\u00bb12&#8243; clr=\u00bb#ffffff\u00bb titlesizembl=\u00bb18&#8243; descsizmbl=\u00bb12&#8243; image_id=\u00bb10186&#8243; height=\u00bb400&#8243; title=\u00bbABEL BARRIOLA<\/p>\n<p>12 de septiembre de 2017<\/p>\n<p>\u00bb desc=\u00bbPor ser el pelotari que m\u00e1s corazones ha ganado entre los aficionados a la pelota vasca y por sus valores humanos. Joseba Urkiola, periodista de ETB, compatriota y amigo, fue el interlocutor del programa en la que ambos charlaron sobre sus experiencias y sus vivencias.\u00bb bgclr=\u00bb#000000&#8243; imgsizmbl=\u00bb400&#8243; caption_url=\u00bb\u00bb][\/vc_column][vc_column width=\u00bb1\/3&#8243;][interective_banner effects=\u00bbeffect-goliath\u00bb descsize=\u00bb12&#8243; clr=\u00bb#ffffff\u00bb titlesizembl=\u00bb18&#8243; descsizmbl=\u00bb12&#8243; image_id=\u00bb10183&#8243; height=\u00bb400&#8243; title=\u00bbJUANJO ALVAREZ RUBIO<\/p>\n<p>1 de febrero de 2017<\/p>\n<p>\u00bb desc=\u00bbCatedr\u00e1tico de Derecho Internacional, exdirector acad\u00e9mico de la UNED de Bergara y secretario del Instituto de Gobernanza Democr\u00e1tica. Por su amplia actividad en foros nacionales e internacionales y por sus reflexiones compartidas en los medios de comunicaci\u00f3n m\u00e1s prestigiosos. Juanjo \u00c1lvarez y el txistulari Jos\u00e9 Ignacio Ansorena charlaron sobre la buena gobernanza, el humanismo, el derecho, la ingenier\u00eda social y sobre nuestro futuro.\u00bb bgclr=\u00bb#000000&#8243; imgsizmbl=\u00bb400&#8243; caption_url=\u00bb\u00bb][\/vc_column][vc_column width=\u00bb1\/3&#8243;][interective_banner effects=\u00bbeffect-goliath\u00bb descsize=\u00bb12&#8243; clr=\u00bb#ffffff\u00bb titlesizembl=\u00bb18&#8243; descsizmbl=\u00bb12&#8243; image_id=\u00bb10180&#8243; height=\u00bb400&#8243; title=\u00bbXABIER AMURIZA<\/p>\n<p>2 de diciembre de 2016<\/p>\n<p>\u00bb desc=\u00bbPor el trabajo, esfuerzo y aportaci\u00f3n que el gran impulsor y agente de la cultura vasca ha ofrecido a nuestro Pueblo. Acompa\u00f1ado por la bertsolari Maialen Lujanbio, tuvimos la oportunidad de charlar sobre su trayectoria y de reflexionar sobre el futuro de nuestro Pueblo.\u00bb bgclr=\u00bb#000000&#8243; imgsizmbl=\u00bb400&#8243; caption_url=\u00bb\u00bb][\/vc_column][\/vc_row]<\/p>\n<\/div>\t\t\t<\/div>\n\t\t<\/div>\n\t\t\t<div class=\"wpostahs-slider-nav-content\">\n\t\t\t<h2 class=\"wpostahs-centent-title\">Javier Egurrola, Juan Mari Torreladai, Antonio Cancelo<\/h2>\n\t\t\t<div class=\"wpostahs-centent\">\n\t\t\t\t<div class=\"wpb-content-wrapper\"><p>[vc_row][vc_column width=\u00bb1\/3&#8243;][interective_banner effects=\u00bbeffect-goliath\u00bb descsize=\u00bb12&#8243; clr=\u00bb#ffffff\u00bb titlesizembl=\u00bb18&#8243; descsizmbl=\u00bb12&#8243; image_id=\u00bb11107&#8243; height=\u00bb400&#8243; title=\u00bbJAVIER EGURROLA, NATI GARC\u00cdA Y F. JAVIER PE\u00d1A<\/p>\n<p>6 de mayo de 2016&#8243; desc=\u00bbPor sus trayectorias y su af\u00e1n de emprendizaje demostrados respectivamente en Pierburg, Dinitel y Gaindu. En Armeria Eskola tuvimos la oportunidad de compartir sus vivencias y reflexionar sobre sus experiencias.\u00bb bgclr=\u00bb#000000&#8243; imgsizmbl=\u00bb400&#8243;][\/vc_column][vc_column width=\u00bb1\/3&#8243;][interective_banner effects=\u00bbeffect-goliath\u00bb descsize=\u00bb12&#8243; clr=\u00bb#ffffff\u00bb titlesizembl=\u00bb18&#8243; descsizmbl=\u00bb12&#8243; image_id=\u00bb10174&#8243; height=\u00bb400&#8243; title=\u00bbJOAN MARI TORREALDAI<\/p>\n<p>1 de marzo de 2016<\/p>\n<p>\u00bb desc=\u00bbPor el inmenso trabajo realizado en la revitalizaci\u00f3n de la cultura vasca y por todo lo aportado a nuestro Pueblo. Conversando sobre su trabajo y su trayectoria y compartiendo reflexiones e inquietudes sobre el futuro de Euskal Herria, estuvo a su lado el lehendakari Juan Jos\u00e9 Ibarretxe.\u00bb bgclr=\u00bb#000000&#8243; imgsizmbl=\u00bb400&#8243; caption_url=\u00bb\u00bb][\/vc_column][vc_column width=\u00bb1\/3&#8243;][interective_banner effects=\u00bbeffect-goliath\u00bb descsize=\u00bb12&#8243; clr=\u00bb#ffffff\u00bb titlesizembl=\u00bb18&#8243; descsizmbl=\u00bb12&#8243; image_id=\u00bb10171&#8243; height=\u00bb400&#8243; title=\u00bbANTONIO CANCELO<\/p>\n<p>25 de enero de 2016&#8243; desc=\u00bbFundador del Grupo Eroski y ex presidente de MCC. Por su trayectoria cooperativa y su actitud emprendedora.<br \/>\nEl empresario Antonio Cancelo, el consejero \u00c1ngel To\u00f1a y el presidente del Consejo Vasco de Relaciones Laborales, Tom\u00e1s Arrieta, charlaron sobre el modelo de empresa colaborativa y sostenible.\u00bb bgclr=\u00bb#000000&#8243; imgsizmbl=\u00bb400&#8243;][\/vc_column][\/vc_row]<\/p>\n<\/div>\t\t\t<\/div>\n\t\t<\/div>\n\t\t\t<div class=\"wpostahs-slider-nav-content\">\n\t\t\t<h2 class=\"wpostahs-centent-title\">Aitor Gorosabel, Manuel Iraolagoitia, Gaizka Garitano<\/h2>\n\t\t\t<div class=\"wpostahs-centent\">\n\t\t\t\t<div class=\"wpb-content-wrapper\"><p>[vc_row el_class=\u00bbsariak2&#8243;][vc_column width=\u00bb1\/3&#8243;][interective_banner effects=\u00bbeffect-goliath\u00bb descsize=\u00bb12&#8243; clr=\u00bb#ffffff\u00bb titlesizembl=\u00bb18&#8243; descsizmbl=\u00bb12&#8243; image_id=\u00bb10168&#8243; height=\u00bb400&#8243; title=\u00bbAITOR GOROSABEL Y JAGOBA ARRASATE<\/p>\n<p>19 de octubre de 2015<\/p>\n<p>\u00bb desc=\u00bbPor sus trayectorias y sus valores humanos, bien en el \u00e1mbito musical, bien en el futbol\u00edstico. Ambos compartieron sus reflexiones y experiencias profesionales en una charla que tuvo lugar en Armeria Eskola el 19 de octubre del 2015.\u00bb bgclr=\u00bb#000000&#8243; imgsizmbl=\u00bb400&#8243; caption_url=\u00bb\u00bb][\/vc_column][vc_column width=\u00bb1\/3&#8243;][interective_banner effects=\u00bbeffect-goliath\u00bb descsize=\u00bb12&#8243; clr=\u00bb#ffffff\u00bb titlesizembl=\u00bb18&#8243; descsizmbl=\u00bb12&#8243; image_id=\u00bb10165&#8243; height=\u00bb400&#8243; title=\u00bbMANUEL IRAOLAGOITIA Y MIGUEL LAZPIUR<\/p>\n<p>12 de mayo de 2015&#8243; desc=\u00bbPor la creaci\u00f3n de empresas industriales que enriquecen la sociedad y por la capacidad demostrada al desarrollar dichas empresas. Ambos empresarios y Sabin Azua, director de B+I ESTRATEGY, conversaron sobre sus experiencias y la necesidad de crear un tejido industrial que impulse el desarrollo social.\u00bb bgclr=\u00bb#000000&#8243; imgsizmbl=\u00bb400&#8243;][\/vc_column][vc_column width=\u00bb1\/3&#8243;][interective_banner effects=\u00bbeffect-goliath\u00bb descsize=\u00bb12&#8243; clr=\u00bb#ffffff\u00bb titlesizembl=\u00bb18&#8243; descsizmbl=\u00bb12&#8243; height=\u00bb400&#8243; desc=\u00bbPor su trayectoria en el Eibar SD, por los resultados obtenidos y, sobre todo, por la ilusi\u00f3n generada en la sociedad. El entrenador Gaizka Garitano Agirre y Joseba Urkiola Irulegi, periodista de ETB, mantuvieron juntos una charla elegante y muy interesante en Armeria Eskola.\u00bb bgclr=\u00bb#000000&#8243; imgsizmbl=\u00bb400&#8243; alt=\u00bbOeL Sariak Gaizka Garitano\u00bb title=\u00bbGAIZKA GARITANO AGIRRE<\/p>\n<p>29 de enero de 2015<\/p>\n<p>\u00bb caption_url=\u00bb\u00bb image_id=\u00bb9573&#8243;][\/vc_column][\/vc_row]<\/p>\n<\/div>\t\t\t<\/div>\n\t\t<\/div>\n\t<\/div><!-- #post-## -->\t\t\t<\/div>\r\n\t\t<\/div>\r\n\t\t[\/vc_column_text][\/vc_column][\/vc_row][vc_row full_width=\u00bbstretch_row\u00bb css=\u00bb.vc_custom_1677585925366{margin-top: 0px !important;margin-bottom: 0px !important;background-color: #f2f2f2 !important;}\u00bb el_class=\u00bbsariak2&#8243;][vc_column][tm_carousel_father spaces=\u00bb20&#8243; slide_visible=\u00bb3&#8243; arrowclr=\u00bb#ffffff\u00bb dot=\u00bbfalse\u00bb arrowbg=\u00bb#0a0a0a\u00bb class=\u00bbondoegindako\u00bb][tm_carousel_son align=\u00bbleft\u00bb image_id=\u00bb20786&#8243; title=\u00bbALEX BENGOA\u00bb titleclr=\u00bb#ffffff\u00bb]<\/p>\n<p style=\"text-align: left;\"><strong>14 de diciembre de 2021<\/strong><\/p>\n<p>&nbsp;<\/p>\n<p style=\"text-align: left; margin-top: 20px!important;\">Por ser una gran persona, por su trayectoria profesional y por el trabajo realizado al frente de Tekniker, convirti\u00e9ndolo en uno de los centros tecnol\u00f3gicos europeos m\u00e1s prestigiosos. Por su aportaci\u00f3n a la formaci\u00f3n profesional y en especial a Armeria Eskola. El reconocimiento p\u00f3stumo se realiz\u00f3 el pasado 14 de diciembre de 2021 en Armeria Eskola, en compa\u00f1\u00eda de sus familiares y amigos.<\/p>\n<p>[\/tm_carousel_son][tm_carousel_son align=\u00bbleft\u00bb image_id=\u00bb10162&#8243; title=\u00bbUXUE BARKOS BERRUEZO\u00bb titleclr=\u00bb#ffffff\u00bb]<\/p>\n<p style=\"text-align: left;\"><strong>20 de enero de 2020<\/strong><\/p>\n<p>&nbsp;<\/p>\n<p style=\"text-align: left; margin-top: 20px!important;\">Por su trayectoria como periodista, pol\u00edtico y lehendakari de Navarra, por demostrar que otra forma de hacer pol\u00edtica es posible y por basar su trabajo en valores. En la charla con Uxue Barkos tuvimos tambi\u00e9n a Xabier Lapitz, licenciado en Ciencias de la Informaci\u00f3n, periodista y amigo \u00edntimo de Uxue.<\/p>\n<p>[\/tm_carousel_son][tm_carousel_son align=\u00bbleft\u00bb image_id=\u00bb11598&#8243; title=\u00bbFERNANDO SAGASTIGUTXIA\u00bb titleclr=\u00bb#ffffff\u00bb]<\/p>\n<p style=\"text-align: left;\"><strong>7 de junio de 2019<\/strong><\/p>\n<p>&nbsp;<\/p>\n<p style=\"text-align: left; margin-top: 20px!important;\">Por ser un gran maestro, por los valores demostrados a lo largo de toda su vida, por su especial dedicaci\u00f3n al alumnado y en especial por su profesionalidad. El reconocimiento p\u00f3stumo se realiz\u00f3 en la sesi\u00f3n de fin de curso en Armeria Eskola.<\/p>\n<p>[\/tm_carousel_son][tm_carousel_son align=\u00bbleft\u00bb image_id=\u00bb10156&#8243; title=\u00bbELKAR FUNDAZIOA\u00bb titleclr=\u00bb#ffffff\u00bb]<\/p>\n<p style=\"text-align: left;\"><strong>11 de febrero de 2019<\/strong><\/p>\n<p>&nbsp;<\/p>\n<p style=\"text-align: left; margin-top: 20px!important;\">Por su car\u00e1cter y modelo de empresa, por poner la econom\u00eda al servicio de la cultura, por impulsar el euskera y la cultura vasca, por realizar una gesti\u00f3n paritaria y por los objetivos logrados en los \u00faltimos a\u00f1os. En la charla celebrada en Armeria Eskola, estuvimos acompa\u00f1ados por Joxe Mari Sors y Jon Jaka, de Elkar; Markel Olano, Diputado General de Gipuzkoa, y el euskatzale Joan Mari Torrealdai.<\/p>\n<p>[\/tm_carousel_son][tm_carousel_son align=\u00bbleft\u00bb image_id=\u00bb10153&#8243; title=\u00bbEUSKO IKASKUNTZA\u00bb titleclr=\u00bb#ffffff\u00bb]<\/p>\n<p style=\"text-align: left;\"><strong>18 de junio de 2018<\/strong><\/p>\n<p>&nbsp;<\/p>\n<p style=\"text-align: left; margin-top: 20px!important;\">En su centenario, para agradecer la valiosa aportaci\u00f3n que la instituci\u00f3n creada en 1918 por las Diputaciones Forales de \u00c1lava, Bizkaia, Gipuzkoa y Navarra ha hecho a Euskal Herria. I\u00f1aki Dorronsoro, presidente de Eusko Ikaskuntza, Xabier Alkorta, presidente de la Comisi\u00f3n del Centenario y la periodista Pilar Kaltzada analizaron los retos actuales y futuros de la sociedad vasca.<\/p>\n<p>[\/tm_carousel_son][tm_carousel_son align=\u00bbleft\u00bb image_id=\u00bb10150&#8243; title=\u00bbMARIANO FERRER\u00bb titleclr=\u00bb#ffffff\u00bb]<\/p>\n<p style=\"text-align: left;\"><strong>1 de febrero de 2018<\/strong><\/p>\n<p>&nbsp;<\/p>\n<p style=\"text-align: left; margin-top: 20px!important;\">Periodista, vicedirector de Herri Irratia y primer director del diario Egin. Por su honestidad, rigor e independencia pol\u00edtica. Charlando con Mariano tuvimos en Armeria Eskola a Martxelo Otamendi, director de Berria, compa\u00f1ero de trabajo y amigo \u00edntimo de Mariano.<\/p>\n<p>[\/tm_carousel_son][tm_carousel_son align=\u00bbleft\u00bb image_id=\u00bb10147&#8243; title=\u00bbJOS\u00c9 LUIS ELKORO\u00bb titleclr=\u00bb#ffffff\u00bb]<\/p>\n<p style=\"text-align: left;\"><strong>8 de noviembre de 2017<\/strong><\/p>\n<p>&nbsp;<\/p>\n<p style=\"text-align: left; margin-top: 20px!important;\">Euskaltzale y pol\u00edtico. Por el esfuerzo y el trabajo realizado para euskaldunizar el mundo laboral, especialmente en su empresa Elay. El reconocimiento se le concedi\u00f3 en las jornadas HIZKELAN organizadas conjuntamente entre Laneki y Armeria Eskola.<\/p>\n<p>[\/tm_carousel_son][tm_carousel_son align=\u00bbleft\u00bb image_id=\u00bb10186&#8243; title=\u00bbABEL BARRIOLA\u00bb titleclr=\u00bb#ffffff\u00bb]<\/p>\n<p style=\"text-align: left;\"><strong>12 de septiembre de 2017<\/strong><\/p>\n<p>&nbsp;<\/p>\n<p style=\"text-align: left; margin-top: 20px!important;\">Por ser el pelotari que m\u00e1s corazones ha ganado entre los aficionados a la pelota vasca y por sus valores humanos. Joseba Urkiola, periodista de ETB, compatriota y amigo, fue el interlocutor del programa en la que ambos charlaron sobre sus experiencias y sus vivencias.<\/p>\n<p>[\/tm_carousel_son][tm_carousel_son align=\u00bbleft\u00bb image_id=\u00bb10183&#8243; title=\u00bbJUANJO ALVAREZ RUBIO\u00bb titleclr=\u00bb#ffffff\u00bb]<\/p>\n<p style=\"text-align: left;\"><strong>1 de febrero de 2017<\/strong><\/p>\n<p>&nbsp;<\/p>\n<p style=\"text-align: left; margin-top: 20px!important;\">Catedr\u00e1tico de Derecho Internacional, exdirector acad\u00e9mico de la UNED de Bergara y secretario del Instituto de Gobernanza Democr\u00e1tica. Por su amplia actividad en foros nacionales e internacionales y por sus reflexiones compartidas en los medios de comunicaci\u00f3n m\u00e1s prestigiosos. Juanjo \u00c1lvarez y el txistulari Jos\u00e9 Ignacio Ansorena charlaron sobre la buena gobernanza, el humanismo, el derecho, la ingenier\u00eda social y sobre nuestro futuro.<\/p>\n<p>[\/tm_carousel_son][tm_carousel_son align=\u00bbleft\u00bb image_id=\u00bb10180&#8243; title=\u00bbXABIER AMURIZA\u00bb titleclr=\u00bb#ffffff\u00bb]<\/p>\n<p style=\"text-align: left;\"><strong>2 de diciembre de 2016<\/strong><\/p>\n<p>&nbsp;<\/p>\n<p style=\"text-align: left; margin-top: 20px!important;\">Por el trabajo, esfuerzo y aportaci\u00f3n que el gran impulsor y agente de la cultura vasca ha ofrecido a nuestro Pueblo. Acompa\u00f1ado por la bertsolari Maialen Lujanbio, tuvimos la oportunidad de charlar sobre su trayectoria y de reflexionar sobre el futuro de nuestro Pueblo.<\/p>\n<p>[\/tm_carousel_son][tm_carousel_son align=\u00bbleft\u00bb image_id=\u00bb11107&#8243; title=\u00bbJAVIER EGURROLA, NATI GARC\u00cdA Y F. JAVIER PE\u00d1A\u00bb titleclr=\u00bb#ffffff\u00bb]<\/p>\n<p style=\"text-align: left;\"><strong>6 de mayo de 2016<\/strong><\/p>\n<p>&nbsp;<\/p>\n<p style=\"text-align: left; margin-top: -10px!important;\">Por sus trayectorias y su af\u00e1n de emprendizaje demostrados respectivamente en Pierburg, Dinitel y Gaindu. En Armeria Eskola tuvimos la oportunidad de compartir sus vivencias y reflexionar sobre sus experiencias.<\/p>\n<p>[\/tm_carousel_son][tm_carousel_son align=\u00bbleft\u00bb image_id=\u00bb10174&#8243; title=\u00bbJOAN MARI TORREALDAI\u00bb titleclr=\u00bb#ffffff\u00bb]<\/p>\n<p style=\"text-align: left;\"><strong>1 de marzo de 2016<\/strong><\/p>\n<p>&nbsp;<\/p>\n<p style=\"text-align: left; margin-top: 20px!important;\">Por el inmenso trabajo realizado en la revitalizaci\u00f3n de la cultura vasca y por todo lo aportado a nuestro Pueblo. Conversando sobre su trabajo y su trayectoria y compartiendo reflexiones e inquietudes sobre el futuro de Euskal Herria, estuvo a su lado el lehendakari Juan Jos\u00e9 Ibarretxe.<\/p>\n<p>[\/tm_carousel_son][tm_carousel_son align=\u00bbleft\u00bb image_id=\u00bb10171&#8243; title=\u00bbANTONIO CANCELO\u00bb titleclr=\u00bb#ffffff\u00bb]<\/p>\n<p style=\"text-align: left;\"><strong>25 de enero de 2016<\/strong><\/p>\n<p>&nbsp;<\/p>\n<p style=\"text-align: left; margin-top: 20px!important;\">Fundador del Grupo Eroski y ex presidente de MCC. Por su trayectoria cooperativa y su actitud emprendedora. El empresario Antonio Cancelo, el consejero \u00c1ngel To\u00f1a y el presidente del Consejo Vasco de Relaciones Laborales, Tom\u00e1s Arrieta, charlaron sobre el modelo de empresa colaborativa y sostenible.<\/p>\n<p>[\/tm_carousel_son][tm_carousel_son align=\u00bbleft\u00bb image_id=\u00bb10168&#8243; title=\u00bbAITOR GOROSABEL Y JAGOBA ARRASATE\u00bb titleclr=\u00bb#ffffff\u00bb]<\/p>\n<p style=\"text-align: left;\"><strong>19 de octubre de 2015<\/strong><\/p>\n<p>&nbsp;<\/p>\n<p style=\"text-align: left; margin-top: -10px!important;\">Por sus trayectorias y sus valores humanos, bien en el \u00e1mbito musical, bien en el futbol\u00edstico. Ambos compartieron sus reflexiones y experiencias profesionales en una charla que tuvo lugar en Armeria Eskola el 19 de octubre del 2015.<\/p>\n<p>[\/tm_carousel_son][tm_carousel_son align=\u00bbleft\u00bb image_id=\u00bb10165&#8243; title=\u00bbMANUEL IRAOLAGOITIA Y MIGUEL LAZPIUR\u00bb titleclr=\u00bb#ffffff\u00bb]<\/p>\n<p style=\"text-align: left;\"><strong>12 de mayo de 2015<\/strong><\/p>\n<p>&nbsp;<\/p>\n<p style=\"text-align: left; margin-top: -10px!important;\">Por la creaci\u00f3n de empresas industriales que enriquecen la sociedad y por la capacidad demostrada al desarrollar dichas empresas. Ambos empresarios y Sabin Azua, director de B+I ESTRATEGY, conversaron sobre sus experiencias y la necesidad de crear un tejido industrial que impulse el desarrollo social.<\/p>\n<p>[\/tm_carousel_son][tm_carousel_son align=\u00bbleft\u00bb image_id=\u00bb9573&#8243; title=\u00bbGAIZKA GARITANO AGIRRE\u00bb titleclr=\u00bb#ffffff\u00bb]<\/p>\n<p style=\"text-align: left;\"><strong>29 de enero de 2015<\/strong><\/p>\n<p>&nbsp;<\/p>\n<p style=\"text-align: left; margin-top: 20px!important;\">Por su trayectoria en el Eibar SD, por los resultados obtenidos y, sobre todo, por la ilusi\u00f3n generada en la sociedad. El entrenador Gaizka Garitano Agirre y Joseba Urkiola Irulegi, periodista de ETB, mantuvieron juntos una charla elegante y muy interesante en Armeria Eskola.<\/p>\n<p>[\/tm_carousel_son][\/tm_carousel_father][vc_empty_space][\/vc_column][\/vc_row]<\/p>\n<\/div>","protected":false},"excerpt":{"rendered":"<p>[vc_row full_width=\u00bbstretch_row_content\u00bb content_placement=\u00bbmiddle\u00bb css=\u00bb.vc_custom_1603101073757{padding-top: 40px !important;background-color: #e6e6e4 !important;}\u00bb el_id=\u00bbpresentacion\u00bb el_class=\u00bbcajagris1&#8243;][vc_column width=\u00bb1\/2&#8243; css=\u00bb.vc_custom_1582027590625{margin-bottom: 0px !important;padding-bottom: 0px !important;}\u00bb][vc_single_image image=\u00bb10094&#8243; img_size=\u00bbfull\u00bb alignment=\u00bbcenter\u00bb el_class=\u00bbimagenarmeria\u00bb][\/vc_column][vc_column width=\u00bb5\/12&#8243;][vc_row_inner][vc_column_inner][vc_single_image image=\u00bb11696&#8243; img_size=\u00bbfull\u00bb el_class=\u00bbelcentro1 nomovil\u00bb][vc_single_image image=\u00bb9420&#8243; img_size=\u00bbfull\u00bb el_class=\u00bbnomovil\u00bb][vc_custom_heading text=\u00bbArmeria Eskola es un Centro P\u00fablico Integrado de Formaci\u00f3n Profesional. Estamos ubicados &hellip; <\/p>\n","protected":false},"author":1,"featured_media":0,"parent":0,"menu_order":3,"comment_status":"closed","ping_status":"closed","template":"","meta":{"_acf_changed":false,"rs_blank_template":"","rs_page_bg_color":"","slide_template_v7":"","footnotes":""},"class_list":["post-2901","page","type-page","status-publish","hentry"],"acf":[],"yoast_head":"<!-- This site is optimized with the Yoast SEO plugin v27.4 - https:\/\/yoast.com\/product\/yoast-seo-wordpress\/ -->\n<title>El Centro - Principales campos del CIFP Armeria Eskola<\/title>\n<meta name=\"description\" content=\"En este apartado encontrar\u00e1s informaci\u00f3n sobre la escuela, de contacto, reconocimientos al trabajo bien hecho y la de historia de m\u00e1s de 100 a\u00f1os de nuestra escuela\" \/>\n<meta name=\"robots\" content=\"index, follow, max-snippet:-1, max-image-preview:large, max-video-preview:-1\" \/>\n<link rel=\"canonical\" href=\"https:\/\/armeriaeskola.eus\/es\/el-centro\/\" \/>\n<meta property=\"og:locale\" content=\"es_ES\" \/>\n<meta property=\"og:type\" content=\"article\" \/>\n<meta property=\"og:title\" content=\"El Centro - Principales campos del CIFP Armeria Eskola\" \/>\n<meta property=\"og:description\" content=\"En este apartado encontrar\u00e1s informaci\u00f3n sobre la escuela, de contacto, reconocimientos al trabajo bien hecho y la de historia de m\u00e1s de 100 a\u00f1os de nuestra escuela\" \/>\n<meta property=\"og:url\" content=\"https:\/\/armeriaeskola.eus\/es\/el-centro\/\" \/>\n<meta property=\"og:site_name\" content=\"Armeria Eskola\" \/>\n<meta property=\"article:publisher\" content=\"https:\/\/www.facebook.com\/armeriaeskola\" \/>\n<meta property=\"article:modified_time\" content=\"2025-06-18T15:46:37+00:00\" \/>\n<meta name=\"twitter:card\" content=\"summary_large_image\" \/>\n<meta name=\"twitter:site\" content=\"@ArmeriaEskola\" \/>\n<meta name=\"twitter:label1\" content=\"Tiempo de lectura\" \/>\n\t<meta name=\"twitter:data1\" content=\"17 minutos\" \/>\n<script type=\"application\/ld+json\" class=\"yoast-schema-graph\">{\"@context\":\"https:\\\/\\\/schema.org\",\"@graph\":[{\"@type\":\"WebPage\",\"@id\":\"https:\\\/\\\/armeriaeskola.eus\\\/es\\\/el-centro\\\/\",\"url\":\"https:\\\/\\\/armeriaeskola.eus\\\/es\\\/el-centro\\\/\",\"name\":\"El Centro - Principales campos del CIFP Armeria Eskola\",\"isPartOf\":{\"@id\":\"https:\\\/\\\/armeriaeskola.eus\\\/#website\"},\"datePublished\":\"2015-11-18T07:34:00+00:00\",\"dateModified\":\"2025-06-18T15:46:37+00:00\",\"description\":\"En este apartado encontrar\u00e1s informaci\u00f3n sobre la escuela, de contacto, reconocimientos al trabajo bien hecho y la de historia de m\u00e1s de 100 a\u00f1os de nuestra escuela\",\"breadcrumb\":{\"@id\":\"https:\\\/\\\/armeriaeskola.eus\\\/es\\\/el-centro\\\/#breadcrumb\"},\"inLanguage\":\"es\",\"potentialAction\":[{\"@type\":\"ReadAction\",\"target\":[\"https:\\\/\\\/armeriaeskola.eus\\\/es\\\/el-centro\\\/\"]}]},{\"@type\":\"BreadcrumbList\",\"@id\":\"https:\\\/\\\/armeriaeskola.eus\\\/es\\\/el-centro\\\/#breadcrumb\",\"itemListElement\":[{\"@type\":\"ListItem\",\"position\":1,\"name\":\"Portada\",\"item\":\"https:\\\/\\\/armeriaeskola.eus\\\/es\\\/\"},{\"@type\":\"ListItem\",\"position\":2,\"name\":\"El centro\"}]},{\"@type\":\"WebSite\",\"@id\":\"https:\\\/\\\/armeriaeskola.eus\\\/#website\",\"url\":\"https:\\\/\\\/armeriaeskola.eus\\\/\",\"name\":\"Armeria Eskola\",\"description\":\"Centro Integral P\u00fablico de Formaci\u00f3n Profesional\",\"publisher\":{\"@id\":\"https:\\\/\\\/armeriaeskola.eus\\\/#organization\"},\"potentialAction\":[{\"@type\":\"SearchAction\",\"target\":{\"@type\":\"EntryPoint\",\"urlTemplate\":\"https:\\\/\\\/armeriaeskola.eus\\\/?s={search_term_string}\"},\"query-input\":{\"@type\":\"PropertyValueSpecification\",\"valueRequired\":true,\"valueName\":\"search_term_string\"}}],\"inLanguage\":\"es\"},{\"@type\":\"Organization\",\"@id\":\"https:\\\/\\\/armeriaeskola.eus\\\/#organization\",\"name\":\"Armeria Eskola\",\"url\":\"https:\\\/\\\/armeriaeskola.eus\\\/\",\"logo\":{\"@type\":\"ImageObject\",\"inLanguage\":\"es\",\"@id\":\"https:\\\/\\\/armeriaeskola.eus\\\/#\\\/schema\\\/logo\\\/image\\\/\",\"url\":\"https:\\\/\\\/armeriaeskola.eus\\\/wp-content\\\/uploads\\\/armeria-eskola-youtube1.jpg\",\"contentUrl\":\"https:\\\/\\\/armeriaeskola.eus\\\/wp-content\\\/uploads\\\/armeria-eskola-youtube1.jpg\",\"width\":1000,\"height\":501,\"caption\":\"Armeria Eskola\"},\"image\":{\"@id\":\"https:\\\/\\\/armeriaeskola.eus\\\/#\\\/schema\\\/logo\\\/image\\\/\"},\"sameAs\":[\"https:\\\/\\\/www.facebook.com\\\/armeriaeskola\",\"https:\\\/\\\/x.com\\\/ArmeriaEskola\",\"https:\\\/\\\/www.instagram.com\\\/armeriaeskola\\\/\",\"https:\\\/\\\/www.linkedin.com\\\/company\\\/asociaciondearmeriaeskola\\\/\",\"https:\\\/\\\/www.youtube.com\\\/user\\\/100armeriaeskola\"]}]}<\/script>\n<!-- \/ Yoast SEO plugin. -->","yoast_head_json":{"title":"El Centro - Principales campos del CIFP Armeria Eskola","description":"En este apartado encontrar\u00e1s informaci\u00f3n sobre la escuela, de contacto, reconocimientos al trabajo bien hecho y la de historia de m\u00e1s de 100 a\u00f1os de nuestra escuela","robots":{"index":"index","follow":"follow","max-snippet":"max-snippet:-1","max-image-preview":"max-image-preview:large","max-video-preview":"max-video-preview:-1"},"canonical":"https:\/\/armeriaeskola.eus\/es\/el-centro\/","og_locale":"es_ES","og_type":"article","og_title":"El Centro - Principales campos del CIFP Armeria Eskola","og_description":"En este apartado encontrar\u00e1s informaci\u00f3n sobre la escuela, de contacto, reconocimientos al trabajo bien hecho y la de historia de m\u00e1s de 100 a\u00f1os de nuestra escuela","og_url":"https:\/\/armeriaeskola.eus\/es\/el-centro\/","og_site_name":"Armeria Eskola","article_publisher":"https:\/\/www.facebook.com\/armeriaeskola","article_modified_time":"2025-06-18T15:46:37+00:00","twitter_card":"summary_large_image","twitter_site":"@ArmeriaEskola","twitter_misc":{"Tiempo de lectura":"17 minutos"},"schema":{"@context":"https:\/\/schema.org","@graph":[{"@type":"WebPage","@id":"https:\/\/armeriaeskola.eus\/es\/el-centro\/","url":"https:\/\/armeriaeskola.eus\/es\/el-centro\/","name":"El Centro - Principales campos del CIFP Armeria Eskola","isPartOf":{"@id":"https:\/\/armeriaeskola.eus\/#website"},"datePublished":"2015-11-18T07:34:00+00:00","dateModified":"2025-06-18T15:46:37+00:00","description":"En este apartado encontrar\u00e1s informaci\u00f3n sobre la escuela, de contacto, reconocimientos al trabajo bien hecho y la de historia de m\u00e1s de 100 a\u00f1os de nuestra escuela","breadcrumb":{"@id":"https:\/\/armeriaeskola.eus\/es\/el-centro\/#breadcrumb"},"inLanguage":"es","potentialAction":[{"@type":"ReadAction","target":["https:\/\/armeriaeskola.eus\/es\/el-centro\/"]}]},{"@type":"BreadcrumbList","@id":"https:\/\/armeriaeskola.eus\/es\/el-centro\/#breadcrumb","itemListElement":[{"@type":"ListItem","position":1,"name":"Portada","item":"https:\/\/armeriaeskola.eus\/es\/"},{"@type":"ListItem","position":2,"name":"El centro"}]},{"@type":"WebSite","@id":"https:\/\/armeriaeskola.eus\/#website","url":"https:\/\/armeriaeskola.eus\/","name":"Armeria Eskola","description":"Centro Integral P\u00fablico de Formaci\u00f3n Profesional","publisher":{"@id":"https:\/\/armeriaeskola.eus\/#organization"},"potentialAction":[{"@type":"SearchAction","target":{"@type":"EntryPoint","urlTemplate":"https:\/\/armeriaeskola.eus\/?s={search_term_string}"},"query-input":{"@type":"PropertyValueSpecification","valueRequired":true,"valueName":"search_term_string"}}],"inLanguage":"es"},{"@type":"Organization","@id":"https:\/\/armeriaeskola.eus\/#organization","name":"Armeria Eskola","url":"https:\/\/armeriaeskola.eus\/","logo":{"@type":"ImageObject","inLanguage":"es","@id":"https:\/\/armeriaeskola.eus\/#\/schema\/logo\/image\/","url":"https:\/\/armeriaeskola.eus\/wp-content\/uploads\/armeria-eskola-youtube1.jpg","contentUrl":"https:\/\/armeriaeskola.eus\/wp-content\/uploads\/armeria-eskola-youtube1.jpg","width":1000,"height":501,"caption":"Armeria Eskola"},"image":{"@id":"https:\/\/armeriaeskola.eus\/#\/schema\/logo\/image\/"},"sameAs":["https:\/\/www.facebook.com\/armeriaeskola","https:\/\/x.com\/ArmeriaEskola","https:\/\/www.instagram.com\/armeriaeskola\/","https:\/\/www.linkedin.com\/company\/asociaciondearmeriaeskola\/","https:\/\/www.youtube.com\/user\/100armeriaeskola"]}]}},"_links":{"self":[{"href":"https:\/\/armeriaeskola.eus\/es\/wp-json\/wp\/v2\/pages\/2901","targetHints":{"allow":["GET"]}}],"collection":[{"href":"https:\/\/armeriaeskola.eus\/es\/wp-json\/wp\/v2\/pages"}],"about":[{"href":"https:\/\/armeriaeskola.eus\/es\/wp-json\/wp\/v2\/types\/page"}],"author":[{"embeddable":true,"href":"https:\/\/armeriaeskola.eus\/es\/wp-json\/wp\/v2\/users\/1"}],"replies":[{"embeddable":true,"href":"https:\/\/armeriaeskola.eus\/es\/wp-json\/wp\/v2\/comments?post=2901"}],"version-history":[{"count":39,"href":"https:\/\/armeriaeskola.eus\/es\/wp-json\/wp\/v2\/pages\/2901\/revisions"}],"predecessor-version":[{"id":23377,"href":"https:\/\/armeriaeskola.eus\/es\/wp-json\/wp\/v2\/pages\/2901\/revisions\/23377"}],"wp:attachment":[{"href":"https:\/\/armeriaeskola.eus\/es\/wp-json\/wp\/v2\/media?parent=2901"}],"curies":[{"name":"wp","href":"https:\/\/api.w.org\/{rel}","templated":true}]}}